{"id":3221,"date":"2019-11-07T12:32:48","date_gmt":"2019-11-07T17:32:48","guid":{"rendered":"https:\/\/www.conferencecannabis.ca\/edition-2019\/"},"modified":"2023-02-15T12:03:59","modified_gmt":"2023-02-15T17:03:59","slug":"2019-conference","status":"publish","type":"page","link":"https:\/\/www.conferencecannabis.ca\/en\/previous-editions\/2019-conference\/","title":{"rendered":"2019 Conference"},"content":{"rendered":"\t\t<div data-elementor-type=\"wp-page\" data-elementor-id=\"3221\" class=\"elementor elementor-3221 elementor-3123\" data-elementor-post-type=\"page\">\n\t\t\t\t\t\t<section class=\"elementor-section elementor-top-section elementor-element elementor-element-c79fc25 elementor-section-boxed elementor-section-height-default elementor-section-height-default\" data-id=\"c79fc25\" data-element_type=\"section\" data-e-type=\"section\">\n\t\t\t\t\t\t<div class=\"elementor-container elementor-column-gap-default\">\n\t\t\t\t\t<div class=\"elementor-column elementor-col-100 elementor-top-column elementor-element elementor-element-869fcb5\" data-id=\"869fcb5\" data-element_type=\"column\" data-e-type=\"column\">\n\t\t\t<div class=\"elementor-widget-wrap elementor-element-populated\">\n\t\t\t\t\t\t<div class=\"elementor-element elementor-element-f1e1ad6 gallery-spacing-custom elementor-widget elementor-widget-image-gallery\" data-id=\"f1e1ad6\" data-element_type=\"widget\" data-e-type=\"widget\" data-widget_type=\"image-gallery.default\">\n\t\t\t\t<div class=\"elementor-widget-container\">\n\t\t\t\t\t\t\t<div class=\"elementor-image-gallery\">\n\t\t\t<div id='gallery-1' class='gallery galleryid-3221 gallery-columns-3 gallery-size-large'><figure class='gallery-item'>\n\t\t\t<div class='gallery-icon landscape'>\n\t\t\t\t<a data-elementor-open-lightbox=\"yes\" data-elementor-lightbox-slideshow=\"f1e1ad6\" data-elementor-lightbox-title=\"IMG_7022\" data-e-action-hash=\"#elementor-action%3Aaction%3Dlightbox%26settings%3DeyJpZCI6MzEyNywidXJsIjoiaHR0cHM6XC9cL3d3dy5jb25mZXJlbmNlY2FubmFiaXMuY2FcL3dwLWNvbnRlbnRcL3VwbG9hZHNcLzIwMTlcLzA3XC9JTUdfNzAyMi5qcGciLCJzbGlkZXNob3ciOiJmMWUxYWQ2In0%3D\" href='https:\/\/www.conferencecannabis.ca\/wp-content\/uploads\/2019\/07\/IMG_7022.jpg'><img fetchpriority=\"high\" decoding=\"async\" width=\"600\" height=\"400\" src=\"https:\/\/www.conferencecannabis.ca\/wp-content\/uploads\/2019\/07\/IMG_7022-1024x683.jpg\" class=\"attachment-large size-large\" alt=\"\" srcset=\"https:\/\/www.conferencecannabis.ca\/wp-content\/uploads\/2019\/07\/IMG_7022-1024x683.jpg 1024w, https:\/\/www.conferencecannabis.ca\/wp-content\/uploads\/2019\/07\/IMG_7022-600x400.jpg 600w, https:\/\/www.conferencecannabis.ca\/wp-content\/uploads\/2019\/07\/IMG_7022-300x200.jpg 300w, https:\/\/www.conferencecannabis.ca\/wp-content\/uploads\/2019\/07\/IMG_7022-768x512.jpg 768w, https:\/\/www.conferencecannabis.ca\/wp-content\/uploads\/2019\/07\/IMG_7022-400x267.jpg 400w, https:\/\/www.conferencecannabis.ca\/wp-content\/uploads\/2019\/07\/IMG_7022.jpg 1200w\" sizes=\"(max-width: 600px) 100vw, 600px\" \/><\/a>\n\t\t\t<\/div><\/figure><figure class='gallery-item'>\n\t\t\t<div class='gallery-icon landscape'>\n\t\t\t\t<a data-elementor-open-lightbox=\"yes\" data-elementor-lightbox-slideshow=\"f1e1ad6\" data-elementor-lightbox-title=\"IMG_7093\" data-e-action-hash=\"#elementor-action%3Aaction%3Dlightbox%26settings%3DeyJpZCI6MzEyOSwidXJsIjoiaHR0cHM6XC9cL3d3dy5jb25mZXJlbmNlY2FubmFiaXMuY2FcL3dwLWNvbnRlbnRcL3VwbG9hZHNcLzIwMTlcLzA3XC9JTUdfNzA5My5qcGciLCJzbGlkZXNob3ciOiJmMWUxYWQ2In0%3D\" href='https:\/\/www.conferencecannabis.ca\/wp-content\/uploads\/2019\/07\/IMG_7093.jpg'><img decoding=\"async\" width=\"600\" height=\"400\" src=\"https:\/\/www.conferencecannabis.ca\/wp-content\/uploads\/2019\/07\/IMG_7093-1024x683.jpg\" class=\"attachment-large size-large\" alt=\"\" srcset=\"https:\/\/www.conferencecannabis.ca\/wp-content\/uploads\/2019\/07\/IMG_7093-1024x683.jpg 1024w, https:\/\/www.conferencecannabis.ca\/wp-content\/uploads\/2019\/07\/IMG_7093-600x400.jpg 600w, https:\/\/www.conferencecannabis.ca\/wp-content\/uploads\/2019\/07\/IMG_7093-300x200.jpg 300w, https:\/\/www.conferencecannabis.ca\/wp-content\/uploads\/2019\/07\/IMG_7093-768x512.jpg 768w, https:\/\/www.conferencecannabis.ca\/wp-content\/uploads\/2019\/07\/IMG_7093-400x267.jpg 400w, https:\/\/www.conferencecannabis.ca\/wp-content\/uploads\/2019\/07\/IMG_7093.jpg 1200w\" sizes=\"(max-width: 600px) 100vw, 600px\" \/><\/a>\n\t\t\t<\/div><\/figure><figure class='gallery-item'>\n\t\t\t<div class='gallery-icon landscape'>\n\t\t\t\t<a data-elementor-open-lightbox=\"yes\" data-elementor-lightbox-slideshow=\"f1e1ad6\" data-elementor-lightbox-title=\"IMG_7068\" data-e-action-hash=\"#elementor-action%3Aaction%3Dlightbox%26settings%3DeyJpZCI6MzEzMSwidXJsIjoiaHR0cHM6XC9cL3d3dy5jb25mZXJlbmNlY2FubmFiaXMuY2FcL3dwLWNvbnRlbnRcL3VwbG9hZHNcLzIwMTlcLzA3XC9JTUdfNzA2OC5qcGciLCJzbGlkZXNob3ciOiJmMWUxYWQ2In0%3D\" href='https:\/\/www.conferencecannabis.ca\/wp-content\/uploads\/2019\/07\/IMG_7068.jpg'><img decoding=\"async\" width=\"600\" height=\"400\" src=\"https:\/\/www.conferencecannabis.ca\/wp-content\/uploads\/2019\/07\/IMG_7068-1024x683.jpg\" class=\"attachment-large size-large\" alt=\"\" srcset=\"https:\/\/www.conferencecannabis.ca\/wp-content\/uploads\/2019\/07\/IMG_7068-1024x683.jpg 1024w, https:\/\/www.conferencecannabis.ca\/wp-content\/uploads\/2019\/07\/IMG_7068-600x400.jpg 600w, https:\/\/www.conferencecannabis.ca\/wp-content\/uploads\/2019\/07\/IMG_7068-300x200.jpg 300w, https:\/\/www.conferencecannabis.ca\/wp-content\/uploads\/2019\/07\/IMG_7068-768x512.jpg 768w, https:\/\/www.conferencecannabis.ca\/wp-content\/uploads\/2019\/07\/IMG_7068-400x267.jpg 400w, https:\/\/www.conferencecannabis.ca\/wp-content\/uploads\/2019\/07\/IMG_7068.jpg 1200w\" sizes=\"(max-width: 600px) 100vw, 600px\" \/><\/a>\n\t\t\t<\/div><\/figure><figure class='gallery-item'>\n\t\t\t<div class='gallery-icon landscape'>\n\t\t\t\t<a data-elementor-open-lightbox=\"yes\" data-elementor-lightbox-slideshow=\"f1e1ad6\" data-elementor-lightbox-title=\"IMG_7104\" data-e-action-hash=\"#elementor-action%3Aaction%3Dlightbox%26settings%3DeyJpZCI6MzEzMywidXJsIjoiaHR0cHM6XC9cL3d3dy5jb25mZXJlbmNlY2FubmFiaXMuY2FcL3dwLWNvbnRlbnRcL3VwbG9hZHNcLzIwMTlcLzA3XC9JTUdfNzEwNC5qcGciLCJzbGlkZXNob3ciOiJmMWUxYWQ2In0%3D\" href='https:\/\/www.conferencecannabis.ca\/wp-content\/uploads\/2019\/07\/IMG_7104.jpg'><img loading=\"lazy\" decoding=\"async\" width=\"600\" height=\"400\" src=\"https:\/\/www.conferencecannabis.ca\/wp-content\/uploads\/2019\/07\/IMG_7104-1024x683.jpg\" class=\"attachment-large size-large\" alt=\"\" srcset=\"https:\/\/www.conferencecannabis.ca\/wp-content\/uploads\/2019\/07\/IMG_7104-1024x683.jpg 1024w, https:\/\/www.conferencecannabis.ca\/wp-content\/uploads\/2019\/07\/IMG_7104-600x400.jpg 600w, https:\/\/www.conferencecannabis.ca\/wp-content\/uploads\/2019\/07\/IMG_7104-300x200.jpg 300w, https:\/\/www.conferencecannabis.ca\/wp-content\/uploads\/2019\/07\/IMG_7104-768x512.jpg 768w, https:\/\/www.conferencecannabis.ca\/wp-content\/uploads\/2019\/07\/IMG_7104-400x267.jpg 400w, https:\/\/www.conferencecannabis.ca\/wp-content\/uploads\/2019\/07\/IMG_7104.jpg 1200w\" sizes=\"(max-width: 600px) 100vw, 600px\" \/><\/a>\n\t\t\t<\/div><\/figure><figure class='gallery-item'>\n\t\t\t<div class='gallery-icon landscape'>\n\t\t\t\t<a data-elementor-open-lightbox=\"yes\" data-elementor-lightbox-slideshow=\"f1e1ad6\" data-elementor-lightbox-title=\"IMG_7315\" data-e-action-hash=\"#elementor-action%3Aaction%3Dlightbox%26settings%3DeyJpZCI6MzEzNSwidXJsIjoiaHR0cHM6XC9cL3d3dy5jb25mZXJlbmNlY2FubmFiaXMuY2FcL3dwLWNvbnRlbnRcL3VwbG9hZHNcLzIwMTlcLzA3XC9JTUdfNzMxNS5qcGciLCJzbGlkZXNob3ciOiJmMWUxYWQ2In0%3D\" href='https:\/\/www.conferencecannabis.ca\/wp-content\/uploads\/2019\/07\/IMG_7315.jpg'><img loading=\"lazy\" decoding=\"async\" width=\"600\" height=\"400\" src=\"https:\/\/www.conferencecannabis.ca\/wp-content\/uploads\/2019\/07\/IMG_7315-1024x683.jpg\" class=\"attachment-large size-large\" alt=\"\" srcset=\"https:\/\/www.conferencecannabis.ca\/wp-content\/uploads\/2019\/07\/IMG_7315-1024x683.jpg 1024w, https:\/\/www.conferencecannabis.ca\/wp-content\/uploads\/2019\/07\/IMG_7315-600x400.jpg 600w, https:\/\/www.conferencecannabis.ca\/wp-content\/uploads\/2019\/07\/IMG_7315-300x200.jpg 300w, https:\/\/www.conferencecannabis.ca\/wp-content\/uploads\/2019\/07\/IMG_7315-768x512.jpg 768w, https:\/\/www.conferencecannabis.ca\/wp-content\/uploads\/2019\/07\/IMG_7315-400x267.jpg 400w, https:\/\/www.conferencecannabis.ca\/wp-content\/uploads\/2019\/07\/IMG_7315.jpg 1200w\" sizes=\"(max-width: 600px) 100vw, 600px\" \/><\/a>\n\t\t\t<\/div><\/figure><figure class='gallery-item'>\n\t\t\t<div class='gallery-icon landscape'>\n\t\t\t\t<a data-elementor-open-lightbox=\"yes\" data-elementor-lightbox-slideshow=\"f1e1ad6\" data-elementor-lightbox-title=\"IMG_7424\" data-e-action-hash=\"#elementor-action%3Aaction%3Dlightbox%26settings%3DeyJpZCI6MzEzNywidXJsIjoiaHR0cHM6XC9cL3d3dy5jb25mZXJlbmNlY2FubmFiaXMuY2FcL3dwLWNvbnRlbnRcL3VwbG9hZHNcLzIwMTlcLzA3XC9JTUdfNzQyNC5qcGciLCJzbGlkZXNob3ciOiJmMWUxYWQ2In0%3D\" href='https:\/\/www.conferencecannabis.ca\/wp-content\/uploads\/2019\/07\/IMG_7424.jpg'><img loading=\"lazy\" decoding=\"async\" width=\"600\" height=\"400\" src=\"https:\/\/www.conferencecannabis.ca\/wp-content\/uploads\/2019\/07\/IMG_7424-1024x683.jpg\" class=\"attachment-large size-large\" alt=\"\" srcset=\"https:\/\/www.conferencecannabis.ca\/wp-content\/uploads\/2019\/07\/IMG_7424-1024x683.jpg 1024w, https:\/\/www.conferencecannabis.ca\/wp-content\/uploads\/2019\/07\/IMG_7424-600x400.jpg 600w, https:\/\/www.conferencecannabis.ca\/wp-content\/uploads\/2019\/07\/IMG_7424-300x200.jpg 300w, https:\/\/www.conferencecannabis.ca\/wp-content\/uploads\/2019\/07\/IMG_7424-768x512.jpg 768w, https:\/\/www.conferencecannabis.ca\/wp-content\/uploads\/2019\/07\/IMG_7424-400x267.jpg 400w, https:\/\/www.conferencecannabis.ca\/wp-content\/uploads\/2019\/07\/IMG_7424.jpg 1200w\" sizes=\"(max-width: 600px) 100vw, 600px\" \/><\/a>\n\t\t\t<\/div><\/figure><figure class='gallery-item'>\n\t\t\t<div class='gallery-icon landscape'>\n\t\t\t\t<a data-elementor-open-lightbox=\"yes\" data-elementor-lightbox-slideshow=\"f1e1ad6\" data-elementor-lightbox-title=\"IMG_7295\" data-e-action-hash=\"#elementor-action%3Aaction%3Dlightbox%26settings%3DeyJpZCI6MzE0MSwidXJsIjoiaHR0cHM6XC9cL3d3dy5jb25mZXJlbmNlY2FubmFiaXMuY2FcL3dwLWNvbnRlbnRcL3VwbG9hZHNcLzIwMTlcLzA3XC9JTUdfNzI5NS5qcGciLCJzbGlkZXNob3ciOiJmMWUxYWQ2In0%3D\" href='https:\/\/www.conferencecannabis.ca\/wp-content\/uploads\/2019\/07\/IMG_7295.jpg'><img loading=\"lazy\" decoding=\"async\" width=\"600\" height=\"400\" src=\"https:\/\/www.conferencecannabis.ca\/wp-content\/uploads\/2019\/07\/IMG_7295-1024x683.jpg\" class=\"attachment-large size-large\" alt=\"\" srcset=\"https:\/\/www.conferencecannabis.ca\/wp-content\/uploads\/2019\/07\/IMG_7295-1024x683.jpg 1024w, https:\/\/www.conferencecannabis.ca\/wp-content\/uploads\/2019\/07\/IMG_7295-600x400.jpg 600w, https:\/\/www.conferencecannabis.ca\/wp-content\/uploads\/2019\/07\/IMG_7295-300x200.jpg 300w, https:\/\/www.conferencecannabis.ca\/wp-content\/uploads\/2019\/07\/IMG_7295-768x512.jpg 768w, https:\/\/www.conferencecannabis.ca\/wp-content\/uploads\/2019\/07\/IMG_7295-400x267.jpg 400w, https:\/\/www.conferencecannabis.ca\/wp-content\/uploads\/2019\/07\/IMG_7295.jpg 1200w\" sizes=\"(max-width: 600px) 100vw, 600px\" \/><\/a>\n\t\t\t<\/div><\/figure><figure class='gallery-item'>\n\t\t\t<div class='gallery-icon landscape'>\n\t\t\t\t<a data-elementor-open-lightbox=\"yes\" data-elementor-lightbox-slideshow=\"f1e1ad6\" data-elementor-lightbox-title=\"IMG_7391\" data-e-action-hash=\"#elementor-action%3Aaction%3Dlightbox%26settings%3DeyJpZCI6MzEzOSwidXJsIjoiaHR0cHM6XC9cL3d3dy5jb25mZXJlbmNlY2FubmFiaXMuY2FcL3dwLWNvbnRlbnRcL3VwbG9hZHNcLzIwMTlcLzA3XC9JTUdfNzM5MS5qcGciLCJzbGlkZXNob3ciOiJmMWUxYWQ2In0%3D\" href='https:\/\/www.conferencecannabis.ca\/wp-content\/uploads\/2019\/07\/IMG_7391.jpg'><img loading=\"lazy\" decoding=\"async\" width=\"600\" height=\"400\" src=\"https:\/\/www.conferencecannabis.ca\/wp-content\/uploads\/2019\/07\/IMG_7391-1024x683.jpg\" class=\"attachment-large size-large\" alt=\"\" srcset=\"https:\/\/www.conferencecannabis.ca\/wp-content\/uploads\/2019\/07\/IMG_7391-1024x683.jpg 1024w, https:\/\/www.conferencecannabis.ca\/wp-content\/uploads\/2019\/07\/IMG_7391-600x400.jpg 600w, https:\/\/www.conferencecannabis.ca\/wp-content\/uploads\/2019\/07\/IMG_7391-300x200.jpg 300w, https:\/\/www.conferencecannabis.ca\/wp-content\/uploads\/2019\/07\/IMG_7391-768x512.jpg 768w, https:\/\/www.conferencecannabis.ca\/wp-content\/uploads\/2019\/07\/IMG_7391-400x267.jpg 400w, https:\/\/www.conferencecannabis.ca\/wp-content\/uploads\/2019\/07\/IMG_7391.jpg 1200w\" sizes=\"(max-width: 600px) 100vw, 600px\" \/><\/a>\n\t\t\t<\/div><\/figure><figure class='gallery-item'>\n\t\t\t<div class='gallery-icon landscape'>\n\t\t\t\t<a data-elementor-open-lightbox=\"yes\" data-elementor-lightbox-slideshow=\"f1e1ad6\" data-elementor-lightbox-title=\"IMG_7225\" data-e-action-hash=\"#elementor-action%3Aaction%3Dlightbox%26settings%3DeyJpZCI6MzE0MywidXJsIjoiaHR0cHM6XC9cL3d3dy5jb25mZXJlbmNlY2FubmFiaXMuY2FcL3dwLWNvbnRlbnRcL3VwbG9hZHNcLzIwMTlcLzA3XC9JTUdfNzIyNS5qcGciLCJzbGlkZXNob3ciOiJmMWUxYWQ2In0%3D\" href='https:\/\/www.conferencecannabis.ca\/wp-content\/uploads\/2019\/07\/IMG_7225.jpg'><img loading=\"lazy\" decoding=\"async\" width=\"600\" height=\"400\" src=\"https:\/\/www.conferencecannabis.ca\/wp-content\/uploads\/2019\/07\/IMG_7225-1024x683.jpg\" class=\"attachment-large size-large\" alt=\"\" srcset=\"https:\/\/www.conferencecannabis.ca\/wp-content\/uploads\/2019\/07\/IMG_7225-1024x683.jpg 1024w, https:\/\/www.conferencecannabis.ca\/wp-content\/uploads\/2019\/07\/IMG_7225-600x400.jpg 600w, https:\/\/www.conferencecannabis.ca\/wp-content\/uploads\/2019\/07\/IMG_7225-300x200.jpg 300w, https:\/\/www.conferencecannabis.ca\/wp-content\/uploads\/2019\/07\/IMG_7225-768x512.jpg 768w, https:\/\/www.conferencecannabis.ca\/wp-content\/uploads\/2019\/07\/IMG_7225-400x267.jpg 400w, https:\/\/www.conferencecannabis.ca\/wp-content\/uploads\/2019\/07\/IMG_7225.jpg 1200w\" sizes=\"(max-width: 600px) 100vw, 600px\" \/><\/a>\n\t\t\t<\/div><\/figure><figure class='gallery-item'>\n\t\t\t<div class='gallery-icon landscape'>\n\t\t\t\t<a data-elementor-open-lightbox=\"yes\" data-elementor-lightbox-slideshow=\"f1e1ad6\" data-elementor-lightbox-title=\"IMG_7085\" data-e-action-hash=\"#elementor-action%3Aaction%3Dlightbox%26settings%3DeyJpZCI6MzE0NSwidXJsIjoiaHR0cHM6XC9cL3d3dy5jb25mZXJlbmNlY2FubmFiaXMuY2FcL3dwLWNvbnRlbnRcL3VwbG9hZHNcLzIwMTlcLzA3XC9JTUdfNzA4NS5qcGciLCJzbGlkZXNob3ciOiJmMWUxYWQ2In0%3D\" href='https:\/\/www.conferencecannabis.ca\/wp-content\/uploads\/2019\/07\/IMG_7085.jpg'><img loading=\"lazy\" decoding=\"async\" width=\"600\" height=\"400\" src=\"https:\/\/www.conferencecannabis.ca\/wp-content\/uploads\/2019\/07\/IMG_7085-1024x683.jpg\" class=\"attachment-large size-large\" alt=\"\" srcset=\"https:\/\/www.conferencecannabis.ca\/wp-content\/uploads\/2019\/07\/IMG_7085-1024x683.jpg 1024w, https:\/\/www.conferencecannabis.ca\/wp-content\/uploads\/2019\/07\/IMG_7085-600x400.jpg 600w, https:\/\/www.conferencecannabis.ca\/wp-content\/uploads\/2019\/07\/IMG_7085-300x200.jpg 300w, https:\/\/www.conferencecannabis.ca\/wp-content\/uploads\/2019\/07\/IMG_7085-768x512.jpg 768w, https:\/\/www.conferencecannabis.ca\/wp-content\/uploads\/2019\/07\/IMG_7085-400x267.jpg 400w, https:\/\/www.conferencecannabis.ca\/wp-content\/uploads\/2019\/07\/IMG_7085.jpg 1200w\" sizes=\"(max-width: 600px) 100vw, 600px\" \/><\/a>\n\t\t\t<\/div><\/figure><figure class='gallery-item'>\n\t\t\t<div class='gallery-icon landscape'>\n\t\t\t\t<a data-elementor-open-lightbox=\"yes\" data-elementor-lightbox-slideshow=\"f1e1ad6\" data-elementor-lightbox-title=\"IMG_6974\" data-e-action-hash=\"#elementor-action%3Aaction%3Dlightbox%26settings%3DeyJpZCI6MzE0NywidXJsIjoiaHR0cHM6XC9cL3d3dy5jb25mZXJlbmNlY2FubmFiaXMuY2FcL3dwLWNvbnRlbnRcL3VwbG9hZHNcLzIwMTlcLzA3XC9JTUdfNjk3NC5qcGciLCJzbGlkZXNob3ciOiJmMWUxYWQ2In0%3D\" href='https:\/\/www.conferencecannabis.ca\/wp-content\/uploads\/2019\/07\/IMG_6974.jpg'><img loading=\"lazy\" decoding=\"async\" width=\"600\" height=\"400\" src=\"https:\/\/www.conferencecannabis.ca\/wp-content\/uploads\/2019\/07\/IMG_6974-1024x683.jpg\" class=\"attachment-large size-large\" alt=\"\" srcset=\"https:\/\/www.conferencecannabis.ca\/wp-content\/uploads\/2019\/07\/IMG_6974-1024x683.jpg 1024w, https:\/\/www.conferencecannabis.ca\/wp-content\/uploads\/2019\/07\/IMG_6974-600x400.jpg 600w, https:\/\/www.conferencecannabis.ca\/wp-content\/uploads\/2019\/07\/IMG_6974-300x200.jpg 300w, https:\/\/www.conferencecannabis.ca\/wp-content\/uploads\/2019\/07\/IMG_6974-768x512.jpg 768w, https:\/\/www.conferencecannabis.ca\/wp-content\/uploads\/2019\/07\/IMG_6974-400x267.jpg 400w, https:\/\/www.conferencecannabis.ca\/wp-content\/uploads\/2019\/07\/IMG_6974.jpg 1200w\" sizes=\"(max-width: 600px) 100vw, 600px\" \/><\/a>\n\t\t\t<\/div><\/figure><figure class='gallery-item'>\n\t\t\t<div class='gallery-icon landscape'>\n\t\t\t\t<a data-elementor-open-lightbox=\"yes\" data-elementor-lightbox-slideshow=\"f1e1ad6\" data-elementor-lightbox-title=\"IMG_7024\" data-e-action-hash=\"#elementor-action%3Aaction%3Dlightbox%26settings%3DeyJpZCI6MzE0OSwidXJsIjoiaHR0cHM6XC9cL3d3dy5jb25mZXJlbmNlY2FubmFiaXMuY2FcL3dwLWNvbnRlbnRcL3VwbG9hZHNcLzIwMTlcLzA3XC9JTUdfNzAyNC5qcGciLCJzbGlkZXNob3ciOiJmMWUxYWQ2In0%3D\" href='https:\/\/www.conferencecannabis.ca\/wp-content\/uploads\/2019\/07\/IMG_7024.jpg'><img loading=\"lazy\" decoding=\"async\" width=\"600\" height=\"400\" src=\"https:\/\/www.conferencecannabis.ca\/wp-content\/uploads\/2019\/07\/IMG_7024-1024x683.jpg\" class=\"attachment-large size-large\" alt=\"\" srcset=\"https:\/\/www.conferencecannabis.ca\/wp-content\/uploads\/2019\/07\/IMG_7024-1024x683.jpg 1024w, https:\/\/www.conferencecannabis.ca\/wp-content\/uploads\/2019\/07\/IMG_7024-600x400.jpg 600w, https:\/\/www.conferencecannabis.ca\/wp-content\/uploads\/2019\/07\/IMG_7024-300x200.jpg 300w, https:\/\/www.conferencecannabis.ca\/wp-content\/uploads\/2019\/07\/IMG_7024-768x512.jpg 768w, https:\/\/www.conferencecannabis.ca\/wp-content\/uploads\/2019\/07\/IMG_7024-400x267.jpg 400w, https:\/\/www.conferencecannabis.ca\/wp-content\/uploads\/2019\/07\/IMG_7024.jpg 1200w\" sizes=\"(max-width: 600px) 100vw, 600px\" \/><\/a>\n\t\t\t<\/div><\/figure><figure class='gallery-item'>\n\t\t\t<div class='gallery-icon landscape'>\n\t\t\t\t<a data-elementor-open-lightbox=\"yes\" data-elementor-lightbox-slideshow=\"f1e1ad6\" data-elementor-lightbox-title=\"IMG_6987\" data-e-action-hash=\"#elementor-action%3Aaction%3Dlightbox%26settings%3DeyJpZCI6MzE1MSwidXJsIjoiaHR0cHM6XC9cL3d3dy5jb25mZXJlbmNlY2FubmFiaXMuY2FcL3dwLWNvbnRlbnRcL3VwbG9hZHNcLzIwMTlcLzA3XC9JTUdfNjk4Ny5qcGciLCJzbGlkZXNob3ciOiJmMWUxYWQ2In0%3D\" href='https:\/\/www.conferencecannabis.ca\/wp-content\/uploads\/2019\/07\/IMG_6987.jpg'><img loading=\"lazy\" decoding=\"async\" width=\"600\" height=\"400\" src=\"https:\/\/www.conferencecannabis.ca\/wp-content\/uploads\/2019\/07\/IMG_6987-1024x683.jpg\" class=\"attachment-large size-large\" alt=\"\" srcset=\"https:\/\/www.conferencecannabis.ca\/wp-content\/uploads\/2019\/07\/IMG_6987-1024x683.jpg 1024w, https:\/\/www.conferencecannabis.ca\/wp-content\/uploads\/2019\/07\/IMG_6987-600x400.jpg 600w, https:\/\/www.conferencecannabis.ca\/wp-content\/uploads\/2019\/07\/IMG_6987-300x200.jpg 300w, https:\/\/www.conferencecannabis.ca\/wp-content\/uploads\/2019\/07\/IMG_6987-768x512.jpg 768w, https:\/\/www.conferencecannabis.ca\/wp-content\/uploads\/2019\/07\/IMG_6987-400x267.jpg 400w, https:\/\/www.conferencecannabis.ca\/wp-content\/uploads\/2019\/07\/IMG_6987.jpg 1200w\" sizes=\"(max-width: 600px) 100vw, 600px\" \/><\/a>\n\t\t\t<\/div><\/figure><figure class='gallery-item'>\n\t\t\t<div class='gallery-icon landscape'>\n\t\t\t\t<a data-elementor-open-lightbox=\"yes\" data-elementor-lightbox-slideshow=\"f1e1ad6\" data-elementor-lightbox-title=\"IMG_6957\" data-e-action-hash=\"#elementor-action%3Aaction%3Dlightbox%26settings%3DeyJpZCI6MzE1MywidXJsIjoiaHR0cHM6XC9cL3d3dy5jb25mZXJlbmNlY2FubmFiaXMuY2FcL3dwLWNvbnRlbnRcL3VwbG9hZHNcLzIwMTlcLzA3XC9JTUdfNjk1Ny5qcGciLCJzbGlkZXNob3ciOiJmMWUxYWQ2In0%3D\" href='https:\/\/www.conferencecannabis.ca\/wp-content\/uploads\/2019\/07\/IMG_6957.jpg'><img loading=\"lazy\" decoding=\"async\" width=\"600\" height=\"400\" src=\"https:\/\/www.conferencecannabis.ca\/wp-content\/uploads\/2019\/07\/IMG_6957-1024x683.jpg\" class=\"attachment-large size-large\" alt=\"\" srcset=\"https:\/\/www.conferencecannabis.ca\/wp-content\/uploads\/2019\/07\/IMG_6957-1024x683.jpg 1024w, https:\/\/www.conferencecannabis.ca\/wp-content\/uploads\/2019\/07\/IMG_6957-600x400.jpg 600w, https:\/\/www.conferencecannabis.ca\/wp-content\/uploads\/2019\/07\/IMG_6957-300x200.jpg 300w, https:\/\/www.conferencecannabis.ca\/wp-content\/uploads\/2019\/07\/IMG_6957-768x512.jpg 768w, https:\/\/www.conferencecannabis.ca\/wp-content\/uploads\/2019\/07\/IMG_6957-400x267.jpg 400w, https:\/\/www.conferencecannabis.ca\/wp-content\/uploads\/2019\/07\/IMG_6957.jpg 1200w\" sizes=\"(max-width: 600px) 100vw, 600px\" \/><\/a>\n\t\t\t<\/div><\/figure><figure class='gallery-item'>\n\t\t\t<div class='gallery-icon landscape'>\n\t\t\t\t<a data-elementor-open-lightbox=\"yes\" data-elementor-lightbox-slideshow=\"f1e1ad6\" data-elementor-lightbox-title=\"IMG_7487\" data-e-action-hash=\"#elementor-action%3Aaction%3Dlightbox%26settings%3DeyJpZCI6MzE1NSwidXJsIjoiaHR0cHM6XC9cL3d3dy5jb25mZXJlbmNlY2FubmFiaXMuY2FcL3dwLWNvbnRlbnRcL3VwbG9hZHNcLzIwMTlcLzA3XC9JTUdfNzQ4Ny5qcGciLCJzbGlkZXNob3ciOiJmMWUxYWQ2In0%3D\" href='https:\/\/www.conferencecannabis.ca\/wp-content\/uploads\/2019\/07\/IMG_7487.jpg'><img loading=\"lazy\" decoding=\"async\" width=\"600\" height=\"400\" src=\"https:\/\/www.conferencecannabis.ca\/wp-content\/uploads\/2019\/07\/IMG_7487-1024x683.jpg\" class=\"attachment-large size-large\" alt=\"\" srcset=\"https:\/\/www.conferencecannabis.ca\/wp-content\/uploads\/2019\/07\/IMG_7487-1024x683.jpg 1024w, https:\/\/www.conferencecannabis.ca\/wp-content\/uploads\/2019\/07\/IMG_7487-600x400.jpg 600w, https:\/\/www.conferencecannabis.ca\/wp-content\/uploads\/2019\/07\/IMG_7487-300x200.jpg 300w, https:\/\/www.conferencecannabis.ca\/wp-content\/uploads\/2019\/07\/IMG_7487-768x512.jpg 768w, https:\/\/www.conferencecannabis.ca\/wp-content\/uploads\/2019\/07\/IMG_7487-400x267.jpg 400w, https:\/\/www.conferencecannabis.ca\/wp-content\/uploads\/2019\/07\/IMG_7487.jpg 1200w\" sizes=\"(max-width: 600px) 100vw, 600px\" \/><\/a>\n\t\t\t<\/div><\/figure><figure class='gallery-item'>\n\t\t\t<div class='gallery-icon landscape'>\n\t\t\t\t<a data-elementor-open-lightbox=\"yes\" data-elementor-lightbox-slideshow=\"f1e1ad6\" data-elementor-lightbox-title=\"IMG_7522\" data-e-action-hash=\"#elementor-action%3Aaction%3Dlightbox%26settings%3DeyJpZCI6MzE1NywidXJsIjoiaHR0cHM6XC9cL3d3dy5jb25mZXJlbmNlY2FubmFiaXMuY2FcL3dwLWNvbnRlbnRcL3VwbG9hZHNcLzIwMTlcLzA3XC9JTUdfNzUyMi5qcGciLCJzbGlkZXNob3ciOiJmMWUxYWQ2In0%3D\" href='https:\/\/www.conferencecannabis.ca\/wp-content\/uploads\/2019\/07\/IMG_7522.jpg'><img loading=\"lazy\" decoding=\"async\" width=\"600\" height=\"400\" src=\"https:\/\/www.conferencecannabis.ca\/wp-content\/uploads\/2019\/07\/IMG_7522-1024x683.jpg\" class=\"attachment-large size-large\" alt=\"\" srcset=\"https:\/\/www.conferencecannabis.ca\/wp-content\/uploads\/2019\/07\/IMG_7522-1024x683.jpg 1024w, https:\/\/www.conferencecannabis.ca\/wp-content\/uploads\/2019\/07\/IMG_7522-600x400.jpg 600w, https:\/\/www.conferencecannabis.ca\/wp-content\/uploads\/2019\/07\/IMG_7522-300x200.jpg 300w, https:\/\/www.conferencecannabis.ca\/wp-content\/uploads\/2019\/07\/IMG_7522-768x512.jpg 768w, https:\/\/www.conferencecannabis.ca\/wp-content\/uploads\/2019\/07\/IMG_7522-400x267.jpg 400w, https:\/\/www.conferencecannabis.ca\/wp-content\/uploads\/2019\/07\/IMG_7522.jpg 1200w\" sizes=\"(max-width: 600px) 100vw, 600px\" \/><\/a>\n\t\t\t<\/div><\/figure><figure class='gallery-item'>\n\t\t\t<div class='gallery-icon landscape'>\n\t\t\t\t<a data-elementor-open-lightbox=\"yes\" data-elementor-lightbox-slideshow=\"f1e1ad6\" data-elementor-lightbox-title=\"IMG_7533\" data-e-action-hash=\"#elementor-action%3Aaction%3Dlightbox%26settings%3DeyJpZCI6MzE1OSwidXJsIjoiaHR0cHM6XC9cL3d3dy5jb25mZXJlbmNlY2FubmFiaXMuY2FcL3dwLWNvbnRlbnRcL3VwbG9hZHNcLzIwMTlcLzA3XC9JTUdfNzUzMy5qcGciLCJzbGlkZXNob3ciOiJmMWUxYWQ2In0%3D\" href='https:\/\/www.conferencecannabis.ca\/wp-content\/uploads\/2019\/07\/IMG_7533.jpg'><img loading=\"lazy\" decoding=\"async\" width=\"600\" height=\"400\" src=\"https:\/\/www.conferencecannabis.ca\/wp-content\/uploads\/2019\/07\/IMG_7533-1024x683.jpg\" class=\"attachment-large size-large\" alt=\"\" srcset=\"https:\/\/www.conferencecannabis.ca\/wp-content\/uploads\/2019\/07\/IMG_7533-1024x683.jpg 1024w, https:\/\/www.conferencecannabis.ca\/wp-content\/uploads\/2019\/07\/IMG_7533-600x400.jpg 600w, https:\/\/www.conferencecannabis.ca\/wp-content\/uploads\/2019\/07\/IMG_7533-300x200.jpg 300w, https:\/\/www.conferencecannabis.ca\/wp-content\/uploads\/2019\/07\/IMG_7533-768x512.jpg 768w, https:\/\/www.conferencecannabis.ca\/wp-content\/uploads\/2019\/07\/IMG_7533-400x267.jpg 400w, https:\/\/www.conferencecannabis.ca\/wp-content\/uploads\/2019\/07\/IMG_7533.jpg 1200w\" sizes=\"(max-width: 600px) 100vw, 600px\" \/><\/a>\n\t\t\t<\/div><\/figure><figure class='gallery-item'>\n\t\t\t<div class='gallery-icon landscape'>\n\t\t\t\t<a data-elementor-open-lightbox=\"yes\" data-elementor-lightbox-slideshow=\"f1e1ad6\" data-elementor-lightbox-title=\"IMG_7579\" data-e-action-hash=\"#elementor-action%3Aaction%3Dlightbox%26settings%3DeyJpZCI6MzE2MSwidXJsIjoiaHR0cHM6XC9cL3d3dy5jb25mZXJlbmNlY2FubmFiaXMuY2FcL3dwLWNvbnRlbnRcL3VwbG9hZHNcLzIwMTlcLzA3XC9JTUdfNzU3OS5qcGciLCJzbGlkZXNob3ciOiJmMWUxYWQ2In0%3D\" href='https:\/\/www.conferencecannabis.ca\/wp-content\/uploads\/2019\/07\/IMG_7579.jpg'><img loading=\"lazy\" decoding=\"async\" width=\"600\" height=\"400\" src=\"https:\/\/www.conferencecannabis.ca\/wp-content\/uploads\/2019\/07\/IMG_7579-1024x683.jpg\" class=\"attachment-large size-large\" alt=\"\" srcset=\"https:\/\/www.conferencecannabis.ca\/wp-content\/uploads\/2019\/07\/IMG_7579-1024x683.jpg 1024w, https:\/\/www.conferencecannabis.ca\/wp-content\/uploads\/2019\/07\/IMG_7579-600x400.jpg 600w, https:\/\/www.conferencecannabis.ca\/wp-content\/uploads\/2019\/07\/IMG_7579-300x200.jpg 300w, https:\/\/www.conferencecannabis.ca\/wp-content\/uploads\/2019\/07\/IMG_7579-768x512.jpg 768w, https:\/\/www.conferencecannabis.ca\/wp-content\/uploads\/2019\/07\/IMG_7579-400x267.jpg 400w, https:\/\/www.conferencecannabis.ca\/wp-content\/uploads\/2019\/07\/IMG_7579.jpg 1200w\" sizes=\"(max-width: 600px) 100vw, 600px\" \/><\/a>\n\t\t\t<\/div><\/figure>\n\t\t<\/div>\n\t\t<\/div>\n\t\t\t\t\t\t<\/div>\n\t\t\t\t<\/div>\n\t\t\t\t\t<\/div>\n\t\t<\/div>\n\t\t\t\t\t<\/div>\n\t\t<\/section>\n\t\t\t\t<section class=\"elementor-section elementor-top-section elementor-element elementor-element-f092ddc elementor-section-boxed elementor-section-height-default elementor-section-height-default\" data-id=\"f092ddc\" data-element_type=\"section\" data-e-type=\"section\">\n\t\t\t\t\t\t<div class=\"elementor-container elementor-column-gap-default\">\n\t\t\t\t\t<div class=\"elementor-column elementor-col-100 elementor-top-column elementor-element elementor-element-7f14318\" data-id=\"7f14318\" data-element_type=\"column\" data-e-type=\"column\">\n\t\t\t<div class=\"elementor-widget-wrap elementor-element-populated\">\n\t\t\t\t\t\t<div class=\"elementor-element elementor-element-270a4d5 elementor-widget elementor-widget-heading\" data-id=\"270a4d5\" data-element_type=\"widget\" data-e-type=\"widget\" data-widget_type=\"heading.default\">\n\t\t\t\t<div class=\"elementor-widget-container\">\n\t\t\t\t\t<h2 class=\"elementor-heading-title elementor-size-default\">2019 speakers<\/h2>\t\t\t\t<\/div>\n\t\t\t\t<\/div>\n\t\t\t\t\t<\/div>\n\t\t<\/div>\n\t\t\t\t\t<\/div>\n\t\t<\/section>\n\t\t\t\t<div class=\"elementor-section elementor-top-section elementor-element elementor-element-b2db818 elementor-section-stretched elementor-section-boxed elementor-section-height-default elementor-section-height-default\" data-id=\"b2db818\" data-element_type=\"section\" data-e-type=\"section\" data-settings=\"{&quot;stretch_section&quot;:&quot;section-stretched&quot;}\">\n\t\t\t\t\t\t<div class=\"elementor-container elementor-column-gap-no\">\n\t\t\t\t\t<div class=\"elementor-column elementor-col-100 elementor-top-column elementor-element elementor-element-91fffb9\" data-id=\"91fffb9\" data-element_type=\"column\" data-e-type=\"column\">\n\t\t\t<div class=\"elementor-widget-wrap elementor-element-populated\">\n\t\t\t\t\t\t<div class=\"elementor-element elementor-element-78468cb animated-fast elementor-invisible elementor-widget elementor-widget-opal-speakers\" data-id=\"78468cb\" data-element_type=\"widget\" data-e-type=\"widget\" data-settings=\"{&quot;_animation&quot;:&quot;opal-move-up&quot;}\" data-widget_type=\"opal-speakers.default\">\n\t\t\t\t<div class=\"elementor-widget-container\">\n\t\t\t\t\t\n        <div class=\"elementor-speaker-wrapper speaker-style-3\">\n            <div class=\"row\" data-elementor-columns=\"4\">\n\n                                \n<article class=\"column-item\">\n    <div class=\"speaker-item\">\n        <div class=\"speaker-image\">\n            <img loading=\"lazy\" decoding=\"async\" width=\"560\" height=\"560\" src=\"https:\/\/www.conferencecannabis.ca\/wp-content\/uploads\/2019\/07\/hugo-stlaurent.jpg\" class=\"attachment-post-thumbnail size-post-thumbnail wp-post-image\" alt=\"Hugo St-Laurent\" srcset=\"https:\/\/www.conferencecannabis.ca\/wp-content\/uploads\/2019\/07\/hugo-stlaurent.jpg 560w, https:\/\/www.conferencecannabis.ca\/wp-content\/uploads\/2019\/07\/hugo-stlaurent-300x300.jpg 300w, https:\/\/www.conferencecannabis.ca\/wp-content\/uploads\/2019\/07\/hugo-stlaurent-100x100.jpg 100w, https:\/\/www.conferencecannabis.ca\/wp-content\/uploads\/2019\/07\/hugo-stlaurent-150x150.jpg 150w, https:\/\/www.conferencecannabis.ca\/wp-content\/uploads\/2019\/07\/hugo-stlaurent-400x400.jpg 400w\" sizes=\"(max-width: 560px) 100vw, 560px\" \/>            <a class=\"link-detail\" href=\"https:\/\/www.conferencecannabis.ca\/en\/speakers\/hugo-st-laurent\/\"><\/a>\n        <\/div>\n        <div class=\"speaker-details\">\n            <h3 class=\"speaker-name\"><a href=\"https:\/\/www.conferencecannabis.ca\/en\/speakers\/hugo-st-laurent\/\">Hugo St-Laurent<\/a><\/h3>\n            <div class=\"speaker-job\">PRESIDENT \u2013 PURCANN PHARMA<\/div>\n        <\/div>\n    <\/div>\n<\/article>\n\n\n<article class=\"column-item\">\n    <div class=\"speaker-item\">\n        <div class=\"speaker-image\">\n            <img loading=\"lazy\" decoding=\"async\" width=\"1000\" height=\"1000\" src=\"https:\/\/www.conferencecannabis.ca\/wp-content\/uploads\/2019\/10\/Terry-Roycroft.jpg\" class=\"attachment-post-thumbnail size-post-thumbnail wp-post-image\" alt=\"\" srcset=\"https:\/\/www.conferencecannabis.ca\/wp-content\/uploads\/2019\/10\/Terry-Roycroft.jpg 1000w, https:\/\/www.conferencecannabis.ca\/wp-content\/uploads\/2019\/10\/Terry-Roycroft-300x300.jpg 300w, https:\/\/www.conferencecannabis.ca\/wp-content\/uploads\/2019\/10\/Terry-Roycroft-100x100.jpg 100w, https:\/\/www.conferencecannabis.ca\/wp-content\/uploads\/2019\/10\/Terry-Roycroft-600x600.jpg 600w, https:\/\/www.conferencecannabis.ca\/wp-content\/uploads\/2019\/10\/Terry-Roycroft-150x150.jpg 150w, https:\/\/www.conferencecannabis.ca\/wp-content\/uploads\/2019\/10\/Terry-Roycroft-768x768.jpg 768w, https:\/\/www.conferencecannabis.ca\/wp-content\/uploads\/2019\/10\/Terry-Roycroft-400x400.jpg 400w\" sizes=\"(max-width: 1000px) 100vw, 1000px\" \/>            <a class=\"link-detail\" href=\"https:\/\/www.conferencecannabis.ca\/en\/speakers\/terry-roycroft\/\"><\/a>\n        <\/div>\n        <div class=\"speaker-details\">\n            <h3 class=\"speaker-name\"><a href=\"https:\/\/www.conferencecannabis.ca\/en\/speakers\/terry-roycroft\/\">Terry Roycroft<\/a><\/h3>\n            <div class=\"speaker-job\">President and CEO at Seven Points Clinics. Founder of MCRCI<\/div>\n        <\/div>\n    <\/div>\n<\/article>\n\n\n<article class=\"column-item\">\n    <div class=\"speaker-item\">\n        <div class=\"speaker-image\">\n            <img loading=\"lazy\" decoding=\"async\" width=\"1000\" height=\"1000\" src=\"https:\/\/www.conferencecannabis.ca\/wp-content\/uploads\/2019\/09\/Karyemaitre-Aliffe.jpg\" class=\"attachment-post-thumbnail size-post-thumbnail wp-post-image\" alt=\"- Conf\u00e9rence canadienne sur le cannabis\" srcset=\"https:\/\/www.conferencecannabis.ca\/wp-content\/uploads\/2019\/09\/Karyemaitre-Aliffe.jpg 1000w, https:\/\/www.conferencecannabis.ca\/wp-content\/uploads\/2019\/09\/Karyemaitre-Aliffe-300x300.jpg 300w, https:\/\/www.conferencecannabis.ca\/wp-content\/uploads\/2019\/09\/Karyemaitre-Aliffe-100x100.jpg 100w, https:\/\/www.conferencecannabis.ca\/wp-content\/uploads\/2019\/09\/Karyemaitre-Aliffe-600x600.jpg 600w, https:\/\/www.conferencecannabis.ca\/wp-content\/uploads\/2019\/09\/Karyemaitre-Aliffe-150x150.jpg 150w, https:\/\/www.conferencecannabis.ca\/wp-content\/uploads\/2019\/09\/Karyemaitre-Aliffe-768x768.jpg 768w, https:\/\/www.conferencecannabis.ca\/wp-content\/uploads\/2019\/09\/Karyemaitre-Aliffe-400x400.jpg 400w\" sizes=\"(max-width: 1000px) 100vw, 1000px\" \/>            <a class=\"link-detail\" href=\"https:\/\/www.conferencecannabis.ca\/en\/speakers\/karyemaitre-aliffe\/\"><\/a>\n        <\/div>\n        <div class=\"speaker-details\">\n            <h3 class=\"speaker-name\"><a href=\"https:\/\/www.conferencecannabis.ca\/en\/speakers\/karyemaitre-aliffe\/\">Karyemaitre Aliffe<\/a><\/h3>\n            <div class=\"speaker-job\">Medical Researcher, President and Director General of Noobiome Clinical Sciences and Praxigen Biomedia<\/div>\n        <\/div>\n    <\/div>\n<\/article>\n\n\n<article class=\"column-item\">\n    <div class=\"speaker-item\">\n        <div class=\"speaker-image\">\n            <img loading=\"lazy\" decoding=\"async\" width=\"1075\" height=\"1072\" src=\"https:\/\/www.conferencecannabis.ca\/wp-content\/uploads\/2019\/09\/Alain-Thibodeau.jpg\" class=\"attachment-post-thumbnail size-post-thumbnail wp-post-image\" alt=\"Karyemaitre-Aliffe - Conf\u00e9rence canadienne sur le cannabis\" srcset=\"https:\/\/www.conferencecannabis.ca\/wp-content\/uploads\/2019\/09\/Alain-Thibodeau.jpg 1075w, https:\/\/www.conferencecannabis.ca\/wp-content\/uploads\/2019\/09\/Alain-Thibodeau-300x300.jpg 300w, https:\/\/www.conferencecannabis.ca\/wp-content\/uploads\/2019\/09\/Alain-Thibodeau-100x100.jpg 100w, https:\/\/www.conferencecannabis.ca\/wp-content\/uploads\/2019\/09\/Alain-Thibodeau-600x598.jpg 600w, https:\/\/www.conferencecannabis.ca\/wp-content\/uploads\/2019\/09\/Alain-Thibodeau-150x150.jpg 150w, https:\/\/www.conferencecannabis.ca\/wp-content\/uploads\/2019\/09\/Alain-Thibodeau-768x766.jpg 768w, https:\/\/www.conferencecannabis.ca\/wp-content\/uploads\/2019\/09\/Alain-Thibodeau-1024x1021.jpg 1024w, https:\/\/www.conferencecannabis.ca\/wp-content\/uploads\/2019\/09\/Alain-Thibodeau-400x399.jpg 400w\" sizes=\"(max-width: 1075px) 100vw, 1075px\" \/>            <a class=\"link-detail\" href=\"https:\/\/www.conferencecannabis.ca\/en\/speakers\/alain-thibodeau\/\"><\/a>\n        <\/div>\n        <div class=\"speaker-details\">\n            <h3 class=\"speaker-name\"><a href=\"https:\/\/www.conferencecannabis.ca\/en\/speakers\/alain-thibodeau\/\">Alain Thibodeau<\/a><\/h3>\n            <div class=\"speaker-job\">Director Bioscience and Cosmetics at Groupe SiliCycle<\/div>\n        <\/div>\n    <\/div>\n<\/article>\n\n\n<article class=\"column-item\">\n    <div class=\"speaker-item\">\n        <div class=\"speaker-image\">\n            <img loading=\"lazy\" decoding=\"async\" width=\"960\" height=\"960\" src=\"https:\/\/www.conferencecannabis.ca\/wp-content\/uploads\/2019\/09\/Eric-Caouette.jpg\" class=\"attachment-post-thumbnail size-post-thumbnail wp-post-image\" alt=\"Alain-Thibodeau - Conf\u00e9rence canadienne sur le cannabis\" srcset=\"https:\/\/www.conferencecannabis.ca\/wp-content\/uploads\/2019\/09\/Eric-Caouette.jpg 960w, https:\/\/www.conferencecannabis.ca\/wp-content\/uploads\/2019\/09\/Eric-Caouette-300x300.jpg 300w, https:\/\/www.conferencecannabis.ca\/wp-content\/uploads\/2019\/09\/Eric-Caouette-100x100.jpg 100w, https:\/\/www.conferencecannabis.ca\/wp-content\/uploads\/2019\/09\/Eric-Caouette-600x600.jpg 600w, https:\/\/www.conferencecannabis.ca\/wp-content\/uploads\/2019\/09\/Eric-Caouette-150x150.jpg 150w, https:\/\/www.conferencecannabis.ca\/wp-content\/uploads\/2019\/09\/Eric-Caouette-768x768.jpg 768w, https:\/\/www.conferencecannabis.ca\/wp-content\/uploads\/2019\/09\/Eric-Caouette-400x400.jpg 400w\" sizes=\"(max-width: 960px) 100vw, 960px\" \/>            <a class=\"link-detail\" href=\"https:\/\/www.conferencecannabis.ca\/en\/speakers\/eric-caouette\/\"><\/a>\n        <\/div>\n        <div class=\"speaker-details\">\n            <h3 class=\"speaker-name\"><a href=\"https:\/\/www.conferencecannabis.ca\/en\/speakers\/eric-caouette\/\">\u00c9ric Caouette<\/a><\/h3>\n            <div class=\"speaker-job\">Partner, Portfolio manager at Dubeau Capital<\/div>\n        <\/div>\n    <\/div>\n<\/article>\n\n\n<article class=\"column-item\">\n    <div class=\"speaker-item\">\n        <div class=\"speaker-image\">\n            <img loading=\"lazy\" decoding=\"async\" width=\"1000\" height=\"1000\" src=\"https:\/\/www.conferencecannabis.ca\/wp-content\/uploads\/2019\/09\/louis-turcotte.jpg\" class=\"attachment-post-thumbnail size-post-thumbnail wp-post-image\" alt=\"Olivier-Dufourmantelle\" srcset=\"https:\/\/www.conferencecannabis.ca\/wp-content\/uploads\/2019\/09\/louis-turcotte.jpg 1000w, https:\/\/www.conferencecannabis.ca\/wp-content\/uploads\/2019\/09\/louis-turcotte-300x300.jpg 300w, https:\/\/www.conferencecannabis.ca\/wp-content\/uploads\/2019\/09\/louis-turcotte-100x100.jpg 100w, https:\/\/www.conferencecannabis.ca\/wp-content\/uploads\/2019\/09\/louis-turcotte-600x600.jpg 600w, https:\/\/www.conferencecannabis.ca\/wp-content\/uploads\/2019\/09\/louis-turcotte-150x150.jpg 150w, https:\/\/www.conferencecannabis.ca\/wp-content\/uploads\/2019\/09\/louis-turcotte-768x768.jpg 768w, https:\/\/www.conferencecannabis.ca\/wp-content\/uploads\/2019\/09\/louis-turcotte-400x400.jpg 400w\" sizes=\"(max-width: 1000px) 100vw, 1000px\" \/>            <a class=\"link-detail\" href=\"https:\/\/www.conferencecannabis.ca\/en\/speakers\/louis-turcotte\/\"><\/a>\n        <\/div>\n        <div class=\"speaker-details\">\n            <h3 class=\"speaker-name\"><a href=\"https:\/\/www.conferencecannabis.ca\/en\/speakers\/louis-turcotte\/\">Louis Turcotte<\/a><\/h3>\n            <div class=\"speaker-job\">Global Head of Strategy, Pharmaceutical, OPTEL Group<\/div>\n        <\/div>\n    <\/div>\n<\/article>\n\n\n<article class=\"column-item\">\n    <div class=\"speaker-item\">\n        <div class=\"speaker-image\">\n            <img loading=\"lazy\" decoding=\"async\" width=\"1000\" height=\"1000\" src=\"https:\/\/www.conferencecannabis.ca\/wp-content\/uploads\/2019\/09\/Olivier-Dufourmantelle-Canopy-Rivers-2.jpg\" class=\"attachment-post-thumbnail size-post-thumbnail wp-post-image\" alt=\"Eric-Caouette - Conf\u00e9rence canadienne sur le cannabis\" srcset=\"https:\/\/www.conferencecannabis.ca\/wp-content\/uploads\/2019\/09\/Olivier-Dufourmantelle-Canopy-Rivers-2.jpg 1000w, https:\/\/www.conferencecannabis.ca\/wp-content\/uploads\/2019\/09\/Olivier-Dufourmantelle-Canopy-Rivers-2-300x300.jpg 300w, https:\/\/www.conferencecannabis.ca\/wp-content\/uploads\/2019\/09\/Olivier-Dufourmantelle-Canopy-Rivers-2-100x100.jpg 100w, https:\/\/www.conferencecannabis.ca\/wp-content\/uploads\/2019\/09\/Olivier-Dufourmantelle-Canopy-Rivers-2-600x600.jpg 600w, https:\/\/www.conferencecannabis.ca\/wp-content\/uploads\/2019\/09\/Olivier-Dufourmantelle-Canopy-Rivers-2-150x150.jpg 150w, https:\/\/www.conferencecannabis.ca\/wp-content\/uploads\/2019\/09\/Olivier-Dufourmantelle-Canopy-Rivers-2-768x768.jpg 768w, https:\/\/www.conferencecannabis.ca\/wp-content\/uploads\/2019\/09\/Olivier-Dufourmantelle-Canopy-Rivers-2-400x400.jpg 400w\" sizes=\"(max-width: 1000px) 100vw, 1000px\" \/>            <a class=\"link-detail\" href=\"https:\/\/www.conferencecannabis.ca\/en\/speakers\/olivier-dufourmantelle\/\"><\/a>\n        <\/div>\n        <div class=\"speaker-details\">\n            <h3 class=\"speaker-name\"><a href=\"https:\/\/www.conferencecannabis.ca\/en\/speakers\/olivier-dufourmantelle\/\">Olivier Dufourmantelle<\/a><\/h3>\n            <div class=\"speaker-job\">Chief Operating Officer, Canopy Rivers<\/div>\n        <\/div>\n    <\/div>\n<\/article>\n\n\n<article class=\"column-item\">\n    <div class=\"speaker-item\">\n        <div class=\"speaker-image\">\n            <img loading=\"lazy\" decoding=\"async\" width=\"1000\" height=\"1000\" src=\"https:\/\/www.conferencecannabis.ca\/wp-content\/uploads\/2019\/08\/Sylvain-Charlebois.jpg\" class=\"attachment-post-thumbnail size-post-thumbnail wp-post-image\" alt=\"Olivier-Dufourmantelle - Conf\u00e9rence canadienne sur le cannabis\" srcset=\"https:\/\/www.conferencecannabis.ca\/wp-content\/uploads\/2019\/08\/Sylvain-Charlebois.jpg 1000w, https:\/\/www.conferencecannabis.ca\/wp-content\/uploads\/2019\/08\/Sylvain-Charlebois-300x300.jpg 300w, https:\/\/www.conferencecannabis.ca\/wp-content\/uploads\/2019\/08\/Sylvain-Charlebois-100x100.jpg 100w, https:\/\/www.conferencecannabis.ca\/wp-content\/uploads\/2019\/08\/Sylvain-Charlebois-600x600.jpg 600w, https:\/\/www.conferencecannabis.ca\/wp-content\/uploads\/2019\/08\/Sylvain-Charlebois-150x150.jpg 150w, https:\/\/www.conferencecannabis.ca\/wp-content\/uploads\/2019\/08\/Sylvain-Charlebois-768x768.jpg 768w, https:\/\/www.conferencecannabis.ca\/wp-content\/uploads\/2019\/08\/Sylvain-Charlebois-400x400.jpg 400w\" sizes=\"(max-width: 1000px) 100vw, 1000px\" \/>            <a class=\"link-detail\" href=\"https:\/\/www.conferencecannabis.ca\/en\/speakers\/sylvain-charlebois\/\"><\/a>\n        <\/div>\n        <div class=\"speaker-details\">\n            <h3 class=\"speaker-name\"><a href=\"https:\/\/www.conferencecannabis.ca\/en\/speakers\/sylvain-charlebois\/\">Sylvain Charlebois<\/a><\/h3>\n            <div class=\"speaker-job\">Professor, Faculty of Management and Agriculture at Dalhousie University<\/div>\n        <\/div>\n    <\/div>\n<\/article>\n\n\n<article class=\"column-item\">\n    <div class=\"speaker-item\">\n        <div class=\"speaker-image\">\n            <img loading=\"lazy\" decoding=\"async\" width=\"560\" height=\"560\" src=\"https:\/\/www.conferencecannabis.ca\/wp-content\/uploads\/2019\/07\/andre-gosselin.jpg\" class=\"attachment-post-thumbnail size-post-thumbnail wp-post-image\" alt=\"Francois-beland - Conf\u00e9rence canadienne sur le cannabis\" srcset=\"https:\/\/www.conferencecannabis.ca\/wp-content\/uploads\/2019\/07\/andre-gosselin.jpg 560w, https:\/\/www.conferencecannabis.ca\/wp-content\/uploads\/2019\/07\/andre-gosselin-300x300.jpg 300w, https:\/\/www.conferencecannabis.ca\/wp-content\/uploads\/2019\/07\/andre-gosselin-100x100.jpg 100w, https:\/\/www.conferencecannabis.ca\/wp-content\/uploads\/2019\/07\/andre-gosselin-150x150.jpg 150w, https:\/\/www.conferencecannabis.ca\/wp-content\/uploads\/2019\/07\/andre-gosselin-400x400.jpg 400w\" sizes=\"(max-width: 560px) 100vw, 560px\" \/>            <a class=\"link-detail\" href=\"https:\/\/www.conferencecannabis.ca\/en\/speakers\/dr-andre-gosselin-purcann-pharma\/\"><\/a>\n        <\/div>\n        <div class=\"speaker-details\">\n            <h3 class=\"speaker-name\"><a href=\"https:\/\/www.conferencecannabis.ca\/en\/speakers\/dr-andre-gosselin-purcann-pharma\/\">Dr Andr\u00e9 Gosselin<\/a><\/h3>\n            <div class=\"speaker-job\">Vice-President Procurement & Scientific Affairs, PurCann Pharma<\/div>\n        <\/div>\n    <\/div>\n<\/article>\n\n\n            <\/div>\n        <\/div>\n\n        \t\t\t\t<\/div>\n\t\t\t\t<\/div>\n\t\t\t\t\t<\/div>\n\t\t<\/div>\n\t\t\t\t\t<\/div>\n\t\t<\/div>\n\t\t\t\t<section class=\"elementor-section elementor-top-section elementor-element elementor-element-da82ab8 elementor-section-boxed elementor-section-height-default elementor-section-height-default\" data-id=\"da82ab8\" data-element_type=\"section\" data-e-type=\"section\">\n\t\t\t\t\t\t<div class=\"elementor-container elementor-column-gap-default\">\n\t\t\t\t\t<div class=\"elementor-column elementor-col-100 elementor-top-column elementor-element elementor-element-be371bd\" data-id=\"be371bd\" data-element_type=\"column\" data-e-type=\"column\">\n\t\t\t<div class=\"elementor-widget-wrap elementor-element-populated\">\n\t\t\t\t\t\t<div class=\"elementor-element elementor-element-dfc7917 elementor-widget elementor-widget-heading\" data-id=\"dfc7917\" data-element_type=\"widget\" data-e-type=\"widget\" data-widget_type=\"heading.default\">\n\t\t\t\t<div class=\"elementor-widget-container\">\n\t\t\t\t\t<h2 class=\"elementor-heading-title elementor-size-default\">2019 schedule<\/h2>\t\t\t\t<\/div>\n\t\t\t\t<\/div>\n\t\t\t\t\t<\/div>\n\t\t<\/div>\n\t\t\t\t\t<\/div>\n\t\t<\/section>\n\t\t\t\t<div class=\"elementor-section elementor-top-section elementor-element elementor-element-f6f927c elementor-section-stretched elementor-section-boxed elementor-section-height-default elementor-section-height-default\" data-id=\"f6f927c\" data-element_type=\"section\" data-e-type=\"section\" data-settings=\"{&quot;stretch_section&quot;:&quot;section-stretched&quot;}\">\n\t\t\t\t\t\t<div class=\"elementor-container elementor-column-gap-no\">\n\t\t\t\t\t<div class=\"elementor-column elementor-col-100 elementor-top-column elementor-element elementor-element-9d3a6f6\" data-id=\"9d3a6f6\" data-element_type=\"column\" data-e-type=\"column\">\n\t\t\t<div class=\"elementor-widget-wrap elementor-element-populated\">\n\t\t\t\t\t\t<div class=\"elementor-element elementor-element-9b111fe elementor-widget elementor-widget-opal-schedules\" data-id=\"9b111fe\" data-element_type=\"widget\" data-e-type=\"widget\" data-widget_type=\"opal-schedules.default\">\n\t\t\t\t<div class=\"elementor-widget-container\">\n\t\t\t\t\t        <div class=\"elementor-schedules-wrapper schedules-style-3\">\n                            <div class=\"elementor-schedules-tabs\">\n                                                <div class=\"elementor-schedules-tab elementor-active\" data-tab=\".elementor-schedules-tab-content-0\">\n                                        <div class=\"schedules-day\">\n            <div class=\"schedules-day-name\">AM  conference<\/div>\n            <div class=\"schedules-day-time\">10\/10\/2019<\/div>\n        <\/div>\n                                    <\/div>\n                                                        <div class=\"elementor-schedules-tab\" data-tab=\".elementor-schedules-tab-content-1\">\n                                        <div class=\"schedules-day\">\n            <div class=\"schedules-day-name\">PM  conference<\/div>\n            <div class=\"schedules-day-time\">10\/10\/2019<\/div>\n        <\/div>\n                                    <\/div>\n                                            <\/div>\n                <div class=\"elementor-schedules-content\">\n                                                <div class=\"elementor-schedules-tab-content elementor-schedules-tab-content-0\">\n                                            <div class=\"schedules-item\">\n                <div class=\"item-schedules_items\">\n\n                    <div class=\"item-meta\">\n                        <div class=\"time-schedules\">\n                            <span class=\"time-schedules-icon\"><i class=\"opal-icon-clock2\"><\/i><\/span>\n                            <span>\n                            0 h 00 min - 0 h 00 min                            <\/span>\n                        <\/div>\n                                                    <div class=\"location-schedules\">\n                                <span><i class=\"opal-icon-map-marker-alt\"><\/i><\/span><span>Ballroom<\/span>\n                            <\/div>\n                                                                    <\/div>\n\n                    <div class=\"item-wrapper\">\n                                                <h3 class=\"title-schedules title-label\">Reception and registration<\/h3>\n                                                <div class=\"description-schedules\"><\/div>\n                                            <\/div>\n                <\/div>\n            <\/div>\n                        <div class=\"schedules-item\">\n                <div class=\"item-schedules_items\">\n\n                    <div class=\"item-meta\">\n                        <div class=\"time-schedules\">\n                            <span class=\"time-schedules-icon\"><i class=\"opal-icon-clock2\"><\/i><\/span>\n                            <span>\n                            0 h 00 min - 0 h 00 min                            <\/span>\n                        <\/div>\n                                                    <div class=\"location-schedules\">\n                                <span><i class=\"opal-icon-map-marker-alt\"><\/i><\/span><span>Ballroom<\/span>\n                            <\/div>\n                                                                            <div class=\"author-schedules\">\n                                <span class=\"author-schedules-icon\"><i class=\"opal-icon-microphone-alt\"><\/i><\/span>\n                                <span class=\"author-schedules-group\">\n                                    <span>By <\/span>                                    <a href=\"https:\/\/www.conferencecannabis.ca\/en\/speakers\/alain-thibodeau\/\">Alain Thibodeau<\/a>                                <\/span>\n                                                            <\/div>\n                                            <\/div>\n\n                    <div class=\"item-wrapper\">\n                                                <h3 class=\"title-schedules\">The biology of the endocannabinoid system and cannabidiol: cosmetic applications<\/h3>\n                                                    <div class=\"item-image-wrapper\">\n                                                                    <div class=\"item-image tooltipster-wrap\">\n                                        <a href=\"https:\/\/www.conferencecannabis.ca\/en\/speakers\/alain-thibodeau\/\"><img loading=\"lazy\" decoding=\"async\" width=\"150\" height=\"150\" src=\"https:\/\/www.conferencecannabis.ca\/wp-content\/uploads\/2019\/09\/Alain-Thibodeau-150x150.jpg\" class=\"attachment-thumbnail size-thumbnail wp-post-image\" alt=\"Karyemaitre-Aliffe - Conf\u00e9rence canadienne sur le cannabis\" srcset=\"https:\/\/www.conferencecannabis.ca\/wp-content\/uploads\/2019\/09\/Alain-Thibodeau-150x150.jpg 150w, https:\/\/www.conferencecannabis.ca\/wp-content\/uploads\/2019\/09\/Alain-Thibodeau-300x300.jpg 300w, https:\/\/www.conferencecannabis.ca\/wp-content\/uploads\/2019\/09\/Alain-Thibodeau-100x100.jpg 100w, https:\/\/www.conferencecannabis.ca\/wp-content\/uploads\/2019\/09\/Alain-Thibodeau-600x598.jpg 600w, https:\/\/www.conferencecannabis.ca\/wp-content\/uploads\/2019\/09\/Alain-Thibodeau-768x766.jpg 768w, https:\/\/www.conferencecannabis.ca\/wp-content\/uploads\/2019\/09\/Alain-Thibodeau-1024x1021.jpg 1024w, https:\/\/www.conferencecannabis.ca\/wp-content\/uploads\/2019\/09\/Alain-Thibodeau-400x399.jpg 400w, https:\/\/www.conferencecannabis.ca\/wp-content\/uploads\/2019\/09\/Alain-Thibodeau.jpg 1075w\" sizes=\"(max-width: 150px) 100vw, 150px\" \/><\/a>                                        <div class=\"tooltipster-speaker-content\">\n                                            <div class=\"name\">Alain Thibodeau<\/div>\n                                            <div class=\"job\">Director Bioscience and Cosmetics at Groupe SiliCycle<\/div>\n                                        <\/div>\n                                    <\/div>\n                                                            <\/div>\n                                                    <div class=\"description-schedules\"><p>Brief history of phytocannabinoids and the endocannabonoid system. Subsequently, the biology of the endocannabinoid system and CB1 and CB2 receptors and how the CBD interacts with the endocannabinoid system. Finally, a demonstration of the benefits of CBD in relation to acne.<\/p>\n<\/div>\n                                                    <div class=\"button-schedules\"><i class=\"opal-icon-times\"><\/i><\/div>\n                                            <\/div>\n                <\/div>\n            <\/div>\n                        <div class=\"schedules-item\">\n                <div class=\"item-schedules_items\">\n\n                    <div class=\"item-meta\">\n                        <div class=\"time-schedules\">\n                            <span class=\"time-schedules-icon\"><i class=\"opal-icon-clock2\"><\/i><\/span>\n                            <span>\n                            0 h 00 min - 0 h 00 min                            <\/span>\n                        <\/div>\n                                                    <div class=\"location-schedules\">\n                                <span><i class=\"opal-icon-map-marker-alt\"><\/i><\/span><span>Ballroom<\/span>\n                            <\/div>\n                                                                            <div class=\"author-schedules\">\n                                <span class=\"author-schedules-icon\"><i class=\"opal-icon-microphone-alt\"><\/i><\/span>\n                                <span class=\"author-schedules-group\">\n                                    <span>By <\/span>                                    <a href=\"https:\/\/www.conferencecannabis.ca\/en\/speakers\/dr-andre-gosselin-purcann-pharma\/\">Dr Andr\u00e9 Gosselin<\/a>                                <\/span>\n                                                            <\/div>\n                                            <\/div>\n\n                    <div class=\"item-wrapper\">\n                                                <h3 class=\"title-schedules\">The challenges and opportunities of producing hemp for CBD in Canada<\/h3>\n                                                    <div class=\"item-image-wrapper\">\n                                                                    <div class=\"item-image tooltipster-wrap\">\n                                        <a href=\"https:\/\/www.conferencecannabis.ca\/en\/speakers\/dr-andre-gosselin-purcann-pharma\/\"><img loading=\"lazy\" decoding=\"async\" width=\"150\" height=\"150\" src=\"https:\/\/www.conferencecannabis.ca\/wp-content\/uploads\/2019\/07\/andre-gosselin-150x150.jpg\" class=\"attachment-thumbnail size-thumbnail wp-post-image\" alt=\"Francois-beland - Conf\u00e9rence canadienne sur le cannabis\" srcset=\"https:\/\/www.conferencecannabis.ca\/wp-content\/uploads\/2019\/07\/andre-gosselin-150x150.jpg 150w, https:\/\/www.conferencecannabis.ca\/wp-content\/uploads\/2019\/07\/andre-gosselin-300x300.jpg 300w, https:\/\/www.conferencecannabis.ca\/wp-content\/uploads\/2019\/07\/andre-gosselin-100x100.jpg 100w, https:\/\/www.conferencecannabis.ca\/wp-content\/uploads\/2019\/07\/andre-gosselin-400x400.jpg 400w, https:\/\/www.conferencecannabis.ca\/wp-content\/uploads\/2019\/07\/andre-gosselin.jpg 560w\" sizes=\"(max-width: 150px) 100vw, 150px\" \/><\/a>                                        <div class=\"tooltipster-speaker-content\">\n                                            <div class=\"name\">Dr Andr\u00e9 Gosselin<\/div>\n                                            <div class=\"job\">Vice-President Procurement & Scientific Affairs, PurCann Pharma<\/div>\n                                        <\/div>\n                                    <\/div>\n                                                            <\/div>\n                                                    <div class=\"description-schedules\"><\/div>\n                                                    <div class=\"button-schedules\"><i class=\"opal-icon-times\"><\/i><\/div>\n                                            <\/div>\n                <\/div>\n            <\/div>\n                        <div class=\"schedules-item\">\n                <div class=\"item-schedules_items\">\n\n                    <div class=\"item-meta\">\n                        <div class=\"time-schedules\">\n                            <span class=\"time-schedules-icon\"><i class=\"opal-icon-clock2\"><\/i><\/span>\n                            <span>\n                            0 h 00 min - 0 h 00 min                            <\/span>\n                        <\/div>\n                                                    <div class=\"location-schedules\">\n                                <span><i class=\"opal-icon-map-marker-alt\"><\/i><\/span><span>Ballroom<\/span>\n                            <\/div>\n                                                                    <\/div>\n\n                    <div class=\"item-wrapper\">\n                                                <h3 class=\"title-schedules title-label\">Health break<\/h3>\n                                                <div class=\"description-schedules\"><\/div>\n                                            <\/div>\n                <\/div>\n            <\/div>\n                        <div class=\"schedules-item\">\n                <div class=\"item-schedules_items\">\n\n                    <div class=\"item-meta\">\n                        <div class=\"time-schedules\">\n                            <span class=\"time-schedules-icon\"><i class=\"opal-icon-clock2\"><\/i><\/span>\n                            <span>\n                            0 h 00 min - 0 h 00 min                            <\/span>\n                        <\/div>\n                                                    <div class=\"location-schedules\">\n                                <span><i class=\"opal-icon-map-marker-alt\"><\/i><\/span><span>Ballroom<\/span>\n                            <\/div>\n                                                                            <div class=\"author-schedules\">\n                                <span class=\"author-schedules-icon\"><i class=\"opal-icon-microphone-alt\"><\/i><\/span>\n                                <span class=\"author-schedules-group\">\n                                    <span>By <\/span>                                    <a href=\"https:\/\/www.conferencecannabis.ca\/en\/speakers\/terry-roycroft\/\">Terry Roycroft<\/a>                                <\/span>\n                                                            <\/div>\n                                            <\/div>\n\n                    <div class=\"item-wrapper\">\n                                                <h3 class=\"title-schedules\">Medical Cannabis in Senior Care<\/h3>\n                                                    <div class=\"item-image-wrapper\">\n                                                                    <div class=\"item-image tooltipster-wrap\">\n                                        <a href=\"https:\/\/www.conferencecannabis.ca\/en\/speakers\/terry-roycroft\/\"><img loading=\"lazy\" decoding=\"async\" width=\"150\" height=\"150\" src=\"https:\/\/www.conferencecannabis.ca\/wp-content\/uploads\/2019\/10\/Terry-Roycroft-150x150.jpg\" class=\"attachment-thumbnail size-thumbnail wp-post-image\" alt=\"\" srcset=\"https:\/\/www.conferencecannabis.ca\/wp-content\/uploads\/2019\/10\/Terry-Roycroft-150x150.jpg 150w, https:\/\/www.conferencecannabis.ca\/wp-content\/uploads\/2019\/10\/Terry-Roycroft-300x300.jpg 300w, https:\/\/www.conferencecannabis.ca\/wp-content\/uploads\/2019\/10\/Terry-Roycroft-100x100.jpg 100w, https:\/\/www.conferencecannabis.ca\/wp-content\/uploads\/2019\/10\/Terry-Roycroft-600x600.jpg 600w, https:\/\/www.conferencecannabis.ca\/wp-content\/uploads\/2019\/10\/Terry-Roycroft-768x768.jpg 768w, https:\/\/www.conferencecannabis.ca\/wp-content\/uploads\/2019\/10\/Terry-Roycroft-400x400.jpg 400w, https:\/\/www.conferencecannabis.ca\/wp-content\/uploads\/2019\/10\/Terry-Roycroft.jpg 1000w\" sizes=\"(max-width: 150px) 100vw, 150px\" \/><\/a>                                        <div class=\"tooltipster-speaker-content\">\n                                            <div class=\"name\">Terry Roycroft<\/div>\n                                            <div class=\"job\">President and CEO at Seven Points Clinics. Founder of MCRCI<\/div>\n                                        <\/div>\n                                    <\/div>\n                                                            <\/div>\n                                                    <div class=\"description-schedules\"><\/div>\n                                                    <div class=\"button-schedules\"><i class=\"opal-icon-times\"><\/i><\/div>\n                                            <\/div>\n                <\/div>\n            <\/div>\n                        <div class=\"schedules-item\">\n                <div class=\"item-schedules_items\">\n\n                    <div class=\"item-meta\">\n                        <div class=\"time-schedules\">\n                            <span class=\"time-schedules-icon\"><i class=\"opal-icon-clock2\"><\/i><\/span>\n                            <span>\n                            0 h 00 min - 0 h 00 min                            <\/span>\n                        <\/div>\n                                                    <div class=\"location-schedules\">\n                                <span><i class=\"opal-icon-map-marker-alt\"><\/i><\/span><span>Ballroom<\/span>\n                            <\/div>\n                                                                            <div class=\"author-schedules\">\n                                <span class=\"author-schedules-icon\"><i class=\"opal-icon-microphone-alt\"><\/i><\/span>\n                                <span class=\"author-schedules-group\">\n                                    <span>By <\/span>                                    <a href=\"https:\/\/www.conferencecannabis.ca\/en\/speakers\/david-hyde\/\">David Hyde<\/a>                                <\/span>\n                                                            <\/div>\n                                            <\/div>\n\n                    <div class=\"item-wrapper\">\n                                                <h3 class=\"title-schedules\">Redefining security rules<\/h3>\n                                                    <div class=\"item-image-wrapper\">\n                                                                    <div class=\"item-image tooltipster-wrap\">\n                                        <a href=\"https:\/\/www.conferencecannabis.ca\/en\/speakers\/david-hyde\/\"><img loading=\"lazy\" decoding=\"async\" width=\"150\" height=\"150\" src=\"https:\/\/www.conferencecannabis.ca\/wp-content\/uploads\/2019\/08\/David-Hyde-Professional-Head-Shot-150x150.jpg\" class=\"attachment-thumbnail size-thumbnail wp-post-image\" alt=\"Sylvain-Charlebois\" srcset=\"https:\/\/www.conferencecannabis.ca\/wp-content\/uploads\/2019\/08\/David-Hyde-Professional-Head-Shot-150x150.jpg 150w, https:\/\/www.conferencecannabis.ca\/wp-content\/uploads\/2019\/08\/David-Hyde-Professional-Head-Shot-300x300.jpg 300w, https:\/\/www.conferencecannabis.ca\/wp-content\/uploads\/2019\/08\/David-Hyde-Professional-Head-Shot-100x100.jpg 100w, https:\/\/www.conferencecannabis.ca\/wp-content\/uploads\/2019\/08\/David-Hyde-Professional-Head-Shot-600x600.jpg 600w, https:\/\/www.conferencecannabis.ca\/wp-content\/uploads\/2019\/08\/David-Hyde-Professional-Head-Shot-768x768.jpg 768w, https:\/\/www.conferencecannabis.ca\/wp-content\/uploads\/2019\/08\/David-Hyde-Professional-Head-Shot-400x400.jpg 400w, https:\/\/www.conferencecannabis.ca\/wp-content\/uploads\/2019\/08\/David-Hyde-Professional-Head-Shot.jpg 1000w\" sizes=\"(max-width: 150px) 100vw, 150px\" \/><\/a>                                        <div class=\"tooltipster-speaker-content\">\n                                            <div class=\"name\">David Hyde<\/div>\n                                            <div class=\"job\">President, 3|Sixty Secure Corp.<\/div>\n                                        <\/div>\n                                    <\/div>\n                                                            <\/div>\n                                                    <div class=\"description-schedules\"><\/div>\n                                                    <div class=\"button-schedules\"><i class=\"opal-icon-times\"><\/i><\/div>\n                                            <\/div>\n                <\/div>\n            <\/div>\n                        <div class=\"schedules-item\">\n                <div class=\"item-schedules_items\">\n\n                    <div class=\"item-meta\">\n                        <div class=\"time-schedules\">\n                            <span class=\"time-schedules-icon\"><i class=\"opal-icon-clock2\"><\/i><\/span>\n                            <span>\n                                                        <\/span>\n                        <\/div>\n                                                    <div class=\"location-schedules\">\n                                <span><i class=\"opal-icon-map-marker-alt\"><\/i><\/span><span>Ballroom<\/span>\n                            <\/div>\n                                                                    <\/div>\n\n                    <div class=\"item-wrapper\">\n                                                <h3 class=\"title-schedules title-label\">Lunch break<\/h3>\n                                                <div class=\"description-schedules\"><\/div>\n                                            <\/div>\n                <\/div>\n            <\/div>\n                                        <\/div>\n                                                        <div class=\"elementor-schedules-tab-content elementor-schedules-tab-content-1\">\n                                            <div class=\"schedules-item\">\n                <div class=\"item-schedules_items\">\n\n                    <div class=\"item-meta\">\n                        <div class=\"time-schedules\">\n                            <span class=\"time-schedules-icon\"><i class=\"opal-icon-clock2\"><\/i><\/span>\n                            <span>\n                            0 h 30 min - 13 h 30 min                            <\/span>\n                        <\/div>\n                                                    <div class=\"location-schedules\">\n                                <span><i class=\"opal-icon-map-marker-alt\"><\/i><\/span><span>Ballroom<\/span>\n                            <\/div>\n                                                                            <div class=\"author-schedules\">\n                                <span class=\"author-schedules-icon\"><i class=\"opal-icon-microphone-alt\"><\/i><\/span>\n                                <span class=\"author-schedules-group\">\n                                    <span>By <\/span>                                    <a href=\"https:\/\/www.conferencecannabis.ca\/en\/speakers\/karyemaitre-aliffe\/\">Karyemaitre Aliffe<\/a>                                <\/span>\n                                                            <\/div>\n                                            <\/div>\n\n                    <div class=\"item-wrapper\">\n                                                <h3 class=\"title-schedules\">Full-Spectrum, Broad-Spectrum, Isolates- The entourage Effect Question - Special guest<\/h3>\n                                                    <div class=\"item-image-wrapper\">\n                                                                    <div class=\"item-image tooltipster-wrap\">\n                                        <a href=\"https:\/\/www.conferencecannabis.ca\/en\/speakers\/karyemaitre-aliffe\/\"><img loading=\"lazy\" decoding=\"async\" width=\"150\" height=\"150\" src=\"https:\/\/www.conferencecannabis.ca\/wp-content\/uploads\/2019\/09\/Karyemaitre-Aliffe-150x150.jpg\" class=\"attachment-thumbnail size-thumbnail wp-post-image\" alt=\"- Conf\u00e9rence canadienne sur le cannabis\" srcset=\"https:\/\/www.conferencecannabis.ca\/wp-content\/uploads\/2019\/09\/Karyemaitre-Aliffe-150x150.jpg 150w, https:\/\/www.conferencecannabis.ca\/wp-content\/uploads\/2019\/09\/Karyemaitre-Aliffe-300x300.jpg 300w, https:\/\/www.conferencecannabis.ca\/wp-content\/uploads\/2019\/09\/Karyemaitre-Aliffe-100x100.jpg 100w, https:\/\/www.conferencecannabis.ca\/wp-content\/uploads\/2019\/09\/Karyemaitre-Aliffe-600x600.jpg 600w, https:\/\/www.conferencecannabis.ca\/wp-content\/uploads\/2019\/09\/Karyemaitre-Aliffe-768x768.jpg 768w, https:\/\/www.conferencecannabis.ca\/wp-content\/uploads\/2019\/09\/Karyemaitre-Aliffe-400x400.jpg 400w, https:\/\/www.conferencecannabis.ca\/wp-content\/uploads\/2019\/09\/Karyemaitre-Aliffe.jpg 1000w\" sizes=\"(max-width: 150px) 100vw, 150px\" \/><\/a>                                        <div class=\"tooltipster-speaker-content\">\n                                            <div class=\"name\">Karyemaitre Aliffe<\/div>\n                                            <div class=\"job\">Medical Researcher, President and Director General of Noobiome Clinical Sciences and Praxigen Biomedia<\/div>\n                                        <\/div>\n                                    <\/div>\n                                                            <\/div>\n                                                    <div class=\"description-schedules\"><\/div>\n                                                    <div class=\"button-schedules\"><i class=\"opal-icon-times\"><\/i><\/div>\n                                            <\/div>\n                <\/div>\n            <\/div>\n                        <div class=\"schedules-item\">\n                <div class=\"item-schedules_items\">\n\n                    <div class=\"item-meta\">\n                        <div class=\"time-schedules\">\n                            <span class=\"time-schedules-icon\"><i class=\"opal-icon-clock2\"><\/i><\/span>\n                            <span>\n                            13 h 30 min - 14 h 00 min                            <\/span>\n                        <\/div>\n                                                    <div class=\"location-schedules\">\n                                <span><i class=\"opal-icon-map-marker-alt\"><\/i><\/span><span>Ballroom<\/span>\n                            <\/div>\n                                                                            <div class=\"author-schedules\">\n                                <span class=\"author-schedules-icon\"><i class=\"opal-icon-microphone-alt\"><\/i><\/span>\n                                <span class=\"author-schedules-group\">\n                                    <span>By <\/span>                                    <a href=\"https:\/\/www.conferencecannabis.ca\/en\/speakers\/sylvain-charlebois\/\">Sylvain Charlebois<\/a>                                <\/span>\n                                                            <\/div>\n                                            <\/div>\n\n                    <div class=\"item-wrapper\">\n                                                <h3 class=\"title-schedules\">Edible products: Craze, disappointment, opportunities.<\/h3>\n                                                    <div class=\"item-image-wrapper\">\n                                                                    <div class=\"item-image tooltipster-wrap\">\n                                        <a href=\"https:\/\/www.conferencecannabis.ca\/en\/speakers\/sylvain-charlebois\/\"><img loading=\"lazy\" decoding=\"async\" width=\"150\" height=\"150\" src=\"https:\/\/www.conferencecannabis.ca\/wp-content\/uploads\/2019\/08\/Sylvain-Charlebois-150x150.jpg\" class=\"attachment-thumbnail size-thumbnail wp-post-image\" alt=\"Olivier-Dufourmantelle - Conf\u00e9rence canadienne sur le cannabis\" srcset=\"https:\/\/www.conferencecannabis.ca\/wp-content\/uploads\/2019\/08\/Sylvain-Charlebois-150x150.jpg 150w, https:\/\/www.conferencecannabis.ca\/wp-content\/uploads\/2019\/08\/Sylvain-Charlebois-300x300.jpg 300w, https:\/\/www.conferencecannabis.ca\/wp-content\/uploads\/2019\/08\/Sylvain-Charlebois-100x100.jpg 100w, https:\/\/www.conferencecannabis.ca\/wp-content\/uploads\/2019\/08\/Sylvain-Charlebois-600x600.jpg 600w, https:\/\/www.conferencecannabis.ca\/wp-content\/uploads\/2019\/08\/Sylvain-Charlebois-768x768.jpg 768w, https:\/\/www.conferencecannabis.ca\/wp-content\/uploads\/2019\/08\/Sylvain-Charlebois-400x400.jpg 400w, https:\/\/www.conferencecannabis.ca\/wp-content\/uploads\/2019\/08\/Sylvain-Charlebois.jpg 1000w\" sizes=\"(max-width: 150px) 100vw, 150px\" \/><\/a>                                        <div class=\"tooltipster-speaker-content\">\n                                            <div class=\"name\">Sylvain Charlebois<\/div>\n                                            <div class=\"job\">Professor, Faculty of Management and Agriculture at Dalhousie University<\/div>\n                                        <\/div>\n                                    <\/div>\n                                                            <\/div>\n                                                    <div class=\"description-schedules\"><\/div>\n                                                    <div class=\"button-schedules\"><i class=\"opal-icon-times\"><\/i><\/div>\n                                            <\/div>\n                <\/div>\n            <\/div>\n                        <div class=\"schedules-item\">\n                <div class=\"item-schedules_items\">\n\n                    <div class=\"item-meta\">\n                        <div class=\"time-schedules\">\n                            <span class=\"time-schedules-icon\"><i class=\"opal-icon-clock2\"><\/i><\/span>\n                            <span>\n                            14 h 00 min - 14 h 15 min                            <\/span>\n                        <\/div>\n                                                    <div class=\"location-schedules\">\n                                <span><i class=\"opal-icon-map-marker-alt\"><\/i><\/span><span>Ballroom<\/span>\n                            <\/div>\n                                                                            <div class=\"author-schedules\">\n                                <span class=\"author-schedules-icon\"><i class=\"opal-icon-microphone-alt\"><\/i><\/span>\n                                <span class=\"author-schedules-group\">\n                                    <span>By <\/span>                                    <a href=\"https:\/\/www.conferencecannabis.ca\/en\/speakers\/louis-turcotte\/\">Louis Turcotte<\/a>                                <\/span>\n                                                            <\/div>\n                                            <\/div>\n\n                    <div class=\"item-wrapper\">\n                                                <h3 class=\"title-schedules\">Traceability of cannabis products<\/h3>\n                                                    <div class=\"item-image-wrapper\">\n                                                                    <div class=\"item-image tooltipster-wrap\">\n                                        <a href=\"https:\/\/www.conferencecannabis.ca\/en\/speakers\/louis-turcotte\/\"><img loading=\"lazy\" decoding=\"async\" width=\"150\" height=\"150\" src=\"https:\/\/www.conferencecannabis.ca\/wp-content\/uploads\/2019\/09\/louis-turcotte-150x150.jpg\" class=\"attachment-thumbnail size-thumbnail wp-post-image\" alt=\"Olivier-Dufourmantelle\" srcset=\"https:\/\/www.conferencecannabis.ca\/wp-content\/uploads\/2019\/09\/louis-turcotte-150x150.jpg 150w, https:\/\/www.conferencecannabis.ca\/wp-content\/uploads\/2019\/09\/louis-turcotte-300x300.jpg 300w, https:\/\/www.conferencecannabis.ca\/wp-content\/uploads\/2019\/09\/louis-turcotte-100x100.jpg 100w, https:\/\/www.conferencecannabis.ca\/wp-content\/uploads\/2019\/09\/louis-turcotte-600x600.jpg 600w, https:\/\/www.conferencecannabis.ca\/wp-content\/uploads\/2019\/09\/louis-turcotte-768x768.jpg 768w, https:\/\/www.conferencecannabis.ca\/wp-content\/uploads\/2019\/09\/louis-turcotte-400x400.jpg 400w, https:\/\/www.conferencecannabis.ca\/wp-content\/uploads\/2019\/09\/louis-turcotte.jpg 1000w\" sizes=\"(max-width: 150px) 100vw, 150px\" \/><\/a>                                        <div class=\"tooltipster-speaker-content\">\n                                            <div class=\"name\">Louis Turcotte<\/div>\n                                            <div class=\"job\">Global Head of Strategy, Pharmaceutical, OPTEL Group<\/div>\n                                        <\/div>\n                                    <\/div>\n                                                            <\/div>\n                                                    <div class=\"description-schedules\"><\/div>\n                                                    <div class=\"button-schedules\"><i class=\"opal-icon-times\"><\/i><\/div>\n                                            <\/div>\n                <\/div>\n            <\/div>\n                        <div class=\"schedules-item\">\n                <div class=\"item-schedules_items\">\n\n                    <div class=\"item-meta\">\n                        <div class=\"time-schedules\">\n                            <span class=\"time-schedules-icon\"><i class=\"opal-icon-clock2\"><\/i><\/span>\n                            <span>\n                            14 h 15 min - 14 h 45 min                            <\/span>\n                        <\/div>\n                                                    <div class=\"location-schedules\">\n                                <span><i class=\"opal-icon-map-marker-alt\"><\/i><\/span><span>Ballroom<\/span>\n                            <\/div>\n                                                                    <\/div>\n\n                    <div class=\"item-wrapper\">\n                                                <h3 class=\"title-schedules title-label\">Health break<\/h3>\n                                                <div class=\"description-schedules\"><\/div>\n                                            <\/div>\n                <\/div>\n            <\/div>\n                        <div class=\"schedules-item\">\n                <div class=\"item-schedules_items\">\n\n                    <div class=\"item-meta\">\n                        <div class=\"time-schedules\">\n                            <span class=\"time-schedules-icon\"><i class=\"opal-icon-clock2\"><\/i><\/span>\n                            <span>\n                            14 h 45 min - 15 h 15 min                            <\/span>\n                        <\/div>\n                                                    <div class=\"location-schedules\">\n                                <span><i class=\"opal-icon-map-marker-alt\"><\/i><\/span><span>Ballroom<\/span>\n                            <\/div>\n                                                                            <div class=\"author-schedules\">\n                                <span class=\"author-schedules-icon\"><i class=\"opal-icon-microphone-alt\"><\/i><\/span>\n                                <span class=\"author-schedules-group\">\n                                    <span>By <\/span>                                    <a href=\"https:\/\/www.conferencecannabis.ca\/en\/speakers\/olivier-dufourmantelle\/\">Olivier Dufourmantelle<\/a>                                <\/span>\n                                                            <\/div>\n                                            <\/div>\n\n                    <div class=\"item-wrapper\">\n                                                <h3 class=\"title-schedules\">Opportunities and investment trends<\/h3>\n                                                    <div class=\"item-image-wrapper\">\n                                                                    <div class=\"item-image tooltipster-wrap\">\n                                        <a href=\"https:\/\/www.conferencecannabis.ca\/en\/speakers\/olivier-dufourmantelle\/\"><img loading=\"lazy\" decoding=\"async\" width=\"150\" height=\"150\" src=\"https:\/\/www.conferencecannabis.ca\/wp-content\/uploads\/2019\/09\/Olivier-Dufourmantelle-Canopy-Rivers-2-150x150.jpg\" class=\"attachment-thumbnail size-thumbnail wp-post-image\" alt=\"Eric-Caouette - Conf\u00e9rence canadienne sur le cannabis\" srcset=\"https:\/\/www.conferencecannabis.ca\/wp-content\/uploads\/2019\/09\/Olivier-Dufourmantelle-Canopy-Rivers-2-150x150.jpg 150w, https:\/\/www.conferencecannabis.ca\/wp-content\/uploads\/2019\/09\/Olivier-Dufourmantelle-Canopy-Rivers-2-300x300.jpg 300w, https:\/\/www.conferencecannabis.ca\/wp-content\/uploads\/2019\/09\/Olivier-Dufourmantelle-Canopy-Rivers-2-100x100.jpg 100w, https:\/\/www.conferencecannabis.ca\/wp-content\/uploads\/2019\/09\/Olivier-Dufourmantelle-Canopy-Rivers-2-600x600.jpg 600w, https:\/\/www.conferencecannabis.ca\/wp-content\/uploads\/2019\/09\/Olivier-Dufourmantelle-Canopy-Rivers-2-768x768.jpg 768w, https:\/\/www.conferencecannabis.ca\/wp-content\/uploads\/2019\/09\/Olivier-Dufourmantelle-Canopy-Rivers-2-400x400.jpg 400w, https:\/\/www.conferencecannabis.ca\/wp-content\/uploads\/2019\/09\/Olivier-Dufourmantelle-Canopy-Rivers-2.jpg 1000w\" sizes=\"(max-width: 150px) 100vw, 150px\" \/><\/a>                                        <div class=\"tooltipster-speaker-content\">\n                                            <div class=\"name\">Olivier Dufourmantelle<\/div>\n                                            <div class=\"job\">Chief Operating Officer, Canopy Rivers<\/div>\n                                        <\/div>\n                                    <\/div>\n                                                            <\/div>\n                                                    <div class=\"description-schedules\"><\/div>\n                                                    <div class=\"button-schedules\"><i class=\"opal-icon-times\"><\/i><\/div>\n                                            <\/div>\n                <\/div>\n            <\/div>\n                        <div class=\"schedules-item\">\n                <div class=\"item-schedules_items\">\n\n                    <div class=\"item-meta\">\n                        <div class=\"time-schedules\">\n                            <span class=\"time-schedules-icon\"><i class=\"opal-icon-clock2\"><\/i><\/span>\n                            <span>\n                            15 h 15 min - 15 h 45 min                            <\/span>\n                        <\/div>\n                                                    <div class=\"location-schedules\">\n                                <span><i class=\"opal-icon-map-marker-alt\"><\/i><\/span><span>Ballroom<\/span>\n                            <\/div>\n                                                                            <div class=\"author-schedules\">\n                                <span class=\"author-schedules-icon\"><i class=\"opal-icon-microphone-alt\"><\/i><\/span>\n                                <span class=\"author-schedules-group\">\n                                    <span>By <\/span>                                    <a href=\"https:\/\/www.conferencecannabis.ca\/en\/speakers\/eric-caouette\/\">\u00c9ric Caouette<\/a>                                <\/span>\n                                                            <\/div>\n                                            <\/div>\n\n                    <div class=\"item-wrapper\">\n                                                <h3 class=\"title-schedules\">The financial sector and cannabis<\/h3>\n                                                    <div class=\"item-image-wrapper\">\n                                                                    <div class=\"item-image tooltipster-wrap\">\n                                        <a href=\"https:\/\/www.conferencecannabis.ca\/en\/speakers\/eric-caouette\/\"><img loading=\"lazy\" decoding=\"async\" width=\"150\" height=\"150\" src=\"https:\/\/www.conferencecannabis.ca\/wp-content\/uploads\/2019\/09\/Eric-Caouette-150x150.jpg\" class=\"attachment-thumbnail size-thumbnail wp-post-image\" alt=\"Alain-Thibodeau - Conf\u00e9rence canadienne sur le cannabis\" srcset=\"https:\/\/www.conferencecannabis.ca\/wp-content\/uploads\/2019\/09\/Eric-Caouette-150x150.jpg 150w, https:\/\/www.conferencecannabis.ca\/wp-content\/uploads\/2019\/09\/Eric-Caouette-300x300.jpg 300w, https:\/\/www.conferencecannabis.ca\/wp-content\/uploads\/2019\/09\/Eric-Caouette-100x100.jpg 100w, https:\/\/www.conferencecannabis.ca\/wp-content\/uploads\/2019\/09\/Eric-Caouette-600x600.jpg 600w, https:\/\/www.conferencecannabis.ca\/wp-content\/uploads\/2019\/09\/Eric-Caouette-768x768.jpg 768w, https:\/\/www.conferencecannabis.ca\/wp-content\/uploads\/2019\/09\/Eric-Caouette-400x400.jpg 400w, https:\/\/www.conferencecannabis.ca\/wp-content\/uploads\/2019\/09\/Eric-Caouette.jpg 960w\" sizes=\"(max-width: 150px) 100vw, 150px\" \/><\/a>                                        <div class=\"tooltipster-speaker-content\">\n                                            <div class=\"name\">\u00c9ric Caouette<\/div>\n                                            <div class=\"job\">Partner, Portfolio manager at Dubeau Capital<\/div>\n                                        <\/div>\n                                    <\/div>\n                                                            <\/div>\n                                                    <div class=\"description-schedules\"><\/div>\n                                                    <div class=\"button-schedules\"><i class=\"opal-icon-times\"><\/i><\/div>\n                                            <\/div>\n                <\/div>\n            <\/div>\n                        <div class=\"schedules-item\">\n                <div class=\"item-schedules_items\">\n\n                    <div class=\"item-meta\">\n                        <div class=\"time-schedules\">\n                            <span class=\"time-schedules-icon\"><i class=\"opal-icon-clock2\"><\/i><\/span>\n                            <span>\n                            15 h 45 min - 16 h 45 min                            <\/span>\n                        <\/div>\n                                                    <div class=\"location-schedules\">\n                                <span><i class=\"opal-icon-map-marker-alt\"><\/i><\/span><span>PurCann Pharma<\/span>\n                            <\/div>\n                                                                    <\/div>\n\n                    <div class=\"item-wrapper\">\n                                                <h3 class=\"title-schedules title-label\">PurCann Pharma visit (visitors are subject to certain restrictions)<\/h3>\n                                                <div class=\"description-schedules\"><\/div>\n                                            <\/div>\n                <\/div>\n            <\/div>\n                        <div class=\"schedules-item\">\n                <div class=\"item-schedules_items\">\n\n                    <div class=\"item-meta\">\n                        <div class=\"time-schedules\">\n                            <span class=\"time-schedules-icon\"><i class=\"opal-icon-clock2\"><\/i><\/span>\n                            <span>\n                            16 h 45 min - 18 h 00 min                            <\/span>\n                        <\/div>\n                                                    <div class=\"location-schedules\">\n                                <span><i class=\"opal-icon-map-marker-alt\"><\/i><\/span><span>Groupe Optel<\/span>\n                            <\/div>\n                                                                    <\/div>\n\n                    <div class=\"item-wrapper\">\n                                                <h3 class=\"title-schedules title-label\">OPTEL Group visit (visitors are subject to certain restrictions)<\/h3>\n                                                <div class=\"description-schedules\"><\/div>\n                                            <\/div>\n                <\/div>\n            <\/div>\n                        <div class=\"schedules-item\">\n                <div class=\"item-schedules_items\">\n\n                    <div class=\"item-meta\">\n                        <div class=\"time-schedules\">\n                            <span class=\"time-schedules-icon\"><i class=\"opal-icon-clock2\"><\/i><\/span>\n                            <span>\n                            18 h 00 min - 20 h 00 min                            <\/span>\n                        <\/div>\n                                                    <div class=\"location-schedules\">\n                                <span><i class=\"opal-icon-map-marker-alt\"><\/i><\/span><span>Ballroom<\/span>\n                            <\/div>\n                                                                    <\/div>\n\n                    <div class=\"item-wrapper\">\n                                                <h3 class=\"title-schedules title-label\">Cocktail<\/h3>\n                                                <div class=\"description-schedules\"><\/div>\n                                            <\/div>\n                <\/div>\n            <\/div>\n                                        <\/div>\n                                            <\/div>\n                        <\/div>\n        \t\t\t\t<\/div>\n\t\t\t\t<\/div>\n\t\t\t\t\t<\/div>\n\t\t<\/div>\n\t\t\t\t\t<\/div>\n\t\t<\/div>\n\t\t\t\t<\/div>\n\t\t","protected":false},"excerpt":{"rendered":"<p>2019 speakers Hugo St-Laurent Co-founder and President of Groupe SiliCycle Terry Roycroft President and CEO at Seven Points Clinics. Founder of MCRCI Karyemaitre Aliffe Medical Researcher, President and Director General of Noobiome Clinical Sciences and Praxigen Biomedia Alain Thibodeau Director Bioscience and Cosmetics at SiliCycle Inc. \u00c9ric Caouette Partner, Portfolio manager at Dubeau Capital Louis &hellip; <span class=\"more-link-wrap\"><a href=\"https:\/\/www.conferencecannabis.ca\/en\/speakers\/dr-andre-gosselin-purcann-pharma\/\" class=\"more-link\">Read More <span class=\"screen-reader-text\"> &#8220;Dr Andr\u00e9 Gosselin&#8221;<\/span><\/a><\/span><\/p>\n","protected":false},"author":1,"featured_media":0,"parent":4075,"menu_order":0,"comment_status":"closed","ping_status":"closed","template":"","meta":{"inline_featured_image":false,"footnotes":""},"class_list":["post-3221","page","type-page","status-publish","hentry"],"yoast_head":"<!-- This site is optimized with the Yoast SEO plugin v27.1.1 - https:\/\/yoast.com\/product\/yoast-seo-wordpress\/ -->\n<title>2019 Conference - Canadian Conference on Cannabis<\/title>\n<meta name=\"description\" content=\"An overview of the speakers and topics of the 2019 edition of the Canadian Cannabis Conference in Quebec\" \/>\n<meta name=\"robots\" content=\"index, follow, max-snippet:-1, max-image-preview:large, max-video-preview:-1\" \/>\n<link rel=\"canonical\" href=\"https:\/\/www.conferencecannabis.ca\/en\/previous-editions\/2019-conference\/\" \/>\n<meta property=\"og:locale\" content=\"en_US\" \/>\n<meta property=\"og:type\" content=\"article\" \/>\n<meta property=\"og:title\" content=\"2019 Conference - Canadian Conference on Cannabis\" \/>\n<meta property=\"og:description\" content=\"An overview of the speakers and topics of the 2019 edition of the Canadian Cannabis Conference in Quebec\" \/>\n<meta property=\"og:url\" content=\"https:\/\/www.conferencecannabis.ca\/en\/previous-editions\/2019-conference\/\" \/>\n<meta property=\"og:site_name\" content=\"Conf\u00e9rence canadienne sur le cannabis\" \/>\n<meta property=\"article:publisher\" content=\"https:\/\/www.facebook.com\/Conf%c3%a9rence-canadienne-sur-le-cannabis-103896734329729\/\" \/>\n<meta property=\"article:modified_time\" content=\"2023-02-15T17:03:59+00:00\" \/>\n<meta property=\"og:image\" content=\"https:\/\/www.conferencecannabis.ca\/wp-content\/uploads\/2019\/07\/IMG_7022-1024x683.jpg\" \/>\n<meta name=\"twitter:card\" content=\"summary_large_image\" \/>\n<meta name=\"twitter:label1\" content=\"Est. reading time\" \/>\n\t<meta name=\"twitter:data1\" content=\"10 minutes\" \/>\n<script type=\"application\/ld+json\" class=\"yoast-schema-graph\">{\"@context\":\"https:\/\/schema.org\",\"@graph\":[{\"@type\":\"WebPage\",\"@id\":\"https:\/\/www.conferencecannabis.ca\/en\/previous-editions\/2019-conference\/\",\"url\":\"https:\/\/www.conferencecannabis.ca\/en\/previous-editions\/2019-conference\/\",\"name\":\"2019 Conference - Canadian Conference on Cannabis\",\"isPartOf\":{\"@id\":\"https:\/\/www.conferencecannabis.ca\/en\/#website\"},\"primaryImageOfPage\":{\"@id\":\"https:\/\/www.conferencecannabis.ca\/en\/previous-editions\/2019-conference\/#primaryimage\"},\"image\":{\"@id\":\"https:\/\/www.conferencecannabis.ca\/en\/previous-editions\/2019-conference\/#primaryimage\"},\"thumbnailUrl\":\"https:\/\/www.conferencecannabis.ca\/wp-content\/uploads\/2019\/07\/IMG_7022-1024x683.jpg\",\"datePublished\":\"2019-11-07T17:32:48+00:00\",\"dateModified\":\"2023-02-15T17:03:59+00:00\",\"description\":\"An overview of the speakers and topics of the 2019 edition of the Canadian Cannabis Conference in Quebec\",\"breadcrumb\":{\"@id\":\"https:\/\/www.conferencecannabis.ca\/en\/previous-editions\/2019-conference\/#breadcrumb\"},\"inLanguage\":\"en-US\",\"potentialAction\":[{\"@type\":\"ReadAction\",\"target\":[\"https:\/\/www.conferencecannabis.ca\/en\/previous-editions\/2019-conference\/\"]}]},{\"@type\":\"ImageObject\",\"inLanguage\":\"en-US\",\"@id\":\"https:\/\/www.conferencecannabis.ca\/en\/previous-editions\/2019-conference\/#primaryimage\",\"url\":\"https:\/\/www.conferencecannabis.ca\/wp-content\/uploads\/2019\/07\/IMG_7022-1024x683.jpg\",\"contentUrl\":\"https:\/\/www.conferencecannabis.ca\/wp-content\/uploads\/2019\/07\/IMG_7022-1024x683.jpg\"},{\"@type\":\"BreadcrumbList\",\"@id\":\"https:\/\/www.conferencecannabis.ca\/en\/previous-editions\/2019-conference\/#breadcrumb\",\"itemListElement\":[{\"@type\":\"ListItem\",\"position\":1,\"name\":\"Accueil\",\"item\":\"https:\/\/www.conferencecannabis.ca\/en\/\"},{\"@type\":\"ListItem\",\"position\":2,\"name\":\"Previous editions\",\"item\":\"https:\/\/www.conferencecannabis.ca\/en\/previous-editions\/\"},{\"@type\":\"ListItem\",\"position\":3,\"name\":\"2019 Conference\"}]},{\"@type\":\"WebSite\",\"@id\":\"https:\/\/www.conferencecannabis.ca\/en\/#website\",\"url\":\"https:\/\/www.conferencecannabis.ca\/en\/\",\"name\":\"Conf\u00e9rence canadienne sur le cannabis\",\"description\":\"Un \u00e9v\u00e8nement phare sur les derni\u00e8res avanc\u00e9es scientifique en mati\u00e8re de cannabis\",\"publisher\":{\"@id\":\"https:\/\/www.conferencecannabis.ca\/en\/#organization\"},\"potentialAction\":[{\"@type\":\"SearchAction\",\"target\":{\"@type\":\"EntryPoint\",\"urlTemplate\":\"https:\/\/www.conferencecannabis.ca\/en\/?s={search_term_string}\"},\"query-input\":{\"@type\":\"PropertyValueSpecification\",\"valueRequired\":true,\"valueName\":\"search_term_string\"}}],\"inLanguage\":\"en-US\"},{\"@type\":\"Organization\",\"@id\":\"https:\/\/www.conferencecannabis.ca\/en\/#organization\",\"name\":\"Conf\u00e9rence canadienne sur le cannabis\",\"url\":\"https:\/\/www.conferencecannabis.ca\/en\/\",\"logo\":{\"@type\":\"ImageObject\",\"inLanguage\":\"en-US\",\"@id\":\"https:\/\/www.conferencecannabis.ca\/en\/#\/schema\/logo\/image\/\",\"url\":\"https:\/\/www.conferencecannabis.ca\/wp-content\/uploads\/2019\/07\/logo-cannabis-couleur-2.svg\",\"contentUrl\":\"https:\/\/www.conferencecannabis.ca\/wp-content\/uploads\/2019\/07\/logo-cannabis-couleur-2.svg\",\"width\":1,\"height\":1,\"caption\":\"Conf\u00e9rence canadienne sur le cannabis\"},\"image\":{\"@id\":\"https:\/\/www.conferencecannabis.ca\/en\/#\/schema\/logo\/image\/\"},\"sameAs\":[\"https:\/\/www.facebook.com\/Conf\u00e9rence-canadienne-sur-le-cannabis-103896734329729\/\"]}]}<\/script>\n<!-- \/ Yoast SEO plugin. -->","yoast_head_json":{"title":"2019 Conference - Canadian Conference on Cannabis","description":"An overview of the speakers and topics of the 2019 edition of the Canadian Cannabis Conference in Quebec","robots":{"index":"index","follow":"follow","max-snippet":"max-snippet:-1","max-image-preview":"max-image-preview:large","max-video-preview":"max-video-preview:-1"},"canonical":"https:\/\/www.conferencecannabis.ca\/en\/previous-editions\/2019-conference\/","og_locale":"en_US","og_type":"article","og_title":"2019 Conference - Canadian Conference on Cannabis","og_description":"An overview of the speakers and topics of the 2019 edition of the Canadian Cannabis Conference in Quebec","og_url":"https:\/\/www.conferencecannabis.ca\/en\/previous-editions\/2019-conference\/","og_site_name":"Conf\u00e9rence canadienne sur le cannabis","article_publisher":"https:\/\/www.facebook.com\/Conf%c3%a9rence-canadienne-sur-le-cannabis-103896734329729\/","article_modified_time":"2023-02-15T17:03:59+00:00","og_image":[{"url":"https:\/\/www.conferencecannabis.ca\/wp-content\/uploads\/2019\/07\/IMG_7022-1024x683.jpg","type":"","width":"","height":""}],"twitter_card":"summary_large_image","twitter_misc":{"Est. reading time":"10 minutes"},"schema":{"@context":"https:\/\/schema.org","@graph":[{"@type":"WebPage","@id":"https:\/\/www.conferencecannabis.ca\/en\/previous-editions\/2019-conference\/","url":"https:\/\/www.conferencecannabis.ca\/en\/previous-editions\/2019-conference\/","name":"2019 Conference - Canadian Conference on Cannabis","isPartOf":{"@id":"https:\/\/www.conferencecannabis.ca\/en\/#website"},"primaryImageOfPage":{"@id":"https:\/\/www.conferencecannabis.ca\/en\/previous-editions\/2019-conference\/#primaryimage"},"image":{"@id":"https:\/\/www.conferencecannabis.ca\/en\/previous-editions\/2019-conference\/#primaryimage"},"thumbnailUrl":"https:\/\/www.conferencecannabis.ca\/wp-content\/uploads\/2019\/07\/IMG_7022-1024x683.jpg","datePublished":"2019-11-07T17:32:48+00:00","dateModified":"2023-02-15T17:03:59+00:00","description":"An overview of the speakers and topics of the 2019 edition of the Canadian Cannabis Conference in Quebec","breadcrumb":{"@id":"https:\/\/www.conferencecannabis.ca\/en\/previous-editions\/2019-conference\/#breadcrumb"},"inLanguage":"en-US","potentialAction":[{"@type":"ReadAction","target":["https:\/\/www.conferencecannabis.ca\/en\/previous-editions\/2019-conference\/"]}]},{"@type":"ImageObject","inLanguage":"en-US","@id":"https:\/\/www.conferencecannabis.ca\/en\/previous-editions\/2019-conference\/#primaryimage","url":"https:\/\/www.conferencecannabis.ca\/wp-content\/uploads\/2019\/07\/IMG_7022-1024x683.jpg","contentUrl":"https:\/\/www.conferencecannabis.ca\/wp-content\/uploads\/2019\/07\/IMG_7022-1024x683.jpg"},{"@type":"BreadcrumbList","@id":"https:\/\/www.conferencecannabis.ca\/en\/previous-editions\/2019-conference\/#breadcrumb","itemListElement":[{"@type":"ListItem","position":1,"name":"Accueil","item":"https:\/\/www.conferencecannabis.ca\/en\/"},{"@type":"ListItem","position":2,"name":"Previous editions","item":"https:\/\/www.conferencecannabis.ca\/en\/previous-editions\/"},{"@type":"ListItem","position":3,"name":"2019 Conference"}]},{"@type":"WebSite","@id":"https:\/\/www.conferencecannabis.ca\/en\/#website","url":"https:\/\/www.conferencecannabis.ca\/en\/","name":"Conf\u00e9rence canadienne sur le cannabis","description":"Un \u00e9v\u00e8nement phare sur les derni\u00e8res avanc\u00e9es scientifique en mati\u00e8re de cannabis","publisher":{"@id":"https:\/\/www.conferencecannabis.ca\/en\/#organization"},"potentialAction":[{"@type":"SearchAction","target":{"@type":"EntryPoint","urlTemplate":"https:\/\/www.conferencecannabis.ca\/en\/?s={search_term_string}"},"query-input":{"@type":"PropertyValueSpecification","valueRequired":true,"valueName":"search_term_string"}}],"inLanguage":"en-US"},{"@type":"Organization","@id":"https:\/\/www.conferencecannabis.ca\/en\/#organization","name":"Conf\u00e9rence canadienne sur le cannabis","url":"https:\/\/www.conferencecannabis.ca\/en\/","logo":{"@type":"ImageObject","inLanguage":"en-US","@id":"https:\/\/www.conferencecannabis.ca\/en\/#\/schema\/logo\/image\/","url":"https:\/\/www.conferencecannabis.ca\/wp-content\/uploads\/2019\/07\/logo-cannabis-couleur-2.svg","contentUrl":"https:\/\/www.conferencecannabis.ca\/wp-content\/uploads\/2019\/07\/logo-cannabis-couleur-2.svg","width":1,"height":1,"caption":"Conf\u00e9rence canadienne sur le cannabis"},"image":{"@id":"https:\/\/www.conferencecannabis.ca\/en\/#\/schema\/logo\/image\/"},"sameAs":["https:\/\/www.facebook.com\/Conf\u00e9rence-canadienne-sur-le-cannabis-103896734329729\/"]}]}},"_links":{"self":[{"href":"https:\/\/www.conferencecannabis.ca\/en\/wp-json\/wp\/v2\/pages\/3221","targetHints":{"allow":["GET"]}}],"collection":[{"href":"https:\/\/www.conferencecannabis.ca\/en\/wp-json\/wp\/v2\/pages"}],"about":[{"href":"https:\/\/www.conferencecannabis.ca\/en\/wp-json\/wp\/v2\/types\/page"}],"author":[{"embeddable":true,"href":"https:\/\/www.conferencecannabis.ca\/en\/wp-json\/wp\/v2\/users\/1"}],"replies":[{"embeddable":true,"href":"https:\/\/www.conferencecannabis.ca\/en\/wp-json\/wp\/v2\/comments?post=3221"}],"version-history":[{"count":14,"href":"https:\/\/www.conferencecannabis.ca\/en\/wp-json\/wp\/v2\/pages\/3221\/revisions"}],"predecessor-version":[{"id":4913,"href":"https:\/\/www.conferencecannabis.ca\/en\/wp-json\/wp\/v2\/pages\/3221\/revisions\/4913"}],"up":[{"embeddable":true,"href":"https:\/\/www.conferencecannabis.ca\/en\/wp-json\/wp\/v2\/pages\/4075"}],"wp:attachment":[{"href":"https:\/\/www.conferencecannabis.ca\/en\/wp-json\/wp\/v2\/media?parent=3221"}],"curies":[{"name":"wp","href":"https:\/\/api.w.org\/{rel}","templated":true}]}}