{"id":3908,"date":"2022-03-10T13:30:30","date_gmt":"2022-03-10T18:30:30","guid":{"rendered":"https:\/\/www.conferencecannabis.ca\/?page_id=3908"},"modified":"2023-02-15T12:04:22","modified_gmt":"2023-02-15T17:04:22","slug":"2020-conference","status":"publish","type":"page","link":"https:\/\/www.conferencecannabis.ca\/en\/previous-editions\/2020-conference\/","title":{"rendered":"2020 Conference"},"content":{"rendered":"\t\t<div data-elementor-type=\"wp-page\" data-elementor-id=\"3908\" class=\"elementor elementor-3908 elementor-3907\" data-elementor-post-type=\"page\">\n\t\t\t\t\t\t<section class=\"elementor-section elementor-top-section elementor-element elementor-element-c79fc25 elementor-section-boxed elementor-section-height-default elementor-section-height-default\" data-id=\"c79fc25\" data-element_type=\"section\" data-e-type=\"section\">\n\t\t\t\t\t\t<div class=\"elementor-container elementor-column-gap-default\">\n\t\t\t\t\t<div class=\"elementor-column elementor-col-100 elementor-top-column elementor-element elementor-element-869fcb5\" data-id=\"869fcb5\" data-element_type=\"column\" data-e-type=\"column\">\n\t\t\t<div class=\"elementor-widget-wrap elementor-element-populated\">\n\t\t\t\t\t\t<div class=\"elementor-element elementor-element-f1e1ad6 gallery-spacing-custom elementor-widget elementor-widget-image-gallery\" data-id=\"f1e1ad6\" data-element_type=\"widget\" data-e-type=\"widget\" data-widget_type=\"image-gallery.default\">\n\t\t\t\t<div class=\"elementor-widget-container\">\n\t\t\t\t\t\t\t<div class=\"elementor-image-gallery\">\n\t\t\t<div id='gallery-1' class='gallery galleryid-3908 gallery-columns-3 gallery-size-large'><figure class='gallery-item'>\n\t\t\t<div class='gallery-icon landscape'>\n\t\t\t\t<a data-elementor-open-lightbox=\"yes\" data-elementor-lightbox-slideshow=\"f1e1ad6\" data-elementor-lightbox-title=\"mea-conference-cannabis-ENG-1x1-andregosselin\" data-e-action-hash=\"#elementor-action%3Aaction%3Dlightbox%26settings%3DeyJpZCI6Mzk1MCwidXJsIjoiaHR0cHM6XC9cL3d3dy5jb25mZXJlbmNlY2FubmFiaXMuY2FcL3dwLWNvbnRlbnRcL3VwbG9hZHNcLzIwMTlcLzA3XC9tZWEtY29uZmVyZW5jZS1jYW5uYWJpcy1FTkctMXgxLWFuZHJlZ29zc2VsaW4ucG5nIiwic2xpZGVzaG93IjoiZjFlMWFkNiJ9\" href='https:\/\/www.conferencecannabis.ca\/wp-content\/uploads\/2019\/07\/mea-conference-cannabis-ENG-1x1-andregosselin.png'><img fetchpriority=\"high\" decoding=\"async\" width=\"600\" height=\"600\" src=\"https:\/\/www.conferencecannabis.ca\/wp-content\/uploads\/2019\/07\/mea-conference-cannabis-ENG-1x1-andregosselin-1024x1024.png\" class=\"attachment-large size-large\" alt=\"\" srcset=\"https:\/\/www.conferencecannabis.ca\/wp-content\/uploads\/2019\/07\/mea-conference-cannabis-ENG-1x1-andregosselin-1024x1024.png 1024w, https:\/\/www.conferencecannabis.ca\/wp-content\/uploads\/2019\/07\/mea-conference-cannabis-ENG-1x1-andregosselin-300x300.png 300w, https:\/\/www.conferencecannabis.ca\/wp-content\/uploads\/2019\/07\/mea-conference-cannabis-ENG-1x1-andregosselin-150x150.png 150w, https:\/\/www.conferencecannabis.ca\/wp-content\/uploads\/2019\/07\/mea-conference-cannabis-ENG-1x1-andregosselin-768x768.png 768w, https:\/\/www.conferencecannabis.ca\/wp-content\/uploads\/2019\/07\/mea-conference-cannabis-ENG-1x1-andregosselin-400x400.png 400w, https:\/\/www.conferencecannabis.ca\/wp-content\/uploads\/2019\/07\/mea-conference-cannabis-ENG-1x1-andregosselin-100x100.png 100w, https:\/\/www.conferencecannabis.ca\/wp-content\/uploads\/2019\/07\/mea-conference-cannabis-ENG-1x1-andregosselin-600x600.png 600w, https:\/\/www.conferencecannabis.ca\/wp-content\/uploads\/2019\/07\/mea-conference-cannabis-ENG-1x1-andregosselin.png 1200w\" sizes=\"(max-width: 600px) 100vw, 600px\" \/><\/a>\n\t\t\t<\/div><\/figure><figure class='gallery-item'>\n\t\t\t<div class='gallery-icon landscape'>\n\t\t\t\t<a data-elementor-open-lightbox=\"yes\" data-elementor-lightbox-slideshow=\"f1e1ad6\" data-elementor-lightbox-title=\"mea-conference-cannabis-ENG-1x1-laperriere\" data-e-action-hash=\"#elementor-action%3Aaction%3Dlightbox%26settings%3DeyJpZCI6Mzk1MiwidXJsIjoiaHR0cHM6XC9cL3d3dy5jb25mZXJlbmNlY2FubmFiaXMuY2FcL3dwLWNvbnRlbnRcL3VwbG9hZHNcLzIwMTlcLzA3XC9tZWEtY29uZmVyZW5jZS1jYW5uYWJpcy1FTkctMXgxLWxhcGVycmllcmUucG5nIiwic2xpZGVzaG93IjoiZjFlMWFkNiJ9\" href='https:\/\/www.conferencecannabis.ca\/wp-content\/uploads\/2019\/07\/mea-conference-cannabis-ENG-1x1-laperriere.png'><img decoding=\"async\" width=\"600\" height=\"600\" src=\"https:\/\/www.conferencecannabis.ca\/wp-content\/uploads\/2019\/07\/mea-conference-cannabis-ENG-1x1-laperriere-1024x1024.png\" class=\"attachment-large size-large\" alt=\"\" srcset=\"https:\/\/www.conferencecannabis.ca\/wp-content\/uploads\/2019\/07\/mea-conference-cannabis-ENG-1x1-laperriere-1024x1024.png 1024w, https:\/\/www.conferencecannabis.ca\/wp-content\/uploads\/2019\/07\/mea-conference-cannabis-ENG-1x1-laperriere-300x300.png 300w, https:\/\/www.conferencecannabis.ca\/wp-content\/uploads\/2019\/07\/mea-conference-cannabis-ENG-1x1-laperriere-150x150.png 150w, https:\/\/www.conferencecannabis.ca\/wp-content\/uploads\/2019\/07\/mea-conference-cannabis-ENG-1x1-laperriere-768x768.png 768w, https:\/\/www.conferencecannabis.ca\/wp-content\/uploads\/2019\/07\/mea-conference-cannabis-ENG-1x1-laperriere-400x400.png 400w, https:\/\/www.conferencecannabis.ca\/wp-content\/uploads\/2019\/07\/mea-conference-cannabis-ENG-1x1-laperriere-100x100.png 100w, https:\/\/www.conferencecannabis.ca\/wp-content\/uploads\/2019\/07\/mea-conference-cannabis-ENG-1x1-laperriere-600x600.png 600w, https:\/\/www.conferencecannabis.ca\/wp-content\/uploads\/2019\/07\/mea-conference-cannabis-ENG-1x1-laperriere.png 1200w\" sizes=\"(max-width: 600px) 100vw, 600px\" \/><\/a>\n\t\t\t<\/div><\/figure><figure class='gallery-item'>\n\t\t\t<div class='gallery-icon landscape'>\n\t\t\t\t<a data-elementor-open-lightbox=\"yes\" data-elementor-lightbox-slideshow=\"f1e1ad6\" data-elementor-lightbox-title=\"mea-conference-cannabis-ENG-1x1-marchand\" data-e-action-hash=\"#elementor-action%3Aaction%3Dlightbox%26settings%3DeyJpZCI6Mzk1NCwidXJsIjoiaHR0cHM6XC9cL3d3dy5jb25mZXJlbmNlY2FubmFiaXMuY2FcL3dwLWNvbnRlbnRcL3VwbG9hZHNcLzIwMTlcLzA3XC9tZWEtY29uZmVyZW5jZS1jYW5uYWJpcy1FTkctMXgxLW1hcmNoYW5kLnBuZyIsInNsaWRlc2hvdyI6ImYxZTFhZDYifQ%3D%3D\" href='https:\/\/www.conferencecannabis.ca\/wp-content\/uploads\/2019\/07\/mea-conference-cannabis-ENG-1x1-marchand.png'><img decoding=\"async\" width=\"600\" height=\"600\" src=\"https:\/\/www.conferencecannabis.ca\/wp-content\/uploads\/2019\/07\/mea-conference-cannabis-ENG-1x1-marchand-1024x1024.png\" class=\"attachment-large size-large\" alt=\"\" srcset=\"https:\/\/www.conferencecannabis.ca\/wp-content\/uploads\/2019\/07\/mea-conference-cannabis-ENG-1x1-marchand-1024x1024.png 1024w, https:\/\/www.conferencecannabis.ca\/wp-content\/uploads\/2019\/07\/mea-conference-cannabis-ENG-1x1-marchand-300x300.png 300w, https:\/\/www.conferencecannabis.ca\/wp-content\/uploads\/2019\/07\/mea-conference-cannabis-ENG-1x1-marchand-150x150.png 150w, https:\/\/www.conferencecannabis.ca\/wp-content\/uploads\/2019\/07\/mea-conference-cannabis-ENG-1x1-marchand-768x768.png 768w, https:\/\/www.conferencecannabis.ca\/wp-content\/uploads\/2019\/07\/mea-conference-cannabis-ENG-1x1-marchand-400x400.png 400w, https:\/\/www.conferencecannabis.ca\/wp-content\/uploads\/2019\/07\/mea-conference-cannabis-ENG-1x1-marchand-100x100.png 100w, https:\/\/www.conferencecannabis.ca\/wp-content\/uploads\/2019\/07\/mea-conference-cannabis-ENG-1x1-marchand-600x600.png 600w, https:\/\/www.conferencecannabis.ca\/wp-content\/uploads\/2019\/07\/mea-conference-cannabis-ENG-1x1-marchand.png 1200w\" sizes=\"(max-width: 600px) 100vw, 600px\" \/><\/a>\n\t\t\t<\/div><\/figure><figure class='gallery-item'>\n\t\t\t<div class='gallery-icon landscape'>\n\t\t\t\t<a data-elementor-open-lightbox=\"yes\" data-elementor-lightbox-slideshow=\"f1e1ad6\" data-elementor-lightbox-title=\"mea-conference-cannabis-ENG-1x1-patricedeluca\" data-e-action-hash=\"#elementor-action%3Aaction%3Dlightbox%26settings%3DeyJpZCI6Mzk1NiwidXJsIjoiaHR0cHM6XC9cL3d3dy5jb25mZXJlbmNlY2FubmFiaXMuY2FcL3dwLWNvbnRlbnRcL3VwbG9hZHNcLzIwMTlcLzA3XC9tZWEtY29uZmVyZW5jZS1jYW5uYWJpcy1FTkctMXgxLXBhdHJpY2VkZWx1Y2EucG5nIiwic2xpZGVzaG93IjoiZjFlMWFkNiJ9\" href='https:\/\/www.conferencecannabis.ca\/wp-content\/uploads\/2019\/07\/mea-conference-cannabis-ENG-1x1-patricedeluca.png'><img loading=\"lazy\" decoding=\"async\" width=\"600\" height=\"600\" src=\"https:\/\/www.conferencecannabis.ca\/wp-content\/uploads\/2019\/07\/mea-conference-cannabis-ENG-1x1-patricedeluca-1024x1024.png\" class=\"attachment-large size-large\" alt=\"\" srcset=\"https:\/\/www.conferencecannabis.ca\/wp-content\/uploads\/2019\/07\/mea-conference-cannabis-ENG-1x1-patricedeluca-1024x1024.png 1024w, https:\/\/www.conferencecannabis.ca\/wp-content\/uploads\/2019\/07\/mea-conference-cannabis-ENG-1x1-patricedeluca-300x300.png 300w, https:\/\/www.conferencecannabis.ca\/wp-content\/uploads\/2019\/07\/mea-conference-cannabis-ENG-1x1-patricedeluca-150x150.png 150w, https:\/\/www.conferencecannabis.ca\/wp-content\/uploads\/2019\/07\/mea-conference-cannabis-ENG-1x1-patricedeluca-768x768.png 768w, https:\/\/www.conferencecannabis.ca\/wp-content\/uploads\/2019\/07\/mea-conference-cannabis-ENG-1x1-patricedeluca-400x400.png 400w, https:\/\/www.conferencecannabis.ca\/wp-content\/uploads\/2019\/07\/mea-conference-cannabis-ENG-1x1-patricedeluca-100x100.png 100w, https:\/\/www.conferencecannabis.ca\/wp-content\/uploads\/2019\/07\/mea-conference-cannabis-ENG-1x1-patricedeluca-600x600.png 600w, https:\/\/www.conferencecannabis.ca\/wp-content\/uploads\/2019\/07\/mea-conference-cannabis-ENG-1x1-patricedeluca.png 1200w\" sizes=\"(max-width: 600px) 100vw, 600px\" \/><\/a>\n\t\t\t<\/div><\/figure><figure class='gallery-item'>\n\t\t\t<div class='gallery-icon landscape'>\n\t\t\t\t<a data-elementor-open-lightbox=\"yes\" data-elementor-lightbox-slideshow=\"f1e1ad6\" data-elementor-lightbox-title=\"mea-conference-cannabis-ENG-1x1-plante\" data-e-action-hash=\"#elementor-action%3Aaction%3Dlightbox%26settings%3DeyJpZCI6Mzk1OCwidXJsIjoiaHR0cHM6XC9cL3d3dy5jb25mZXJlbmNlY2FubmFiaXMuY2FcL3dwLWNvbnRlbnRcL3VwbG9hZHNcLzIwMTlcLzA3XC9tZWEtY29uZmVyZW5jZS1jYW5uYWJpcy1FTkctMXgxLXBsYW50ZS5wbmciLCJzbGlkZXNob3ciOiJmMWUxYWQ2In0%3D\" href='https:\/\/www.conferencecannabis.ca\/wp-content\/uploads\/2019\/07\/mea-conference-cannabis-ENG-1x1-plante.png'><img loading=\"lazy\" decoding=\"async\" width=\"600\" height=\"600\" src=\"https:\/\/www.conferencecannabis.ca\/wp-content\/uploads\/2019\/07\/mea-conference-cannabis-ENG-1x1-plante-1024x1024.png\" class=\"attachment-large size-large\" alt=\"\" srcset=\"https:\/\/www.conferencecannabis.ca\/wp-content\/uploads\/2019\/07\/mea-conference-cannabis-ENG-1x1-plante-1024x1024.png 1024w, https:\/\/www.conferencecannabis.ca\/wp-content\/uploads\/2019\/07\/mea-conference-cannabis-ENG-1x1-plante-300x300.png 300w, https:\/\/www.conferencecannabis.ca\/wp-content\/uploads\/2019\/07\/mea-conference-cannabis-ENG-1x1-plante-150x150.png 150w, https:\/\/www.conferencecannabis.ca\/wp-content\/uploads\/2019\/07\/mea-conference-cannabis-ENG-1x1-plante-768x768.png 768w, https:\/\/www.conferencecannabis.ca\/wp-content\/uploads\/2019\/07\/mea-conference-cannabis-ENG-1x1-plante-400x400.png 400w, https:\/\/www.conferencecannabis.ca\/wp-content\/uploads\/2019\/07\/mea-conference-cannabis-ENG-1x1-plante-100x100.png 100w, https:\/\/www.conferencecannabis.ca\/wp-content\/uploads\/2019\/07\/mea-conference-cannabis-ENG-1x1-plante-600x600.png 600w, https:\/\/www.conferencecannabis.ca\/wp-content\/uploads\/2019\/07\/mea-conference-cannabis-ENG-1x1-plante.png 1200w\" sizes=\"(max-width: 600px) 100vw, 600px\" \/><\/a>\n\t\t\t<\/div><\/figure><figure class='gallery-item'>\n\t\t\t<div class='gallery-icon landscape'>\n\t\t\t\t<a data-elementor-open-lightbox=\"yes\" data-elementor-lightbox-slideshow=\"f1e1ad6\" data-elementor-lightbox-title=\"mea-conference-cannabis-ENG-1x1-veroniquelettre\" data-e-action-hash=\"#elementor-action%3Aaction%3Dlightbox%26settings%3DeyJpZCI6Mzk2MCwidXJsIjoiaHR0cHM6XC9cL3d3dy5jb25mZXJlbmNlY2FubmFiaXMuY2FcL3dwLWNvbnRlbnRcL3VwbG9hZHNcLzIwMTlcLzA3XC9tZWEtY29uZmVyZW5jZS1jYW5uYWJpcy1FTkctMXgxLXZlcm9uaXF1ZWxldHRyZS5wbmciLCJzbGlkZXNob3ciOiJmMWUxYWQ2In0%3D\" href='https:\/\/www.conferencecannabis.ca\/wp-content\/uploads\/2019\/07\/mea-conference-cannabis-ENG-1x1-veroniquelettre.png'><img loading=\"lazy\" decoding=\"async\" width=\"600\" height=\"600\" src=\"https:\/\/www.conferencecannabis.ca\/wp-content\/uploads\/2019\/07\/mea-conference-cannabis-ENG-1x1-veroniquelettre-1024x1024.png\" class=\"attachment-large size-large\" alt=\"\" srcset=\"https:\/\/www.conferencecannabis.ca\/wp-content\/uploads\/2019\/07\/mea-conference-cannabis-ENG-1x1-veroniquelettre-1024x1024.png 1024w, https:\/\/www.conferencecannabis.ca\/wp-content\/uploads\/2019\/07\/mea-conference-cannabis-ENG-1x1-veroniquelettre-300x300.png 300w, https:\/\/www.conferencecannabis.ca\/wp-content\/uploads\/2019\/07\/mea-conference-cannabis-ENG-1x1-veroniquelettre-150x150.png 150w, https:\/\/www.conferencecannabis.ca\/wp-content\/uploads\/2019\/07\/mea-conference-cannabis-ENG-1x1-veroniquelettre-768x768.png 768w, https:\/\/www.conferencecannabis.ca\/wp-content\/uploads\/2019\/07\/mea-conference-cannabis-ENG-1x1-veroniquelettre-400x400.png 400w, https:\/\/www.conferencecannabis.ca\/wp-content\/uploads\/2019\/07\/mea-conference-cannabis-ENG-1x1-veroniquelettre-100x100.png 100w, https:\/\/www.conferencecannabis.ca\/wp-content\/uploads\/2019\/07\/mea-conference-cannabis-ENG-1x1-veroniquelettre-600x600.png 600w, https:\/\/www.conferencecannabis.ca\/wp-content\/uploads\/2019\/07\/mea-conference-cannabis-ENG-1x1-veroniquelettre.png 1200w\" sizes=\"(max-width: 600px) 100vw, 600px\" \/><\/a>\n\t\t\t<\/div><\/figure>\n\t\t<\/div>\n\t\t<\/div>\n\t\t\t\t\t\t<\/div>\n\t\t\t\t<\/div>\n\t\t\t\t\t<\/div>\n\t\t<\/div>\n\t\t\t\t\t<\/div>\n\t\t<\/section>\n\t\t\t\t<section class=\"elementor-section elementor-top-section elementor-element elementor-element-f092ddc elementor-section-boxed elementor-section-height-default elementor-section-height-default\" data-id=\"f092ddc\" data-element_type=\"section\" data-e-type=\"section\">\n\t\t\t\t\t\t<div class=\"elementor-container elementor-column-gap-default\">\n\t\t\t\t\t<div class=\"elementor-column elementor-col-100 elementor-top-column elementor-element elementor-element-7f14318\" data-id=\"7f14318\" data-element_type=\"column\" data-e-type=\"column\">\n\t\t\t<div class=\"elementor-widget-wrap elementor-element-populated\">\n\t\t\t\t\t\t<div class=\"elementor-element elementor-element-270a4d5 elementor-widget elementor-widget-heading\" data-id=\"270a4d5\" data-element_type=\"widget\" data-e-type=\"widget\" data-widget_type=\"heading.default\">\n\t\t\t\t<div class=\"elementor-widget-container\">\n\t\t\t\t\t<h2 class=\"elementor-heading-title elementor-size-default\">2020 speakers<\/h2>\t\t\t\t<\/div>\n\t\t\t\t<\/div>\n\t\t\t\t\t<\/div>\n\t\t<\/div>\n\t\t\t\t\t<\/div>\n\t\t<\/section>\n\t\t\t\t<div class=\"elementor-section elementor-top-section elementor-element elementor-element-b2db818 elementor-section-stretched elementor-section-boxed elementor-section-height-default elementor-section-height-default\" data-id=\"b2db818\" data-element_type=\"section\" data-e-type=\"section\" data-settings=\"{&quot;stretch_section&quot;:&quot;section-stretched&quot;}\">\n\t\t\t\t\t\t<div class=\"elementor-container elementor-column-gap-no\">\n\t\t\t\t\t<div class=\"elementor-column elementor-col-100 elementor-top-column elementor-element elementor-element-91fffb9\" data-id=\"91fffb9\" data-element_type=\"column\" data-e-type=\"column\">\n\t\t\t<div class=\"elementor-widget-wrap elementor-element-populated\">\n\t\t\t\t\t\t<div class=\"elementor-element elementor-element-78468cb animated-fast elementor-invisible elementor-widget elementor-widget-opal-speakers\" data-id=\"78468cb\" data-element_type=\"widget\" data-e-type=\"widget\" data-settings=\"{&quot;_animation&quot;:&quot;opal-move-up&quot;}\" data-widget_type=\"opal-speakers.default\">\n\t\t\t\t<div class=\"elementor-widget-container\">\n\t\t\t\t\t\n        <div class=\"elementor-speaker-wrapper speaker-style-3\">\n            <div class=\"row\" data-elementor-columns=\"4\">\n\n                                \n<article class=\"column-item\">\n    <div class=\"speaker-item\">\n        <div class=\"speaker-image\">\n            <img loading=\"lazy\" decoding=\"async\" width=\"560\" height=\"560\" src=\"https:\/\/www.conferencecannabis.ca\/wp-content\/uploads\/2020\/06\/patrice-deluca.png\" class=\"attachment-post-thumbnail size-post-thumbnail wp-post-image\" alt=\"patrice de luca (Garda World)\" srcset=\"https:\/\/www.conferencecannabis.ca\/wp-content\/uploads\/2020\/06\/patrice-deluca.png 560w, https:\/\/www.conferencecannabis.ca\/wp-content\/uploads\/2020\/06\/patrice-deluca-300x300.png 300w, https:\/\/www.conferencecannabis.ca\/wp-content\/uploads\/2020\/06\/patrice-deluca-150x150.png 150w, https:\/\/www.conferencecannabis.ca\/wp-content\/uploads\/2020\/06\/patrice-deluca-400x400.png 400w, https:\/\/www.conferencecannabis.ca\/wp-content\/uploads\/2020\/06\/patrice-deluca-100x100.png 100w\" sizes=\"(max-width: 560px) 100vw, 560px\" \/>            <a class=\"link-detail\" href=\"https:\/\/www.conferencecannabis.ca\/en\/speakers\/patrice-de-luca\/\"><\/a>\n        <\/div>\n        <div class=\"speaker-details\">\n            <h3 class=\"speaker-name\"><a href=\"https:\/\/www.conferencecannabis.ca\/en\/speakers\/patrice-de-luca\/\">Patrice De Luca<\/a><\/h3>\n            <div class=\"speaker-job\">Vice President Business Development & Customer Experience, Security Systems, Garda World<\/div>\n        <\/div>\n    <\/div>\n<\/article>\n\n\n<article class=\"column-item\">\n    <div class=\"speaker-item\">\n        <div class=\"speaker-image\">\n            <img loading=\"lazy\" decoding=\"async\" width=\"560\" height=\"560\" src=\"https:\/\/www.conferencecannabis.ca\/wp-content\/uploads\/2019\/07\/hugo-stlaurent.jpg\" class=\"attachment-post-thumbnail size-post-thumbnail wp-post-image\" alt=\"Hugo St-Laurent\" srcset=\"https:\/\/www.conferencecannabis.ca\/wp-content\/uploads\/2019\/07\/hugo-stlaurent.jpg 560w, https:\/\/www.conferencecannabis.ca\/wp-content\/uploads\/2019\/07\/hugo-stlaurent-300x300.jpg 300w, https:\/\/www.conferencecannabis.ca\/wp-content\/uploads\/2019\/07\/hugo-stlaurent-100x100.jpg 100w, https:\/\/www.conferencecannabis.ca\/wp-content\/uploads\/2019\/07\/hugo-stlaurent-150x150.jpg 150w, https:\/\/www.conferencecannabis.ca\/wp-content\/uploads\/2019\/07\/hugo-stlaurent-400x400.jpg 400w\" sizes=\"(max-width: 560px) 100vw, 560px\" \/>            <a class=\"link-detail\" href=\"https:\/\/www.conferencecannabis.ca\/en\/speakers\/hugo-st-laurent\/\"><\/a>\n        <\/div>\n        <div class=\"speaker-details\">\n            <h3 class=\"speaker-name\"><a href=\"https:\/\/www.conferencecannabis.ca\/en\/speakers\/hugo-st-laurent\/\">Hugo St-Laurent<\/a><\/h3>\n            <div class=\"speaker-job\">PRESIDENT \u2013 PURCANN PHARMA<\/div>\n        <\/div>\n    <\/div>\n<\/article>\n\n\n<article class=\"column-item\">\n    <div class=\"speaker-item\">\n        <div class=\"speaker-image\">\n            <img loading=\"lazy\" decoding=\"async\" width=\"560\" height=\"560\" src=\"https:\/\/www.conferencecannabis.ca\/wp-content\/uploads\/2020\/07\/veronique-lettre.jpg\" class=\"attachment-post-thumbnail size-post-thumbnail wp-post-image\" alt=\"V\u00e9ronique Lettre\" srcset=\"https:\/\/www.conferencecannabis.ca\/wp-content\/uploads\/2020\/07\/veronique-lettre.jpg 560w, https:\/\/www.conferencecannabis.ca\/wp-content\/uploads\/2020\/07\/veronique-lettre-300x300.jpg 300w, https:\/\/www.conferencecannabis.ca\/wp-content\/uploads\/2020\/07\/veronique-lettre-100x100.jpg 100w, https:\/\/www.conferencecannabis.ca\/wp-content\/uploads\/2020\/07\/veronique-lettre-150x150.jpg 150w, https:\/\/www.conferencecannabis.ca\/wp-content\/uploads\/2020\/07\/veronique-lettre-400x400.jpg 400w\" sizes=\"(max-width: 560px) 100vw, 560px\" \/>            <a class=\"link-detail\" href=\"https:\/\/www.conferencecannabis.ca\/en\/speakers\/veronique-lettre\/\"><\/a>\n        <\/div>\n        <div class=\"speaker-details\">\n            <h3 class=\"speaker-name\"><a href=\"https:\/\/www.conferencecannabis.ca\/en\/speakers\/veronique-lettre\/\">V\u00e9ronique Lettre<\/a><\/h3>\n            <div class=\"speaker-job\">Nature M\u00e9dic, medical cannabis clinic<\/div>\n        <\/div>\n    <\/div>\n<\/article>\n\n\n<article class=\"column-item\">\n    <div class=\"speaker-item\">\n        <div class=\"speaker-image\">\n            <img loading=\"lazy\" decoding=\"async\" width=\"560\" height=\"560\" src=\"https:\/\/www.conferencecannabis.ca\/wp-content\/uploads\/2020\/06\/pierre-plante.jpg\" class=\"attachment-post-thumbnail size-post-thumbnail wp-post-image\" alt=\"Pierre Plante\" srcset=\"https:\/\/www.conferencecannabis.ca\/wp-content\/uploads\/2020\/06\/pierre-plante.jpg 560w, https:\/\/www.conferencecannabis.ca\/wp-content\/uploads\/2020\/06\/pierre-plante-300x300.jpg 300w, https:\/\/www.conferencecannabis.ca\/wp-content\/uploads\/2020\/06\/pierre-plante-100x100.jpg 100w, https:\/\/www.conferencecannabis.ca\/wp-content\/uploads\/2020\/06\/pierre-plante-150x150.jpg 150w, https:\/\/www.conferencecannabis.ca\/wp-content\/uploads\/2020\/06\/pierre-plante-400x400.jpg 400w\" sizes=\"(max-width: 560px) 100vw, 560px\" \/>            <a class=\"link-detail\" href=\"https:\/\/www.conferencecannabis.ca\/en\/speakers\/pierre-plante\/\"><\/a>\n        <\/div>\n        <div class=\"speaker-details\">\n            <h3 class=\"speaker-name\"><a href=\"https:\/\/www.conferencecannabis.ca\/en\/speakers\/pierre-plante\/\">Pierre Plante<\/a><\/h3>\n            <div class=\"speaker-job\">Vice President Operations, PurCann Pharma<\/div>\n        <\/div>\n    <\/div>\n<\/article>\n\n\n<article class=\"column-item\">\n    <div class=\"speaker-item\">\n        <div class=\"speaker-image\">\n            <img loading=\"lazy\" decoding=\"async\" width=\"560\" height=\"560\" src=\"https:\/\/www.conferencecannabis.ca\/wp-content\/uploads\/2020\/06\/philippe-laperriere.jpg\" class=\"attachment-post-thumbnail size-post-thumbnail wp-post-image\" alt=\"Philippe Laperriere\" srcset=\"https:\/\/www.conferencecannabis.ca\/wp-content\/uploads\/2020\/06\/philippe-laperriere.jpg 560w, https:\/\/www.conferencecannabis.ca\/wp-content\/uploads\/2020\/06\/philippe-laperriere-300x300.jpg 300w, https:\/\/www.conferencecannabis.ca\/wp-content\/uploads\/2020\/06\/philippe-laperriere-100x100.jpg 100w, https:\/\/www.conferencecannabis.ca\/wp-content\/uploads\/2020\/06\/philippe-laperriere-150x150.jpg 150w, https:\/\/www.conferencecannabis.ca\/wp-content\/uploads\/2020\/06\/philippe-laperriere-400x400.jpg 400w\" sizes=\"(max-width: 560px) 100vw, 560px\" \/>            <a class=\"link-detail\" href=\"https:\/\/www.conferencecannabis.ca\/en\/speakers\/philippe-laperriere\/\"><\/a>\n        <\/div>\n        <div class=\"speaker-details\">\n            <h3 class=\"speaker-name\"><a href=\"https:\/\/www.conferencecannabis.ca\/en\/speakers\/philippe-laperriere\/\">Philippe Laperriere<\/a><\/h3>\n            <div class=\"speaker-job\">President of Groupe Fuga, a producer of medical cannabis<\/div>\n        <\/div>\n    <\/div>\n<\/article>\n\n\n<article class=\"column-item\">\n    <div class=\"speaker-item\">\n        <div class=\"speaker-image\">\n            <img loading=\"lazy\" decoding=\"async\" width=\"560\" height=\"560\" src=\"https:\/\/www.conferencecannabis.ca\/wp-content\/uploads\/2020\/06\/serge-marchand.jpg\" class=\"attachment-post-thumbnail size-post-thumbnail wp-post-image\" alt=\"Dr Serge Marchand, Vice-President, Scientific Affairs at G\u00e9nome Qu\u00e9bec\" srcset=\"https:\/\/www.conferencecannabis.ca\/wp-content\/uploads\/2020\/06\/serge-marchand.jpg 560w, https:\/\/www.conferencecannabis.ca\/wp-content\/uploads\/2020\/06\/serge-marchand-300x300.jpg 300w, https:\/\/www.conferencecannabis.ca\/wp-content\/uploads\/2020\/06\/serge-marchand-100x100.jpg 100w, https:\/\/www.conferencecannabis.ca\/wp-content\/uploads\/2020\/06\/serge-marchand-150x150.jpg 150w, https:\/\/www.conferencecannabis.ca\/wp-content\/uploads\/2020\/06\/serge-marchand-400x400.jpg 400w\" sizes=\"(max-width: 560px) 100vw, 560px\" \/>            <a class=\"link-detail\" href=\"https:\/\/www.conferencecannabis.ca\/en\/speakers\/dr-serge-marchand\/\"><\/a>\n        <\/div>\n        <div class=\"speaker-details\">\n            <h3 class=\"speaker-name\"><a href=\"https:\/\/www.conferencecannabis.ca\/en\/speakers\/dr-serge-marchand\/\">Serge Marchand, PhD<\/a><\/h3>\n            <div class=\"speaker-job\">Vice-president, Scientific Affairs - G\u00e9nome Qu\u00e9bec<\/div>\n        <\/div>\n    <\/div>\n<\/article>\n\n\n<article class=\"column-item\">\n    <div class=\"speaker-item\">\n        <div class=\"speaker-image\">\n            <img loading=\"lazy\" decoding=\"async\" width=\"560\" height=\"560\" src=\"https:\/\/www.conferencecannabis.ca\/wp-content\/uploads\/2019\/07\/andre-gosselin.jpg\" class=\"attachment-post-thumbnail size-post-thumbnail wp-post-image\" alt=\"Francois-beland - Conf\u00e9rence canadienne sur le cannabis\" srcset=\"https:\/\/www.conferencecannabis.ca\/wp-content\/uploads\/2019\/07\/andre-gosselin.jpg 560w, https:\/\/www.conferencecannabis.ca\/wp-content\/uploads\/2019\/07\/andre-gosselin-300x300.jpg 300w, https:\/\/www.conferencecannabis.ca\/wp-content\/uploads\/2019\/07\/andre-gosselin-100x100.jpg 100w, https:\/\/www.conferencecannabis.ca\/wp-content\/uploads\/2019\/07\/andre-gosselin-150x150.jpg 150w, https:\/\/www.conferencecannabis.ca\/wp-content\/uploads\/2019\/07\/andre-gosselin-400x400.jpg 400w\" sizes=\"(max-width: 560px) 100vw, 560px\" \/>            <a class=\"link-detail\" href=\"https:\/\/www.conferencecannabis.ca\/en\/speakers\/dr-andre-gosselin-purcann-pharma\/\"><\/a>\n        <\/div>\n        <div class=\"speaker-details\">\n            <h3 class=\"speaker-name\"><a href=\"https:\/\/www.conferencecannabis.ca\/en\/speakers\/dr-andre-gosselin-purcann-pharma\/\">Dr Andr\u00e9 Gosselin<\/a><\/h3>\n            <div class=\"speaker-job\">Vice-President Procurement & Scientific Affairs, PurCann Pharma<\/div>\n        <\/div>\n    <\/div>\n<\/article>\n\n\n            <\/div>\n        <\/div>\n\n        \t\t\t\t<\/div>\n\t\t\t\t<\/div>\n\t\t\t\t\t<\/div>\n\t\t<\/div>\n\t\t\t\t\t<\/div>\n\t\t<\/div>\n\t\t\t\t<\/div>\n\t\t","protected":false},"excerpt":{"rendered":"<p>2020 speakers Patrice De Luca Vice President Business Development &amp; Customer Experience, Security Systems, Garda World Hugo St-Laurent Co-founder and President of Groupe SiliCycle V\u00e9ronique Lettre Nature M\u00e9dic, medical cannabis clinic Pierre Plante Vice President Operations, PurCann Pharma Philippe Laperriere President of Groupe Fuga, a producer of medical cannabis Serge Marchand, PhD Vice-president, Scientific Affairs &hellip; <span class=\"more-link-wrap\"><a href=\"https:\/\/www.conferencecannabis.ca\/en\/speakers\/dr-andre-gosselin-purcann-pharma\/\" class=\"more-link\">Read More <span class=\"screen-reader-text\"> &#8220;Dr Andr\u00e9 Gosselin&#8221;<\/span><\/a><\/span><\/p>\n","protected":false},"author":6,"featured_media":0,"parent":4075,"menu_order":0,"comment_status":"closed","ping_status":"closed","template":"","meta":{"inline_featured_image":false,"footnotes":""},"class_list":["post-3908","page","type-page","status-publish","hentry"],"yoast_head":"<!-- This site is optimized with the Yoast SEO plugin v27.1.1 - https:\/\/yoast.com\/product\/yoast-seo-wordpress\/ -->\n<title>Canadian Conference on Cannabis 2020<\/title>\n<meta name=\"description\" content=\"An overview of the speakers and topics of the 2020 edition of the Canadian Cannabis Conference, October 7th, in Quebec\" \/>\n<meta name=\"robots\" content=\"index, follow, max-snippet:-1, max-image-preview:large, max-video-preview:-1\" \/>\n<link rel=\"canonical\" href=\"https:\/\/www.conferencecannabis.ca\/en\/previous-editions\/2020-conference\/\" \/>\n<meta property=\"og:locale\" content=\"en_US\" \/>\n<meta property=\"og:type\" content=\"article\" \/>\n<meta property=\"og:title\" content=\"Canadian Conference on Cannabis 2020\" \/>\n<meta property=\"og:description\" content=\"An overview of the speakers and topics of the 2020 edition of the Canadian Cannabis Conference, October 7th, in Quebec\" \/>\n<meta property=\"og:url\" content=\"https:\/\/www.conferencecannabis.ca\/en\/previous-editions\/2020-conference\/\" \/>\n<meta property=\"og:site_name\" content=\"Conf\u00e9rence canadienne sur le cannabis\" \/>\n<meta property=\"article:publisher\" content=\"https:\/\/www.facebook.com\/Conf%c3%a9rence-canadienne-sur-le-cannabis-103896734329729\/\" \/>\n<meta property=\"article:modified_time\" content=\"2023-02-15T17:04:22+00:00\" \/>\n<meta property=\"og:image\" content=\"https:\/\/www.conferencecannabis.ca\/wp-content\/uploads\/2019\/07\/mea-conference-cannabis-ENG-1x1-andregosselin-1024x1024.png\" \/>\n<meta name=\"twitter:card\" content=\"summary_large_image\" \/>\n<meta name=\"twitter:label1\" content=\"Est. reading time\" \/>\n\t<meta name=\"twitter:data1\" content=\"3 minutes\" \/>\n<script type=\"application\/ld+json\" class=\"yoast-schema-graph\">{\"@context\":\"https:\/\/schema.org\",\"@graph\":[{\"@type\":\"WebPage\",\"@id\":\"https:\/\/www.conferencecannabis.ca\/en\/previous-editions\/2020-conference\/\",\"url\":\"https:\/\/www.conferencecannabis.ca\/en\/previous-editions\/2020-conference\/\",\"name\":\"Canadian Conference on Cannabis 2020\",\"isPartOf\":{\"@id\":\"https:\/\/www.conferencecannabis.ca\/en\/#website\"},\"primaryImageOfPage\":{\"@id\":\"https:\/\/www.conferencecannabis.ca\/en\/previous-editions\/2020-conference\/#primaryimage\"},\"image\":{\"@id\":\"https:\/\/www.conferencecannabis.ca\/en\/previous-editions\/2020-conference\/#primaryimage\"},\"thumbnailUrl\":\"https:\/\/www.conferencecannabis.ca\/wp-content\/uploads\/2019\/07\/mea-conference-cannabis-ENG-1x1-andregosselin-1024x1024.png\",\"datePublished\":\"2022-03-10T18:30:30+00:00\",\"dateModified\":\"2023-02-15T17:04:22+00:00\",\"description\":\"An overview of the speakers and topics of the 2020 edition of the Canadian Cannabis Conference, October 7th, in Quebec\",\"breadcrumb\":{\"@id\":\"https:\/\/www.conferencecannabis.ca\/en\/previous-editions\/2020-conference\/#breadcrumb\"},\"inLanguage\":\"en-US\",\"potentialAction\":[{\"@type\":\"ReadAction\",\"target\":[\"https:\/\/www.conferencecannabis.ca\/en\/previous-editions\/2020-conference\/\"]}]},{\"@type\":\"ImageObject\",\"inLanguage\":\"en-US\",\"@id\":\"https:\/\/www.conferencecannabis.ca\/en\/previous-editions\/2020-conference\/#primaryimage\",\"url\":\"https:\/\/www.conferencecannabis.ca\/wp-content\/uploads\/2019\/07\/mea-conference-cannabis-ENG-1x1-andregosselin-1024x1024.png\",\"contentUrl\":\"https:\/\/www.conferencecannabis.ca\/wp-content\/uploads\/2019\/07\/mea-conference-cannabis-ENG-1x1-andregosselin-1024x1024.png\"},{\"@type\":\"BreadcrumbList\",\"@id\":\"https:\/\/www.conferencecannabis.ca\/en\/previous-editions\/2020-conference\/#breadcrumb\",\"itemListElement\":[{\"@type\":\"ListItem\",\"position\":1,\"name\":\"Accueil\",\"item\":\"https:\/\/www.conferencecannabis.ca\/en\/\"},{\"@type\":\"ListItem\",\"position\":2,\"name\":\"Previous editions\",\"item\":\"https:\/\/www.conferencecannabis.ca\/en\/previous-editions\/\"},{\"@type\":\"ListItem\",\"position\":3,\"name\":\"2020 Conference\"}]},{\"@type\":\"WebSite\",\"@id\":\"https:\/\/www.conferencecannabis.ca\/en\/#website\",\"url\":\"https:\/\/www.conferencecannabis.ca\/en\/\",\"name\":\"Conf\u00e9rence canadienne sur le cannabis\",\"description\":\"Un \u00e9v\u00e8nement phare sur les derni\u00e8res avanc\u00e9es scientifique en mati\u00e8re de cannabis\",\"publisher\":{\"@id\":\"https:\/\/www.conferencecannabis.ca\/en\/#organization\"},\"potentialAction\":[{\"@type\":\"SearchAction\",\"target\":{\"@type\":\"EntryPoint\",\"urlTemplate\":\"https:\/\/www.conferencecannabis.ca\/en\/?s={search_term_string}\"},\"query-input\":{\"@type\":\"PropertyValueSpecification\",\"valueRequired\":true,\"valueName\":\"search_term_string\"}}],\"inLanguage\":\"en-US\"},{\"@type\":\"Organization\",\"@id\":\"https:\/\/www.conferencecannabis.ca\/en\/#organization\",\"name\":\"Conf\u00e9rence canadienne sur le cannabis\",\"url\":\"https:\/\/www.conferencecannabis.ca\/en\/\",\"logo\":{\"@type\":\"ImageObject\",\"inLanguage\":\"en-US\",\"@id\":\"https:\/\/www.conferencecannabis.ca\/en\/#\/schema\/logo\/image\/\",\"url\":\"https:\/\/www.conferencecannabis.ca\/wp-content\/uploads\/2019\/07\/logo-cannabis-couleur-2.svg\",\"contentUrl\":\"https:\/\/www.conferencecannabis.ca\/wp-content\/uploads\/2019\/07\/logo-cannabis-couleur-2.svg\",\"width\":1,\"height\":1,\"caption\":\"Conf\u00e9rence canadienne sur le cannabis\"},\"image\":{\"@id\":\"https:\/\/www.conferencecannabis.ca\/en\/#\/schema\/logo\/image\/\"},\"sameAs\":[\"https:\/\/www.facebook.com\/Conf\u00e9rence-canadienne-sur-le-cannabis-103896734329729\/\"]}]}<\/script>\n<!-- \/ Yoast SEO plugin. -->","yoast_head_json":{"title":"Canadian Conference on Cannabis 2020","description":"An overview of the speakers and topics of the 2020 edition of the Canadian Cannabis Conference, October 7th, in Quebec","robots":{"index":"index","follow":"follow","max-snippet":"max-snippet:-1","max-image-preview":"max-image-preview:large","max-video-preview":"max-video-preview:-1"},"canonical":"https:\/\/www.conferencecannabis.ca\/en\/previous-editions\/2020-conference\/","og_locale":"en_US","og_type":"article","og_title":"Canadian Conference on Cannabis 2020","og_description":"An overview of the speakers and topics of the 2020 edition of the Canadian Cannabis Conference, October 7th, in Quebec","og_url":"https:\/\/www.conferencecannabis.ca\/en\/previous-editions\/2020-conference\/","og_site_name":"Conf\u00e9rence canadienne sur le cannabis","article_publisher":"https:\/\/www.facebook.com\/Conf%c3%a9rence-canadienne-sur-le-cannabis-103896734329729\/","article_modified_time":"2023-02-15T17:04:22+00:00","og_image":[{"url":"https:\/\/www.conferencecannabis.ca\/wp-content\/uploads\/2019\/07\/mea-conference-cannabis-ENG-1x1-andregosselin-1024x1024.png","type":"","width":"","height":""}],"twitter_card":"summary_large_image","twitter_misc":{"Est. reading time":"3 minutes"},"schema":{"@context":"https:\/\/schema.org","@graph":[{"@type":"WebPage","@id":"https:\/\/www.conferencecannabis.ca\/en\/previous-editions\/2020-conference\/","url":"https:\/\/www.conferencecannabis.ca\/en\/previous-editions\/2020-conference\/","name":"Canadian Conference on Cannabis 2020","isPartOf":{"@id":"https:\/\/www.conferencecannabis.ca\/en\/#website"},"primaryImageOfPage":{"@id":"https:\/\/www.conferencecannabis.ca\/en\/previous-editions\/2020-conference\/#primaryimage"},"image":{"@id":"https:\/\/www.conferencecannabis.ca\/en\/previous-editions\/2020-conference\/#primaryimage"},"thumbnailUrl":"https:\/\/www.conferencecannabis.ca\/wp-content\/uploads\/2019\/07\/mea-conference-cannabis-ENG-1x1-andregosselin-1024x1024.png","datePublished":"2022-03-10T18:30:30+00:00","dateModified":"2023-02-15T17:04:22+00:00","description":"An overview of the speakers and topics of the 2020 edition of the Canadian Cannabis Conference, October 7th, in Quebec","breadcrumb":{"@id":"https:\/\/www.conferencecannabis.ca\/en\/previous-editions\/2020-conference\/#breadcrumb"},"inLanguage":"en-US","potentialAction":[{"@type":"ReadAction","target":["https:\/\/www.conferencecannabis.ca\/en\/previous-editions\/2020-conference\/"]}]},{"@type":"ImageObject","inLanguage":"en-US","@id":"https:\/\/www.conferencecannabis.ca\/en\/previous-editions\/2020-conference\/#primaryimage","url":"https:\/\/www.conferencecannabis.ca\/wp-content\/uploads\/2019\/07\/mea-conference-cannabis-ENG-1x1-andregosselin-1024x1024.png","contentUrl":"https:\/\/www.conferencecannabis.ca\/wp-content\/uploads\/2019\/07\/mea-conference-cannabis-ENG-1x1-andregosselin-1024x1024.png"},{"@type":"BreadcrumbList","@id":"https:\/\/www.conferencecannabis.ca\/en\/previous-editions\/2020-conference\/#breadcrumb","itemListElement":[{"@type":"ListItem","position":1,"name":"Accueil","item":"https:\/\/www.conferencecannabis.ca\/en\/"},{"@type":"ListItem","position":2,"name":"Previous editions","item":"https:\/\/www.conferencecannabis.ca\/en\/previous-editions\/"},{"@type":"ListItem","position":3,"name":"2020 Conference"}]},{"@type":"WebSite","@id":"https:\/\/www.conferencecannabis.ca\/en\/#website","url":"https:\/\/www.conferencecannabis.ca\/en\/","name":"Conf\u00e9rence canadienne sur le cannabis","description":"Un \u00e9v\u00e8nement phare sur les derni\u00e8res avanc\u00e9es scientifique en mati\u00e8re de cannabis","publisher":{"@id":"https:\/\/www.conferencecannabis.ca\/en\/#organization"},"potentialAction":[{"@type":"SearchAction","target":{"@type":"EntryPoint","urlTemplate":"https:\/\/www.conferencecannabis.ca\/en\/?s={search_term_string}"},"query-input":{"@type":"PropertyValueSpecification","valueRequired":true,"valueName":"search_term_string"}}],"inLanguage":"en-US"},{"@type":"Organization","@id":"https:\/\/www.conferencecannabis.ca\/en\/#organization","name":"Conf\u00e9rence canadienne sur le cannabis","url":"https:\/\/www.conferencecannabis.ca\/en\/","logo":{"@type":"ImageObject","inLanguage":"en-US","@id":"https:\/\/www.conferencecannabis.ca\/en\/#\/schema\/logo\/image\/","url":"https:\/\/www.conferencecannabis.ca\/wp-content\/uploads\/2019\/07\/logo-cannabis-couleur-2.svg","contentUrl":"https:\/\/www.conferencecannabis.ca\/wp-content\/uploads\/2019\/07\/logo-cannabis-couleur-2.svg","width":1,"height":1,"caption":"Conf\u00e9rence canadienne sur le cannabis"},"image":{"@id":"https:\/\/www.conferencecannabis.ca\/en\/#\/schema\/logo\/image\/"},"sameAs":["https:\/\/www.facebook.com\/Conf\u00e9rence-canadienne-sur-le-cannabis-103896734329729\/"]}]}},"_links":{"self":[{"href":"https:\/\/www.conferencecannabis.ca\/en\/wp-json\/wp\/v2\/pages\/3908","targetHints":{"allow":["GET"]}}],"collection":[{"href":"https:\/\/www.conferencecannabis.ca\/en\/wp-json\/wp\/v2\/pages"}],"about":[{"href":"https:\/\/www.conferencecannabis.ca\/en\/wp-json\/wp\/v2\/types\/page"}],"author":[{"embeddable":true,"href":"https:\/\/www.conferencecannabis.ca\/en\/wp-json\/wp\/v2\/users\/6"}],"replies":[{"embeddable":true,"href":"https:\/\/www.conferencecannabis.ca\/en\/wp-json\/wp\/v2\/comments?post=3908"}],"version-history":[{"count":16,"href":"https:\/\/www.conferencecannabis.ca\/en\/wp-json\/wp\/v2\/pages\/3908\/revisions"}],"predecessor-version":[{"id":4914,"href":"https:\/\/www.conferencecannabis.ca\/en\/wp-json\/wp\/v2\/pages\/3908\/revisions\/4914"}],"up":[{"embeddable":true,"href":"https:\/\/www.conferencecannabis.ca\/en\/wp-json\/wp\/v2\/pages\/4075"}],"wp:attachment":[{"href":"https:\/\/www.conferencecannabis.ca\/en\/wp-json\/wp\/v2\/media?parent=3908"}],"curies":[{"name":"wp","href":"https:\/\/api.w.org\/{rel}","templated":true}]}}