{"id":7666,"date":"2024-05-28T15:52:41","date_gmt":"2024-05-28T19:52:41","guid":{"rendered":"https:\/\/www.conferencecannabis.ca\/?page_id=7666"},"modified":"2024-05-28T15:52:41","modified_gmt":"2024-05-28T19:52:41","slug":"program","status":"publish","type":"page","link":"https:\/\/www.conferencecannabis.ca\/en\/program\/","title":{"rendered":"Program"},"content":{"rendered":"\t\t<div data-elementor-type=\"wp-page\" data-elementor-id=\"7666\" class=\"elementor elementor-7666\" data-elementor-post-type=\"page\">\n\t\t\t\t\t\t<section class=\"elementor-section elementor-top-section elementor-element elementor-element-10fdb97 elementor-section-boxed elementor-section-height-default elementor-section-height-default\" data-id=\"10fdb97\" data-element_type=\"section\" data-e-type=\"section\">\n\t\t\t\t\t\t<div class=\"elementor-container elementor-column-gap-default\">\n\t\t\t\t\t<div class=\"elementor-column elementor-col-66 elementor-top-column elementor-element elementor-element-b6f7bc1\" data-id=\"b6f7bc1\" data-element_type=\"column\" data-e-type=\"column\">\n\t\t\t<div class=\"elementor-widget-wrap elementor-element-populated\">\n\t\t\t\t\t\t<div class=\"elementor-element elementor-element-730876f elementor-widget elementor-widget-heading\" data-id=\"730876f\" data-element_type=\"widget\" data-e-type=\"widget\" data-widget_type=\"heading.default\">\n\t\t\t\t<div class=\"elementor-widget-container\">\n\t\t\t\t\t<span class=\"sub-title\">The conference will be held in French and English. Simultaneous translation services will be available on site.<\/span><h2 class=\"elementor-heading-title elementor-size-default\">June 12 &amp; 13<\/h2>\t\t\t\t<\/div>\n\t\t\t\t<\/div>\n\t\t\t\t\t<\/div>\n\t\t<\/div>\n\t\t\t\t<div class=\"elementor-column elementor-col-33 elementor-top-column elementor-element elementor-element-a1f17c0\" data-id=\"a1f17c0\" data-element_type=\"column\" data-e-type=\"column\">\n\t\t\t<div class=\"elementor-widget-wrap elementor-element-populated\">\n\t\t\t\t\t\t<div class=\"elementor-element elementor-element-e413b69 elementor-widget elementor-widget-image\" data-id=\"e413b69\" data-element_type=\"widget\" data-e-type=\"widget\" data-widget_type=\"image.default\">\n\t\t\t\t<div class=\"elementor-widget-container\">\n\t\t\t\t\t\t\t\t\t\t\t\t\t\t\t<img fetchpriority=\"high\" decoding=\"async\" width=\"600\" height=\"400\" src=\"https:\/\/www.conferencecannabis.ca\/wp-content\/uploads\/2019\/07\/MG_8853-1024x683.jpg\" class=\"attachment-large size-large wp-image-4683\" alt=\"\" srcset=\"https:\/\/www.conferencecannabis.ca\/wp-content\/uploads\/2019\/07\/MG_8853-1024x683.jpg 1024w, https:\/\/www.conferencecannabis.ca\/wp-content\/uploads\/2019\/07\/MG_8853-300x200.jpg 300w, https:\/\/www.conferencecannabis.ca\/wp-content\/uploads\/2019\/07\/MG_8853-768x512.jpg 768w, https:\/\/www.conferencecannabis.ca\/wp-content\/uploads\/2019\/07\/MG_8853-1536x1024.jpg 1536w, https:\/\/www.conferencecannabis.ca\/wp-content\/uploads\/2019\/07\/MG_8853-400x267.jpg 400w, https:\/\/www.conferencecannabis.ca\/wp-content\/uploads\/2019\/07\/MG_8853.jpg 2048w\" sizes=\"(max-width: 600px) 100vw, 600px\" \/>\t\t\t\t\t\t\t\t\t\t\t\t\t\t\t<\/div>\n\t\t\t\t<\/div>\n\t\t\t\t\t<\/div>\n\t\t<\/div>\n\t\t\t\t\t<\/div>\n\t\t<\/section>\n\t\t\t\t<section class=\"elementor-section elementor-top-section elementor-element elementor-element-53ecb84 elementor-section-boxed elementor-section-height-default elementor-section-height-default\" data-id=\"53ecb84\" data-element_type=\"section\" data-e-type=\"section\">\n\t\t\t\t\t\t<div class=\"elementor-container elementor-column-gap-default\">\n\t\t\t\t\t<div class=\"elementor-column elementor-col-100 elementor-top-column elementor-element elementor-element-3fd2bf3\" data-id=\"3fd2bf3\" data-element_type=\"column\" data-e-type=\"column\">\n\t\t\t<div class=\"elementor-widget-wrap elementor-element-populated\">\n\t\t\t\t\t\t<div class=\"elementor-element elementor-element-3884eeb elementor-widget elementor-widget-text-editor\" data-id=\"3884eeb\" data-element_type=\"widget\" data-e-type=\"widget\" data-widget_type=\"text-editor.default\">\n\t\t\t\t<div class=\"elementor-widget-container\">\n\t\t\t\t\t        <div class=\"elementor-text-editor elementor-clearfix\"><h3>PROGRAM<\/h3><\/div>\n        \t\t\t\t<\/div>\n\t\t\t\t<\/div>\n\t\t\t\t<div class=\"elementor-element elementor-element-e4106b6 elementor-widget elementor-widget-text-editor\" data-id=\"e4106b6\" data-element_type=\"widget\" data-e-type=\"widget\" data-widget_type=\"text-editor.default\">\n\t\t\t\t<div class=\"elementor-widget-container\">\n\t\t\t\t\t        <div class=\"elementor-text-editor elementor-clearfix\"><h6><span style=\"font-family: 'DM Sans', -apple-system, BlinkMacSystemFont, 'Segoe UI', Roboto, 'Helvetica Neue', Arial, sans-serif; font-size: 1rem;\">Presented by:<br \/><\/span><img decoding=\"async\" class=\"alignnone size-medium wp-image-6785\" src=\"https:\/\/www.conferencecannabis.ca\/wp-content\/uploads\/2019\/07\/DR_LogoEN_Noir-300x102.png\" alt=\"\" width=\"300\" height=\"102\" srcset=\"https:\/\/www.conferencecannabis.ca\/wp-content\/uploads\/2019\/07\/DR_LogoEN_Noir-300x102.png 300w, https:\/\/www.conferencecannabis.ca\/wp-content\/uploads\/2019\/07\/DR_LogoEN_Noir-1024x347.png 1024w, https:\/\/www.conferencecannabis.ca\/wp-content\/uploads\/2019\/07\/DR_LogoEN_Noir-768x260.png 768w, https:\/\/www.conferencecannabis.ca\/wp-content\/uploads\/2019\/07\/DR_LogoEN_Noir-400x135.png 400w, https:\/\/www.conferencecannabis.ca\/wp-content\/uploads\/2019\/07\/DR_LogoEN_Noir.png 1172w\" sizes=\"(max-width: 300px) 100vw, 300px\" \/><\/h6><\/div>\n        \t\t\t\t<\/div>\n\t\t\t\t<\/div>\n\t\t\t\t<div class=\"elementor-element elementor-element-831e775 elementor-widget elementor-widget-opal-schedules\" data-id=\"831e775\" data-element_type=\"widget\" data-e-type=\"widget\" data-widget_type=\"opal-schedules.default\">\n\t\t\t\t<div class=\"elementor-widget-container\">\n\t\t\t\t\t        <div class=\"elementor-schedules-wrapper schedules-style-3\">\n                            <div class=\"elementor-schedules-tabs\">\n                                                <div class=\"elementor-schedules-tab elementor-active\" data-tab=\".elementor-schedules-tab-content-0\">\n                                        <div class=\"schedules-day\">\n            <div class=\"schedules-day-name\">Canadian Cannabis Conference 2024 &#8211; Day 1<\/div>\n            <div class=\"schedules-day-time\">12\/06\/2024<\/div>\n        <\/div>\n                                    <\/div>\n                                            <\/div>\n                <div class=\"elementor-schedules-content\">\n                                                <div class=\"elementor-schedules-tab-content elementor-schedules-tab-content-0\">\n                                            <div class=\"schedules-item\">\n                <div class=\"item-schedules_items\">\n\n                    <div class=\"item-meta\">\n                        <div class=\"time-schedules\">\n                            <span class=\"time-schedules-icon\"><i class=\"opal-icon-clock2\"><\/i><\/span>\n                            <span>\n                            0 h 00 min - 0 h 00 min                            <\/span>\n                        <\/div>\n                                                    <div class=\"location-schedules\">\n                                <span><i class=\"opal-icon-map-marker-alt\"><\/i><\/span><span><\/span>\n                            <\/div>\n                                                                            <div class=\"author-schedules\">\n                                <span class=\"author-schedules-icon\"><i class=\"opal-icon-microphone-alt\"><\/i><\/span>\n                                <span class=\"author-schedules-group\">\n                                    <span>By <\/span>                                    <a href=\"https:\/\/www.conferencecannabis.ca\/en\/speakers\/sonia-isabel\/\">Sonia Isabel<\/a>                                <\/span>\n                                                            <\/div>\n                                            <\/div>\n\n                    <div class=\"item-wrapper\">\n                                                <h3 class=\"title-schedules\">Conference hosted by<\/h3>\n                                                    <div class=\"item-image-wrapper\">\n                                                                    <div class=\"item-image tooltipster-wrap\">\n                                        <a href=\"https:\/\/www.conferencecannabis.ca\/en\/speakers\/sonia-isabel\/\"><img decoding=\"async\" width=\"150\" height=\"150\" src=\"https:\/\/www.conferencecannabis.ca\/wp-content\/uploads\/2023\/11\/sonia-isabel-500-150x150.png\" class=\"attachment-thumbnail size-thumbnail wp-post-image\" alt=\"\" srcset=\"https:\/\/www.conferencecannabis.ca\/wp-content\/uploads\/2023\/11\/sonia-isabel-500-150x150.png 150w, https:\/\/www.conferencecannabis.ca\/wp-content\/uploads\/2023\/11\/sonia-isabel-500-300x300.png 300w, https:\/\/www.conferencecannabis.ca\/wp-content\/uploads\/2023\/11\/sonia-isabel-500-400x400.png 400w, https:\/\/www.conferencecannabis.ca\/wp-content\/uploads\/2023\/11\/sonia-isabel-500-100x100.png 100w, https:\/\/www.conferencecannabis.ca\/wp-content\/uploads\/2023\/11\/sonia-isabel-500.png 500w\" sizes=\"(max-width: 150px) 100vw, 150px\" \/><\/a>                                        <div class=\"tooltipster-speaker-content\">\n                                            <div class=\"name\">Sonia Isabel<\/div>\n                                            <div class=\"job\">Commercial & Operations Leader<\/div>\n                                        <\/div>\n                                    <\/div>\n                                                            <\/div>\n                                                    <div class=\"description-schedules\"><\/div>\n                                                    <div class=\"button-schedules\"><i class=\"opal-icon-times\"><\/i><\/div>\n                                            <\/div>\n                <\/div>\n            <\/div>\n                        <div class=\"schedules-item\">\n                <div class=\"item-schedules_items\">\n\n                    <div class=\"item-meta\">\n                        <div class=\"time-schedules\">\n                            <span class=\"time-schedules-icon\"><i class=\"opal-icon-clock2\"><\/i><\/span>\n                            <span>\n                            0 h 00 min - 0 h 00 min                            <\/span>\n                        <\/div>\n                                                    <div class=\"location-schedules\">\n                                <span><i class=\"opal-icon-map-marker-alt\"><\/i><\/span><span>Foyer<\/span>\n                            <\/div>\n                                                                    <\/div>\n\n                    <div class=\"item-wrapper\">\n                                                <h3 class=\"title-schedules title-label\">8h00 AM - Networking breakfast and kiosks<\/h3>\n                                                <div class=\"description-schedules\"><\/div>\n                                            <\/div>\n                <\/div>\n            <\/div>\n                        <div class=\"schedules-item\">\n                <div class=\"item-schedules_items\">\n\n                    <div class=\"item-meta\">\n                        <div class=\"time-schedules\">\n                            <span class=\"time-schedules-icon\"><i class=\"opal-icon-clock2\"><\/i><\/span>\n                            <span>\n                            0 h 00 min - 0 h 00 min                            <\/span>\n                        <\/div>\n                                                    <div class=\"location-schedules\">\n                                <span><i class=\"opal-icon-map-marker-alt\"><\/i><\/span><span>Main room<\/span>\n                            <\/div>\n                                                                    <\/div>\n\n                    <div class=\"item-wrapper\">\n                                                <h3 class=\"title-schedules title-label\">9h00 AM - Opening remarks<\/h3>\n                                                <div class=\"description-schedules\"><\/div>\n                                            <\/div>\n                <\/div>\n            <\/div>\n                        <div class=\"schedules-item\">\n                <div class=\"item-schedules_items\">\n\n                    <div class=\"item-meta\">\n                        <div class=\"time-schedules\">\n                            <span class=\"time-schedules-icon\"><i class=\"opal-icon-clock2\"><\/i><\/span>\n                            <span>\n                            0 h 00 min - 0 h 00 min                            <\/span>\n                        <\/div>\n                                                    <div class=\"location-schedules\">\n                                <span><i class=\"opal-icon-map-marker-alt\"><\/i><\/span><span>Main room<\/span>\n                            <\/div>\n                                                                            <div class=\"author-schedules\">\n                                <span class=\"author-schedules-icon\"><i class=\"opal-icon-microphone-alt\"><\/i><\/span>\n                                <span class=\"author-schedules-group\">\n                                    <span>By <\/span>                                    <a href=\"https:\/\/www.conferencecannabis.ca\/en\/speakers\/terence-ndonyi-bukong-ph-d\/\">Terence Ndonyi, Bukong, Ph.D<\/a>                                <\/span>\n                                                            <\/div>\n                                            <\/div>\n\n                    <div class=\"item-wrapper\">\n                                                <h3 class=\"title-schedules\">9h15 AM - Harnessing Cannabis: Unlocking New Frontiers in Liver and Viral Disease Management<\/h3>\n                                                    <div class=\"item-image-wrapper\">\n                                                                    <div class=\"item-image tooltipster-wrap\">\n                                        <a href=\"https:\/\/www.conferencecannabis.ca\/en\/speakers\/terence-ndonyi-bukong-ph-d\/\"><img loading=\"lazy\" decoding=\"async\" width=\"150\" height=\"150\" src=\"https:\/\/www.conferencecannabis.ca\/wp-content\/uploads\/2024\/05\/Terence-Bukong-Photo-1-e1716498459384-150x150.jpg\" class=\"attachment-thumbnail size-thumbnail wp-post-image\" alt=\"\" srcset=\"https:\/\/www.conferencecannabis.ca\/wp-content\/uploads\/2024\/05\/Terence-Bukong-Photo-1-e1716498459384-150x150.jpg 150w, https:\/\/www.conferencecannabis.ca\/wp-content\/uploads\/2024\/05\/Terence-Bukong-Photo-1-e1716498459384-300x300.jpg 300w, https:\/\/www.conferencecannabis.ca\/wp-content\/uploads\/2024\/05\/Terence-Bukong-Photo-1-e1716498459384-400x400.jpg 400w, https:\/\/www.conferencecannabis.ca\/wp-content\/uploads\/2024\/05\/Terence-Bukong-Photo-1-e1716498459384-100x100.jpg 100w, https:\/\/www.conferencecannabis.ca\/wp-content\/uploads\/2024\/05\/Terence-Bukong-Photo-1-e1716498459384.jpg 500w\" sizes=\"(max-width: 150px) 100vw, 150px\" \/><\/a>                                        <div class=\"tooltipster-speaker-content\">\n                                            <div class=\"name\">Terence Ndonyi, Bukong, Ph.D<\/div>\n                                            <div class=\"job\">Associate Professor at the Centre Armand-Frappier Sant\u00e9 Biotechnologie (INRS)<\/div>\n                                        <\/div>\n                                    <\/div>\n                                                            <\/div>\n                                                    <div class=\"description-schedules\"><p>The legalization of recreational cannabis use has seen a rapid increase in the use of more and more potent cannabis products. Given that legalization has preceded basic research to understand the health effects of cannabis, we are now in a situation where we do not fully understand the effects of a legalized drug that is readily available to the public.<br \/>\nBuilding upon a robust body of epidemiological research, including studies conducted by our team at INRS\u2013Centre Armand-Frappier Sant\u00e9 Biotechnologie, we are advancing the understanding of how cannabis affects liver diseases and viral infections. Our research is increasingly revealing that the beneficial or detrimental effects of cannabis on health conditions like alcoholic liver disease (ALD), non-alcoholic fatty liver disease (NAFLD), and hepatic viral infections may be critically dependent on the specific composition of the cannabis formulation, its dose, and the duration of use.<\/p>\n<p>Influential studies from our group have demonstrated significant relationships between cannabis use and liver health. For instance, findings suggest that cannabis use is associated with a reduced prevalence of conditions such as steatosis, hepatitis, cirrhosis, and hepatocellular carcinoma, particularly among populations with a history of heavy alcohol use. This research has underscored the potential of cannabis formulation to modulate disease progression through mechanisms that likely involve the endocannabinoid system's interaction with cannabinoid receptors (CBR), known for their role in inflammatory processes and their potential anti-inflammatory properties.<\/p>\n<p>Our ongoing investigations aim to further delineate these interactions by focusing on how different cannabinoid profiles of full-spectrum recreational cannabis formulations affect the pathophysiology of hepatic and viral infections. This knowledge is critical as cannabis use becomes increasingly prevalent, outpacing the scientific understanding of its implications for liver health and disease management. Our research highlights the therapeutic potential of some full-spectrum cannabis formulations, paving new pathways for the treatment and management of hepatic and viral diseases. By integrating data from in-vitro, in-vivo, and epidemiological studies, our work would contribute significantly to the body of knowledge that informs public health policies and clinical guidelines. Ultimately, we seek to guide safe cannabis use, mitigating risks associated with adverse health consequences and promoting a scientific foundation for developing cannabinoid-based therapies.<\/p>\n<\/div>\n                                                    <div class=\"button-schedules\"><i class=\"opal-icon-times\"><\/i><\/div>\n                                            <\/div>\n                <\/div>\n            <\/div>\n                        <div class=\"schedules-item\">\n                <div class=\"item-schedules_items\">\n\n                    <div class=\"item-meta\">\n                        <div class=\"time-schedules\">\n                            <span class=\"time-schedules-icon\"><i class=\"opal-icon-clock2\"><\/i><\/span>\n                            <span>\n                            0 h 00 min - 0 h 00 min                            <\/span>\n                        <\/div>\n                                                    <div class=\"location-schedules\">\n                                <span><i class=\"opal-icon-map-marker-alt\"><\/i><\/span><span>Main room<\/span>\n                            <\/div>\n                                                                            <div class=\"author-schedules\">\n                                <span class=\"author-schedules-icon\"><i class=\"opal-icon-microphone-alt\"><\/i><\/span>\n                                <span class=\"author-schedules-group\">\n                                    <span>By <\/span>                                    <a href=\"https:\/\/www.conferencecannabis.ca\/en\/speakers\/davoud-tourkemeneh\/\">Dr Davoud Torkamaneh<\/a>                                <\/span>\n                                                            <\/div>\n                                            <\/div>\n\n                    <div class=\"item-wrapper\">\n                                                <h3 class=\"title-schedules\">9h45 AM - Decoding Cannabis Traits: From Genome to Phenome<\/h3>\n                                                    <div class=\"item-image-wrapper\">\n                                                                    <div class=\"item-image tooltipster-wrap\">\n                                        <a href=\"https:\/\/www.conferencecannabis.ca\/en\/speakers\/davoud-tourkemeneh\/\"><img loading=\"lazy\" decoding=\"async\" width=\"150\" height=\"150\" src=\"https:\/\/www.conferencecannabis.ca\/wp-content\/uploads\/2024\/04\/Davoud2022_Davoud1-1-150x150.jpg\" class=\"attachment-thumbnail size-thumbnail wp-post-image\" alt=\"\" srcset=\"https:\/\/www.conferencecannabis.ca\/wp-content\/uploads\/2024\/04\/Davoud2022_Davoud1-1-150x150.jpg 150w, https:\/\/www.conferencecannabis.ca\/wp-content\/uploads\/2024\/04\/Davoud2022_Davoud1-1-300x300.jpg 300w, https:\/\/www.conferencecannabis.ca\/wp-content\/uploads\/2024\/04\/Davoud2022_Davoud1-1-400x400.jpg 400w, https:\/\/www.conferencecannabis.ca\/wp-content\/uploads\/2024\/04\/Davoud2022_Davoud1-1-100x100.jpg 100w, https:\/\/www.conferencecannabis.ca\/wp-content\/uploads\/2024\/04\/Davoud2022_Davoud1-1.jpg 500w\" sizes=\"(max-width: 150px) 100vw, 150px\" \/><\/a>                                        <div class=\"tooltipster-speaker-content\">\n                                            <div class=\"name\">Dr Davoud Torkamaneh<\/div>\n                                            <div class=\"job\">Professor Universit\u00e9 Laval<\/div>\n                                        <\/div>\n                                    <\/div>\n                                                            <\/div>\n                                                    <div class=\"description-schedules\"><p>This seminar explores the intricate genetic landscape of cannabis traits through an integrative approach spanning genomics, phenomics, metabolomics, genome editing, and AI. By deciphering the genetic basis of agronomic, phenological, and metabolic traits, we unravel not only their evolutionary past but also foresee their future trajectories. This knowledge revolutionizes breeding and selection practices, offering targeted interventions for optimized cannabis cultivation. Join us as we delve into the genetic blueprint shaping cannabis diversity.<\/p>\n<\/div>\n                                                    <div class=\"button-schedules\"><i class=\"opal-icon-times\"><\/i><\/div>\n                                            <\/div>\n                <\/div>\n            <\/div>\n                        <div class=\"schedules-item\">\n                <div class=\"item-schedules_items\">\n\n                    <div class=\"item-meta\">\n                        <div class=\"time-schedules\">\n                            <span class=\"time-schedules-icon\"><i class=\"opal-icon-clock2\"><\/i><\/span>\n                            <span>\n                            0 h 00 min - 0 h 00 min                            <\/span>\n                        <\/div>\n                                                    <div class=\"location-schedules\">\n                                <span><i class=\"opal-icon-map-marker-alt\"><\/i><\/span><span>Main room<\/span>\n                            <\/div>\n                                                                            <div class=\"author-schedules\">\n                                <span class=\"author-schedules-icon\"><i class=\"opal-icon-microphone-alt\"><\/i><\/span>\n                                <span class=\"author-schedules-group\">\n                                    <span>By <\/span>                                    <a href=\"https:\/\/www.conferencecannabis.ca\/en\/speakers\/annabelle-bazire\/\">Annabelle Bazire<\/a>                                <\/span>\n                                                            <\/div>\n                                            <\/div>\n\n                    <div class=\"item-wrapper\">\n                                                <h3 class=\"title-schedules\">10h15 AM - Medical cannabis in France: ambitions and challenges<\/h3>\n                                                    <div class=\"item-image-wrapper\">\n                                                                    <div class=\"item-image tooltipster-wrap\">\n                                        <a href=\"https:\/\/www.conferencecannabis.ca\/en\/speakers\/annabelle-bazire\/\"><img loading=\"lazy\" decoding=\"async\" width=\"150\" height=\"150\" src=\"https:\/\/www.conferencecannabis.ca\/wp-content\/uploads\/2024\/04\/1607107755301-150x150.jpeg\" class=\"attachment-thumbnail size-thumbnail wp-post-image\" alt=\"\" srcset=\"https:\/\/www.conferencecannabis.ca\/wp-content\/uploads\/2024\/04\/1607107755301-150x150.jpeg 150w, https:\/\/www.conferencecannabis.ca\/wp-content\/uploads\/2024\/04\/1607107755301-300x300.jpeg 300w, https:\/\/www.conferencecannabis.ca\/wp-content\/uploads\/2024\/04\/1607107755301-400x400.jpeg 400w, https:\/\/www.conferencecannabis.ca\/wp-content\/uploads\/2024\/04\/1607107755301-100x100.jpeg 100w, https:\/\/www.conferencecannabis.ca\/wp-content\/uploads\/2024\/04\/1607107755301.jpeg 560w\" sizes=\"(max-width: 150px) 100vw, 150px\" \/><\/a>                                        <div class=\"tooltipster-speaker-content\">\n                                            <div class=\"name\">Annabelle Bazire<\/div>\n                                            <div class=\"job\">General Manager at DelleD - LaFleur<\/div>\n                                        <\/div>\n                                    <\/div>\n                                                            <\/div>\n                                                    <div class=\"description-schedules\"><p>France is building its own model, inspired by those already in place in many countries around the world. After a look back at the French experiment that ended on March 27, 2024, what lessons have been learned? What regulatory framework is being put in place to provide access to medical cannabis for the patients concerned?  We'll be looking at prescribing procedures and pharmaceutical circuit specifications for cannabis-based medicines. A regulatory framework conducive to opening up the market?\"<\/p>\n<\/div>\n                                                    <div class=\"button-schedules\"><i class=\"opal-icon-times\"><\/i><\/div>\n                                            <\/div>\n                <\/div>\n            <\/div>\n                        <div class=\"schedules-item\">\n                <div class=\"item-schedules_items\">\n\n                    <div class=\"item-meta\">\n                        <div class=\"time-schedules\">\n                            <span class=\"time-schedules-icon\"><i class=\"opal-icon-clock2\"><\/i><\/span>\n                            <span>\n                            0 h 00 min - 0 h 00 min                            <\/span>\n                        <\/div>\n                                                    <div class=\"location-schedules\">\n                                <span><i class=\"opal-icon-map-marker-alt\"><\/i><\/span><span>Foyer<\/span>\n                            <\/div>\n                                                                            <div class=\"author-schedules\">\n                                <span class=\"author-schedules-icon\"><i class=\"opal-icon-microphone-alt\"><\/i><\/span>\n                                <span class=\"author-schedules-group\">\n                                    <span>By <\/span>                                    <a href=\"https:\/\/www.conferencecannabis.ca\/en\/speakers\/bis-solutions\/\">Bis Solutions<\/a>                                <\/span>\n                                                            <\/div>\n                                            <\/div>\n\n                    <div class=\"item-wrapper\">\n                                                <h3 class=\"title-schedules\">10h45 AM - Coffee break, networking and kiosks<\/h3>\n                                                    <div class=\"item-image-wrapper\">\n                                                                    <div class=\"item-image tooltipster-wrap\">\n                                        <a href=\"https:\/\/www.conferencecannabis.ca\/en\/speakers\/bis-solutions\/\"><img loading=\"lazy\" decoding=\"async\" width=\"150\" height=\"150\" src=\"https:\/\/www.conferencecannabis.ca\/wp-content\/uploads\/2024\/04\/bis_solutions_inc_logo-150x150.jpeg\" class=\"attachment-thumbnail size-thumbnail wp-post-image\" alt=\"\" srcset=\"https:\/\/www.conferencecannabis.ca\/wp-content\/uploads\/2024\/04\/bis_solutions_inc_logo-150x150.jpeg 150w, https:\/\/www.conferencecannabis.ca\/wp-content\/uploads\/2024\/04\/bis_solutions_inc_logo-100x100.jpeg 100w, https:\/\/www.conferencecannabis.ca\/wp-content\/uploads\/2024\/04\/bis_solutions_inc_logo.jpeg 200w\" sizes=\"(max-width: 150px) 100vw, 150px\" \/><\/a>                                        <div class=\"tooltipster-speaker-content\">\n                                            <div class=\"name\">Bis Solutions<\/div>\n                                            <div class=\"job\"><\/div>\n                                        <\/div>\n                                    <\/div>\n                                                            <\/div>\n                                                    <div class=\"description-schedules\"><p>Presented by:<\/p>\n<\/div>\n                                                    <div class=\"button-schedules\"><i class=\"opal-icon-times\"><\/i><\/div>\n                                            <\/div>\n                <\/div>\n            <\/div>\n                        <div class=\"schedules-item\">\n                <div class=\"item-schedules_items\">\n\n                    <div class=\"item-meta\">\n                        <div class=\"time-schedules\">\n                            <span class=\"time-schedules-icon\"><i class=\"opal-icon-clock2\"><\/i><\/span>\n                            <span>\n                            0 h 00 min - 0 h 00 min                            <\/span>\n                        <\/div>\n                                                    <div class=\"location-schedules\">\n                                <span><i class=\"opal-icon-map-marker-alt\"><\/i><\/span><span>Main room<\/span>\n                            <\/div>\n                                                                            <div class=\"author-schedules\">\n                                <span class=\"author-schedules-icon\"><i class=\"opal-icon-microphone-alt\"><\/i><\/span>\n                                <span class=\"author-schedules-group\">\n                                    <span>By <\/span>                                    <a href=\"https:\/\/www.conferencecannabis.ca\/en\/speakers\/david-klein\/\">David Klein<\/a><a href=\"https:\/\/www.conferencecannabis.ca\/en\/speakers\/philippe-depault\/\">Philippe Depault<\/a><a href=\"https:\/\/www.conferencecannabis.ca\/en\/speakers\/jason-moscovici-provisions-legal-services-inc\/\">Jason Moscovici<\/a>                                <\/span>\n                                                            <\/div>\n                                            <\/div>\n\n                    <div class=\"item-wrapper\">\n                                                <h3 class=\"title-schedules\">11h15 AM - Canada\u2019s leadership in cannabis: a forum for innovative ways to break down barriers<\/h3>\n                                                    <div class=\"item-image-wrapper\">\n                                                                    <div class=\"item-image tooltipster-wrap\">\n                                        <a href=\"https:\/\/www.conferencecannabis.ca\/en\/speakers\/david-klein\/\"><img loading=\"lazy\" decoding=\"async\" width=\"150\" height=\"150\" src=\"https:\/\/www.conferencecannabis.ca\/wp-content\/uploads\/2024\/04\/image001-150x150.png\" class=\"attachment-thumbnail size-thumbnail wp-post-image\" alt=\"\" srcset=\"https:\/\/www.conferencecannabis.ca\/wp-content\/uploads\/2024\/04\/image001-150x150.png 150w, https:\/\/www.conferencecannabis.ca\/wp-content\/uploads\/2024\/04\/image001-300x300.png 300w, https:\/\/www.conferencecannabis.ca\/wp-content\/uploads\/2024\/04\/image001-400x400.png 400w, https:\/\/www.conferencecannabis.ca\/wp-content\/uploads\/2024\/04\/image001-100x100.png 100w, https:\/\/www.conferencecannabis.ca\/wp-content\/uploads\/2024\/04\/image001.png 500w\" sizes=\"(max-width: 150px) 100vw, 150px\" \/><\/a>                                        <div class=\"tooltipster-speaker-content\">\n                                            <div class=\"name\">David Klein<\/div>\n                                            <div class=\"job\">Chief Executive Officer (CEO) at Canopy Growth<\/div>\n                                        <\/div>\n                                    <\/div>\n                                                                    <div class=\"item-image tooltipster-wrap\">\n                                        <a href=\"https:\/\/www.conferencecannabis.ca\/en\/speakers\/philippe-depault\/\"><img loading=\"lazy\" decoding=\"async\" width=\"150\" height=\"150\" src=\"https:\/\/www.conferencecannabis.ca\/wp-content\/uploads\/2024\/04\/68751666_10162225433820381_8768065633297367040_n-1-150x150.jpeg\" class=\"attachment-thumbnail size-thumbnail wp-post-image\" alt=\"\" srcset=\"https:\/\/www.conferencecannabis.ca\/wp-content\/uploads\/2024\/04\/68751666_10162225433820381_8768065633297367040_n-1-150x150.jpeg 150w, https:\/\/www.conferencecannabis.ca\/wp-content\/uploads\/2024\/04\/68751666_10162225433820381_8768065633297367040_n-1-300x300.jpeg 300w, https:\/\/www.conferencecannabis.ca\/wp-content\/uploads\/2024\/04\/68751666_10162225433820381_8768065633297367040_n-1-400x400.jpeg 400w, https:\/\/www.conferencecannabis.ca\/wp-content\/uploads\/2024\/04\/68751666_10162225433820381_8768065633297367040_n-1-100x100.jpeg 100w, https:\/\/www.conferencecannabis.ca\/wp-content\/uploads\/2024\/04\/68751666_10162225433820381_8768065633297367040_n-1.jpeg 500w\" sizes=\"(max-width: 150px) 100vw, 150px\" \/><\/a>                                        <div class=\"tooltipster-speaker-content\">\n                                            <div class=\"name\">Philippe Depault<\/div>\n                                            <div class=\"job\">Founder\/CEO of Qu\u00e9bec Craft and member of ISED<\/div>\n                                        <\/div>\n                                    <\/div>\n                                                                    <div class=\"item-image tooltipster-wrap\">\n                                        <a href=\"https:\/\/www.conferencecannabis.ca\/en\/speakers\/jason-moscovici-provisions-legal-services-inc\/\"><img loading=\"lazy\" decoding=\"async\" width=\"150\" height=\"150\" src=\"https:\/\/www.conferencecannabis.ca\/wp-content\/uploads\/2024\/04\/jason-moscovici-500-150x150.jpg\" class=\"attachment-thumbnail size-thumbnail wp-post-image\" alt=\"\" srcset=\"https:\/\/www.conferencecannabis.ca\/wp-content\/uploads\/2024\/04\/jason-moscovici-500-150x150.jpg 150w, https:\/\/www.conferencecannabis.ca\/wp-content\/uploads\/2024\/04\/jason-moscovici-500-300x300.jpg 300w, https:\/\/www.conferencecannabis.ca\/wp-content\/uploads\/2024\/04\/jason-moscovici-500-400x400.jpg 400w, https:\/\/www.conferencecannabis.ca\/wp-content\/uploads\/2024\/04\/jason-moscovici-500-100x100.jpg 100w, https:\/\/www.conferencecannabis.ca\/wp-content\/uploads\/2024\/04\/jason-moscovici-500.jpg 500w\" sizes=\"(max-width: 150px) 100vw, 150px\" \/><\/a>                                        <div class=\"tooltipster-speaker-content\">\n                                            <div class=\"name\">Jason Moscovici<\/div>\n                                            <div class=\"job\">President, Intellectual Property and Regulatory Affairs Attorney at Provisions Legal Services Inc.<\/div>\n                                        <\/div>\n                                    <\/div>\n                                                            <\/div>\n                                                    <div class=\"description-schedules\"><p>Innovation, Science and Economic Development Canada (ISDE) Forum Cannabis panel - Moderated by Jason Moscovici \u2013 Provisions Legal Services Inc.<\/p>\n<\/div>\n                                                    <div class=\"button-schedules\"><i class=\"opal-icon-times\"><\/i><\/div>\n                                            <\/div>\n                <\/div>\n            <\/div>\n                        <div class=\"schedules-item\">\n                <div class=\"item-schedules_items\">\n\n                    <div class=\"item-meta\">\n                        <div class=\"time-schedules\">\n                            <span class=\"time-schedules-icon\"><i class=\"opal-icon-clock2\"><\/i><\/span>\n                            <span>\n                            0 h 00 min - 0 h 00 min                            <\/span>\n                        <\/div>\n                                                    <div class=\"location-schedules\">\n                                <span><i class=\"opal-icon-map-marker-alt\"><\/i><\/span><span>Main Room<\/span>\n                            <\/div>\n                                                                            <div class=\"author-schedules\">\n                                <span class=\"author-schedules-icon\"><i class=\"opal-icon-microphone-alt\"><\/i><\/span>\n                                <span class=\"author-schedules-group\">\n                                    <span>By <\/span>                                    <a href=\"https:\/\/www.conferencecannabis.ca\/en\/speakers\/7171\/\">Jean-Maxim LeBrun<\/a><a href=\"https:\/\/www.conferencecannabis.ca\/en\/speakers\/yanick-tanguay\/\">Yanick Tanguay<\/a>                                <\/span>\n                                                            <\/div>\n                                            <\/div>\n\n                    <div class=\"item-wrapper\">\n                                                <h3 class=\"title-schedules\">11h45 AM - Dunton Rainville: An exclusive partnership to support and develop your business<\/h3>\n                                                    <div class=\"item-image-wrapper\">\n                                                                    <div class=\"item-image tooltipster-wrap\">\n                                        <a href=\"https:\/\/www.conferencecannabis.ca\/en\/speakers\/7171\/\"><img loading=\"lazy\" decoding=\"async\" width=\"150\" height=\"150\" src=\"https:\/\/www.conferencecannabis.ca\/wp-content\/uploads\/2024\/04\/Jean-Maxim.Lebrun-1-e1714057271679-150x150.jpg\" class=\"attachment-thumbnail size-thumbnail wp-post-image\" alt=\"\" srcset=\"https:\/\/www.conferencecannabis.ca\/wp-content\/uploads\/2024\/04\/Jean-Maxim.Lebrun-1-e1714057271679-150x150.jpg 150w, https:\/\/www.conferencecannabis.ca\/wp-content\/uploads\/2024\/04\/Jean-Maxim.Lebrun-1-e1714057271679-300x300.jpg 300w, https:\/\/www.conferencecannabis.ca\/wp-content\/uploads\/2024\/04\/Jean-Maxim.Lebrun-1-e1714057271679-400x400.jpg 400w, https:\/\/www.conferencecannabis.ca\/wp-content\/uploads\/2024\/04\/Jean-Maxim.Lebrun-1-e1714057271679-100x100.jpg 100w, https:\/\/www.conferencecannabis.ca\/wp-content\/uploads\/2024\/04\/Jean-Maxim.Lebrun-1-e1714057271679.jpg 500w\" sizes=\"(max-width: 150px) 100vw, 150px\" \/><\/a>                                        <div class=\"tooltipster-speaker-content\">\n                                            <div class=\"name\">Jean-Maxim LeBrun<\/div>\n                                            <div class=\"job\">Lawyer at Dunton Rainville<\/div>\n                                        <\/div>\n                                    <\/div>\n                                                                    <div class=\"item-image tooltipster-wrap\">\n                                        <a href=\"https:\/\/www.conferencecannabis.ca\/en\/speakers\/yanick-tanguay\/\"><img loading=\"lazy\" decoding=\"async\" width=\"150\" height=\"150\" src=\"https:\/\/www.conferencecannabis.ca\/wp-content\/uploads\/2024\/04\/Yanick.Tanguay-2-1-e1713996966568-150x150.jpg\" class=\"attachment-thumbnail size-thumbnail wp-post-image\" alt=\"\" srcset=\"https:\/\/www.conferencecannabis.ca\/wp-content\/uploads\/2024\/04\/Yanick.Tanguay-2-1-e1713996966568-150x150.jpg 150w, https:\/\/www.conferencecannabis.ca\/wp-content\/uploads\/2024\/04\/Yanick.Tanguay-2-1-e1713996966568-300x300.jpg 300w, https:\/\/www.conferencecannabis.ca\/wp-content\/uploads\/2024\/04\/Yanick.Tanguay-2-1-e1713996966568-100x100.jpg 100w, https:\/\/www.conferencecannabis.ca\/wp-content\/uploads\/2024\/04\/Yanick.Tanguay-2-1-e1713996966568.jpg 400w\" sizes=\"(max-width: 150px) 100vw, 150px\" \/><\/a>                                        <div class=\"tooltipster-speaker-content\">\n                                            <div class=\"name\">Yanick Tanguay<\/div>\n                                            <div class=\"job\">Vice-President of Dunton Rainville<\/div>\n                                        <\/div>\n                                    <\/div>\n                                                            <\/div>\n                                                    <div class=\"description-schedules\"><\/div>\n                                                    <div class=\"button-schedules\"><i class=\"opal-icon-times\"><\/i><\/div>\n                                            <\/div>\n                <\/div>\n            <\/div>\n                        <div class=\"schedules-item\">\n                <div class=\"item-schedules_items\">\n\n                    <div class=\"item-meta\">\n                        <div class=\"time-schedules\">\n                            <span class=\"time-schedules-icon\"><i class=\"opal-icon-clock2\"><\/i><\/span>\n                            <span>\n                            0 h 00 min - 0 h 00 min                            <\/span>\n                        <\/div>\n                                                    <div class=\"location-schedules\">\n                                <span><i class=\"opal-icon-map-marker-alt\"><\/i><\/span><span>Foyer<\/span>\n                            <\/div>\n                                                                            <div class=\"author-schedules\">\n                                <span class=\"author-schedules-icon\"><i class=\"opal-icon-microphone-alt\"><\/i><\/span>\n                                <span class=\"author-schedules-group\">\n                                    <span>By <\/span>                                    <a href=\"https:\/\/www.conferencecannabis.ca\/en\/speakers\/rose-lifescience\/\">Rose LifeScience<\/a>                                <\/span>\n                                                            <\/div>\n                                            <\/div>\n\n                    <div class=\"item-wrapper\">\n                                                <h3 class=\"title-schedules\">12h00 PM - Networking lunch and kiosks<\/h3>\n                                                    <div class=\"item-image-wrapper\">\n                                                                    <div class=\"item-image tooltipster-wrap\">\n                                        <a href=\"https:\/\/www.conferencecannabis.ca\/en\/speakers\/rose-lifescience\/\"><img loading=\"lazy\" decoding=\"async\" width=\"150\" height=\"150\" src=\"https:\/\/www.conferencecannabis.ca\/wp-content\/uploads\/2024\/04\/roselogo-press-2-150x150.png\" class=\"attachment-thumbnail size-thumbnail wp-post-image\" alt=\"\" srcset=\"https:\/\/www.conferencecannabis.ca\/wp-content\/uploads\/2024\/04\/roselogo-press-2-150x150.png 150w, https:\/\/www.conferencecannabis.ca\/wp-content\/uploads\/2024\/04\/roselogo-press-2-400x400.png 400w, https:\/\/www.conferencecannabis.ca\/wp-content\/uploads\/2024\/04\/roselogo-press-2-100x100.png 100w\" sizes=\"(max-width: 150px) 100vw, 150px\" \/><\/a>                                        <div class=\"tooltipster-speaker-content\">\n                                            <div class=\"name\">Rose LifeScience<\/div>\n                                            <div class=\"job\"><\/div>\n                                        <\/div>\n                                    <\/div>\n                                                            <\/div>\n                                                    <div class=\"description-schedules\"><p>Presented by:<\/p>\n<\/div>\n                                                    <div class=\"button-schedules\"><i class=\"opal-icon-times\"><\/i><\/div>\n                                            <\/div>\n                <\/div>\n            <\/div>\n                        <div class=\"schedules-item\">\n                <div class=\"item-schedules_items\">\n\n                    <div class=\"item-meta\">\n                        <div class=\"time-schedules\">\n                            <span class=\"time-schedules-icon\"><i class=\"opal-icon-clock2\"><\/i><\/span>\n                            <span>\n                            0 h 00 min - 0 h 00 min                            <\/span>\n                        <\/div>\n                                                    <div class=\"location-schedules\">\n                                <span><i class=\"opal-icon-map-marker-alt\"><\/i><\/span><span>Main room<\/span>\n                            <\/div>\n                                                                            <div class=\"author-schedules\">\n                                <span class=\"author-schedules-icon\"><i class=\"opal-icon-microphone-alt\"><\/i><\/span>\n                                <span class=\"author-schedules-group\">\n                                    <span>By <\/span>                                    <a href=\"https:\/\/www.conferencecannabis.ca\/en\/speakers\/dr-hugo-tremblay\/\">Dr. Hugo Tremblay<\/a>                                <\/span>\n                                                            <\/div>\n                                            <\/div>\n\n                    <div class=\"item-wrapper\">\n                                                <h3 class=\"title-schedules\">1h20 PM - Cannabis Clinical Research: Challenges and Progress<\/h3>\n                                                    <div class=\"item-image-wrapper\">\n                                                                    <div class=\"item-image tooltipster-wrap\">\n                                        <a href=\"https:\/\/www.conferencecannabis.ca\/en\/speakers\/dr-hugo-tremblay\/\"><img loading=\"lazy\" decoding=\"async\" width=\"150\" height=\"150\" src=\"https:\/\/www.conferencecannabis.ca\/wp-content\/uploads\/2024\/06\/hugo-tremblay-500-1-square-150x150.jpg\" class=\"attachment-thumbnail size-thumbnail wp-post-image\" alt=\"\" srcset=\"https:\/\/www.conferencecannabis.ca\/wp-content\/uploads\/2024\/06\/hugo-tremblay-500-1-square-150x150.jpg 150w, https:\/\/www.conferencecannabis.ca\/wp-content\/uploads\/2024\/06\/hugo-tremblay-500-1-square-300x300.jpg 300w, https:\/\/www.conferencecannabis.ca\/wp-content\/uploads\/2024\/06\/hugo-tremblay-500-1-square-400x400.jpg 400w, https:\/\/www.conferencecannabis.ca\/wp-content\/uploads\/2024\/06\/hugo-tremblay-500-1-square-100x100.jpg 100w, https:\/\/www.conferencecannabis.ca\/wp-content\/uploads\/2024\/06\/hugo-tremblay-500-1-square.jpg 500w\" sizes=\"(max-width: 150px) 100vw, 150px\" \/><\/a>                                        <div class=\"tooltipster-speaker-content\">\n                                            <div class=\"name\">Dr. Hugo Tremblay<\/div>\n                                            <div class=\"job\">Vice President Operations at PurCann Pharma<\/div>\n                                        <\/div>\n                                    <\/div>\n                                                            <\/div>\n                                                    <div class=\"description-schedules\"><p>1. Introduction: Background and Importance of Cannabis Clinical Research<br \/>\n2. Regulations and the distinction between Recreational, Medical and Pharmaceutical Cannabis<br \/>\n3. Types of Clinics and Methodologies Used in Cannabis Research<br \/>\n4.  Examples of Current Research and Future Areas of Development<br \/>\n5.  Positioning PurCann Pharma in the Cannabis Clinical Research Sector<\/p>\n<\/div>\n                                                    <div class=\"button-schedules\"><i class=\"opal-icon-times\"><\/i><\/div>\n                                            <\/div>\n                <\/div>\n            <\/div>\n                        <div class=\"schedules-item\">\n                <div class=\"item-schedules_items\">\n\n                    <div class=\"item-meta\">\n                        <div class=\"time-schedules\">\n                            <span class=\"time-schedules-icon\"><i class=\"opal-icon-clock2\"><\/i><\/span>\n                            <span>\n                            0 h 00 min - 0 h 00 min                            <\/span>\n                        <\/div>\n                                                    <div class=\"location-schedules\">\n                                <span><i class=\"opal-icon-map-marker-alt\"><\/i><\/span><span>Main room<\/span>\n                            <\/div>\n                                                                            <div class=\"author-schedules\">\n                                <span class=\"author-schedules-icon\"><i class=\"opal-icon-microphone-alt\"><\/i><\/span>\n                                <span class=\"author-schedules-group\">\n                                    <span>By <\/span>                                    <a href=\"https:\/\/www.conferencecannabis.ca\/en\/speakers\/lucile-rapin\/\">Lucile Rapin<\/a>                                <\/span>\n                                                            <\/div>\n                                            <\/div>\n\n                    <div class=\"item-wrapper\">\n                                                <h3 class=\"title-schedules\">1h45 PM - Pain Management<\/h3>\n                                                    <div class=\"item-image-wrapper\">\n                                                                    <div class=\"item-image tooltipster-wrap\">\n                                        <a href=\"https:\/\/www.conferencecannabis.ca\/en\/speakers\/lucile-rapin\/\"><img loading=\"lazy\" decoding=\"async\" width=\"150\" height=\"150\" src=\"https:\/\/www.conferencecannabis.ca\/wp-content\/uploads\/2023\/04\/lucile-rapin-500-150x150.png\" class=\"attachment-thumbnail size-thumbnail wp-post-image\" alt=\"\" srcset=\"https:\/\/www.conferencecannabis.ca\/wp-content\/uploads\/2023\/04\/lucile-rapin-500-150x150.png 150w, https:\/\/www.conferencecannabis.ca\/wp-content\/uploads\/2023\/04\/lucile-rapin-500-300x300.png 300w, https:\/\/www.conferencecannabis.ca\/wp-content\/uploads\/2023\/04\/lucile-rapin-500-400x400.png 400w, https:\/\/www.conferencecannabis.ca\/wp-content\/uploads\/2023\/04\/lucile-rapin-500-100x100.png 100w, https:\/\/www.conferencecannabis.ca\/wp-content\/uploads\/2023\/04\/lucile-rapin-500.png 500w\" sizes=\"(max-width: 150px) 100vw, 150px\" \/><\/a>                                        <div class=\"tooltipster-speaker-content\">\n                                            <div class=\"name\">Lucile Rapin<\/div>\n                                            <div class=\"job\">Doctor in Cognitive Science, Sant\u00e9 Cannabis<\/div>\n                                        <\/div>\n                                    <\/div>\n                                                            <\/div>\n                                                    <div class=\"description-schedules\"><p>Among the treatments for non-cancer chronic pain, cannabinoid-based treatments have become extremely popular. Evidence remains modest and is primarily limited to delta-9-tetrahydrocannabinol (THC) for neuropathic pain; nevertheless, the use of various cannabinoid-based medicines (CBMs), including oral cannabidiol (CBD), to treat neuropathic, nociceptive, and mixed pain has increased worldwide. During clinical evaluation, identifying the pain mechanism can guide the most appropriate management, but cannabinoid-based treatments are rarely considered . This presentation will describe the role cannabinoids can play in managing chronic pain and present the results of an observational study on patients with non-cancer chronic pain.<\/p>\n<\/div>\n                                                    <div class=\"button-schedules\"><i class=\"opal-icon-times\"><\/i><\/div>\n                                            <\/div>\n                <\/div>\n            <\/div>\n                        <div class=\"schedules-item\">\n                <div class=\"item-schedules_items\">\n\n                    <div class=\"item-meta\">\n                        <div class=\"time-schedules\">\n                            <span class=\"time-schedules-icon\"><i class=\"opal-icon-clock2\"><\/i><\/span>\n                            <span>\n                            0 h 00 min - 0 h 00 min                            <\/span>\n                        <\/div>\n                                                    <div class=\"location-schedules\">\n                                <span><i class=\"opal-icon-map-marker-alt\"><\/i><\/span><span>Main room<\/span>\n                            <\/div>\n                                                                            <div class=\"author-schedules\">\n                                <span class=\"author-schedules-icon\"><i class=\"opal-icon-microphone-alt\"><\/i><\/span>\n                                <span class=\"author-schedules-group\">\n                                    <span>By <\/span>                                    <a href=\"https:\/\/www.conferencecannabis.ca\/en\/speakers\/dr-jennifer-anderson\/\">Dr. Jennifer Anderson MD, CCFP<\/a>                                <\/span>\n                                                            <\/div>\n                                            <\/div>\n\n                    <div class=\"item-wrapper\">\n                                                <h3 class=\"title-schedules\">2h15 PM - From Desperation to Innovation: A Physician&#039;s Journey with Medical Cannabis<\/h3>\n                                                    <div class=\"item-image-wrapper\">\n                                                                    <div class=\"item-image tooltipster-wrap\">\n                                        <a href=\"https:\/\/www.conferencecannabis.ca\/en\/speakers\/dr-jennifer-anderson\/\"><img loading=\"lazy\" decoding=\"async\" width=\"150\" height=\"150\" src=\"https:\/\/www.conferencecannabis.ca\/wp-content\/uploads\/2024\/04\/FullSizeRender-1-e1714401099878-150x150.jpeg\" class=\"attachment-thumbnail size-thumbnail wp-post-image\" alt=\"\" srcset=\"https:\/\/www.conferencecannabis.ca\/wp-content\/uploads\/2024\/04\/FullSizeRender-1-e1714401099878-150x150.jpeg 150w, https:\/\/www.conferencecannabis.ca\/wp-content\/uploads\/2024\/04\/FullSizeRender-1-e1714401099878-300x300.jpeg 300w, https:\/\/www.conferencecannabis.ca\/wp-content\/uploads\/2024\/04\/FullSizeRender-1-e1714401099878-400x400.jpeg 400w, https:\/\/www.conferencecannabis.ca\/wp-content\/uploads\/2024\/04\/FullSizeRender-1-e1714401099878-100x100.jpeg 100w, https:\/\/www.conferencecannabis.ca\/wp-content\/uploads\/2024\/04\/FullSizeRender-1-e1714401099878.jpeg 499w\" sizes=\"(max-width: 150px) 100vw, 150px\" \/><\/a>                                        <div class=\"tooltipster-speaker-content\">\n                                            <div class=\"name\">Dr. Jennifer Anderson MD, CCFP<\/div>\n                                            <div class=\"job\">Family physician specializing in cannabinoids<\/div>\n                                        <\/div>\n                                    <\/div>\n                                                            <\/div>\n                                                    <div class=\"description-schedules\"><p>Join us for an inspiring keynote presentation as Dr. Anderson shares their deeply personal journey navigating the challenges of managing their son's intractable epilepsy. Faced with the limitations of traditional anti-epileptic treatments, Dr. Anderson embarked on a mission to explore alternative therapies, ultimately pioneering a groundbreaking approach to incorporating cannabinoids into patient care.<br \/>\nThrough her consult-based practice, Dr. Anderson integrates cannabinoid medicine into the treatment plans of patients spanning a wide age range and diverse medical conditions, including epilepsy, autism, chronic pain, and anxiety\/depression. From infants to centenarians, Dr. Anderson provides hope and a lifeline to those who have exhausted conventional treatment options.<br \/>\nDrawing from her experiences in both hospital and emergency room settings, Dr. Anderson will shed light on the transformative potential of medical cannabis and the critical role it plays in advancing the field of medicine. Prepare to be inspired by a story of resilience, innovation, and compassionate care as Dr. Anderson shares her journey from desperation to innovation in the rapidly evolving realm of medical cannabinoids.<\/p>\n<\/div>\n                                                    <div class=\"button-schedules\"><i class=\"opal-icon-times\"><\/i><\/div>\n                                            <\/div>\n                <\/div>\n            <\/div>\n                        <div class=\"schedules-item\">\n                <div class=\"item-schedules_items\">\n\n                    <div class=\"item-meta\">\n                        <div class=\"time-schedules\">\n                            <span class=\"time-schedules-icon\"><i class=\"opal-icon-clock2\"><\/i><\/span>\n                            <span>\n                            0 h 00 min - 0 h 00 min                            <\/span>\n                        <\/div>\n                                                    <div class=\"location-schedules\">\n                                <span><i class=\"opal-icon-map-marker-alt\"><\/i><\/span><span>Foyer<\/span>\n                            <\/div>\n                                                                            <div class=\"author-schedules\">\n                                <span class=\"author-schedules-icon\"><i class=\"opal-icon-microphone-alt\"><\/i><\/span>\n                                <span class=\"author-schedules-group\">\n                                    <span>By <\/span>                                    <a href=\"https:\/\/www.conferencecannabis.ca\/en\/speakers\/sqdpi-societe-quebecoise-de-developpement-des-plantes-industrielles\/\">SQDPI &#8211; Soci\u00e9t\u00e9 Qu\u00e9b\u00e9coise de D\u00e9veloppement des Plantes Industrielles<\/a>                                <\/span>\n                                                            <\/div>\n                                            <\/div>\n\n                    <div class=\"item-wrapper\">\n                                                <h3 class=\"title-schedules\">3h00 PM - Coffee break, networking and kiosks<\/h3>\n                                                    <div class=\"item-image-wrapper\">\n                                                                    <div class=\"item-image tooltipster-wrap\">\n                                        <a href=\"https:\/\/www.conferencecannabis.ca\/en\/speakers\/sqdpi-societe-quebecoise-de-developpement-des-plantes-industrielles\/\"><img loading=\"lazy\" decoding=\"async\" width=\"150\" height=\"150\" src=\"https:\/\/www.conferencecannabis.ca\/wp-content\/uploads\/2024\/06\/Medias-sociaux-pour-conferenciers-et-commanditaires-10-150x150.png\" class=\"attachment-thumbnail size-thumbnail wp-post-image\" alt=\"\" srcset=\"https:\/\/www.conferencecannabis.ca\/wp-content\/uploads\/2024\/06\/Medias-sociaux-pour-conferenciers-et-commanditaires-10-150x150.png 150w, https:\/\/www.conferencecannabis.ca\/wp-content\/uploads\/2024\/06\/Medias-sociaux-pour-conferenciers-et-commanditaires-10-300x300.png 300w, https:\/\/www.conferencecannabis.ca\/wp-content\/uploads\/2024\/06\/Medias-sociaux-pour-conferenciers-et-commanditaires-10-1024x1024.png 1024w, https:\/\/www.conferencecannabis.ca\/wp-content\/uploads\/2024\/06\/Medias-sociaux-pour-conferenciers-et-commanditaires-10-768x768.png 768w, https:\/\/www.conferencecannabis.ca\/wp-content\/uploads\/2024\/06\/Medias-sociaux-pour-conferenciers-et-commanditaires-10-400x400.png 400w, https:\/\/www.conferencecannabis.ca\/wp-content\/uploads\/2024\/06\/Medias-sociaux-pour-conferenciers-et-commanditaires-10-100x100.png 100w, https:\/\/www.conferencecannabis.ca\/wp-content\/uploads\/2024\/06\/Medias-sociaux-pour-conferenciers-et-commanditaires-10.png 1200w\" sizes=\"(max-width: 150px) 100vw, 150px\" \/><\/a>                                        <div class=\"tooltipster-speaker-content\">\n                                            <div class=\"name\">SQDPI &#8211; Soci\u00e9t\u00e9 Qu\u00e9b\u00e9coise de D\u00e9veloppement des Plantes Industrielles<\/div>\n                                            <div class=\"job\"><\/div>\n                                        <\/div>\n                                    <\/div>\n                                                            <\/div>\n                                                    <div class=\"description-schedules\"><\/div>\n                                                    <div class=\"button-schedules\"><i class=\"opal-icon-times\"><\/i><\/div>\n                                            <\/div>\n                <\/div>\n            <\/div>\n                        <div class=\"schedules-item\">\n                <div class=\"item-schedules_items\">\n\n                    <div class=\"item-meta\">\n                        <div class=\"time-schedules\">\n                            <span class=\"time-schedules-icon\"><i class=\"opal-icon-clock2\"><\/i><\/span>\n                            <span>\n                            0 h 00 min - 0 h 00 min                            <\/span>\n                        <\/div>\n                                                    <div class=\"location-schedules\">\n                                <span><i class=\"opal-icon-map-marker-alt\"><\/i><\/span><span>Main room<\/span>\n                            <\/div>\n                                                                            <div class=\"author-schedules\">\n                                <span class=\"author-schedules-icon\"><i class=\"opal-icon-microphone-alt\"><\/i><\/span>\n                                <span class=\"author-schedules-group\">\n                                    <span>By <\/span>                                    <a href=\"https:\/\/www.conferencecannabis.ca\/en\/speakers\/marcus-delatte\/\">Dr Marcus Delatte<\/a>                                <\/span>\n                                                            <\/div>\n                                            <\/div>\n\n                    <div class=\"item-wrapper\">\n                                                <h3 class=\"title-schedules\">3h30 PM - Developing cannabis extracts and individual cannabinoids for therapeutic purposes<\/h3>\n                                                    <div class=\"item-image-wrapper\">\n                                                                    <div class=\"item-image tooltipster-wrap\">\n                                        <a href=\"https:\/\/www.conferencecannabis.ca\/en\/speakers\/marcus-delatte\/\"><img loading=\"lazy\" decoding=\"async\" width=\"150\" height=\"150\" src=\"https:\/\/www.conferencecannabis.ca\/wp-content\/uploads\/2024\/04\/Delatte-2021-1a-1-150x150.jpg\" class=\"attachment-thumbnail size-thumbnail wp-post-image\" alt=\"\" srcset=\"https:\/\/www.conferencecannabis.ca\/wp-content\/uploads\/2024\/04\/Delatte-2021-1a-1-150x150.jpg 150w, https:\/\/www.conferencecannabis.ca\/wp-content\/uploads\/2024\/04\/Delatte-2021-1a-1-300x300.jpg 300w, https:\/\/www.conferencecannabis.ca\/wp-content\/uploads\/2024\/04\/Delatte-2021-1a-1-400x400.jpg 400w, https:\/\/www.conferencecannabis.ca\/wp-content\/uploads\/2024\/04\/Delatte-2021-1a-1-100x100.jpg 100w, https:\/\/www.conferencecannabis.ca\/wp-content\/uploads\/2024\/04\/Delatte-2021-1a-1.jpg 500w\" sizes=\"(max-width: 150px) 100vw, 150px\" \/><\/a>                                        <div class=\"tooltipster-speaker-content\">\n                                            <div class=\"name\">Dr Marcus Delatte<\/div>\n                                            <div class=\"job\">VP, Regulatory Strategy at Allucent<\/div>\n                                        <\/div>\n                                    <\/div>\n                                                            <\/div>\n                                                    <div class=\"description-schedules\"><\/div>\n                                                    <div class=\"button-schedules\"><i class=\"opal-icon-times\"><\/i><\/div>\n                                            <\/div>\n                <\/div>\n            <\/div>\n                        <div class=\"schedules-item\">\n                <div class=\"item-schedules_items\">\n\n                    <div class=\"item-meta\">\n                        <div class=\"time-schedules\">\n                            <span class=\"time-schedules-icon\"><i class=\"opal-icon-clock2\"><\/i><\/span>\n                            <span>\n                            0 h 00 min - 0 h 00 min                            <\/span>\n                        <\/div>\n                                                    <div class=\"location-schedules\">\n                                <span><i class=\"opal-icon-map-marker-alt\"><\/i><\/span><span>Main room<\/span>\n                            <\/div>\n                                                                            <div class=\"author-schedules\">\n                                <span class=\"author-schedules-icon\"><i class=\"opal-icon-microphone-alt\"><\/i><\/span>\n                                <span class=\"author-schedules-group\">\n                                    <span>By <\/span>                                    <a href=\"https:\/\/www.conferencecannabis.ca\/en\/speakers\/dr-owen-mcmaster\/\">Dr Owen McMaster<\/a>                                <\/span>\n                                                            <\/div>\n                                            <\/div>\n\n                    <div class=\"item-wrapper\">\n                                                <h3 class=\"title-schedules\">3h50 PM - Regulatory pathway for cannabidiol products<\/h3>\n                                                    <div class=\"item-image-wrapper\">\n                                                                    <div class=\"item-image tooltipster-wrap\">\n                                        <a href=\"https:\/\/www.conferencecannabis.ca\/en\/speakers\/dr-owen-mcmaster\/\"><img loading=\"lazy\" decoding=\"async\" width=\"150\" height=\"150\" src=\"https:\/\/www.conferencecannabis.ca\/wp-content\/uploads\/2024\/06\/McMasterHeadshot2024-e1717705149659-150x150.jpg\" class=\"attachment-thumbnail size-thumbnail wp-post-image\" alt=\"\" srcset=\"https:\/\/www.conferencecannabis.ca\/wp-content\/uploads\/2024\/06\/McMasterHeadshot2024-e1717705149659-150x150.jpg 150w, https:\/\/www.conferencecannabis.ca\/wp-content\/uploads\/2024\/06\/McMasterHeadshot2024-e1717705149659-300x300.jpg 300w, https:\/\/www.conferencecannabis.ca\/wp-content\/uploads\/2024\/06\/McMasterHeadshot2024-e1717705149659-400x400.jpg 400w, https:\/\/www.conferencecannabis.ca\/wp-content\/uploads\/2024\/06\/McMasterHeadshot2024-e1717705149659-100x100.jpg 100w, https:\/\/www.conferencecannabis.ca\/wp-content\/uploads\/2024\/06\/McMasterHeadshot2024-e1717705149659.jpg 499w\" sizes=\"(max-width: 150px) 100vw, 150px\" \/><\/a>                                        <div class=\"tooltipster-speaker-content\">\n                                            <div class=\"name\">Dr Owen McMaster<\/div>\n                                            <div class=\"job\">Master Pharmacologist Division of Pharmacology Toxicology for Infectious Diseases Office of New Drugs Center for Drug Evaluation and Research US (FDA)<\/div>\n                                        <\/div>\n                                    <\/div>\n                                                            <\/div>\n                                                    <div class=\"description-schedules\"><\/div>\n                                                    <div class=\"button-schedules\"><i class=\"opal-icon-times\"><\/i><\/div>\n                                            <\/div>\n                <\/div>\n            <\/div>\n                        <div class=\"schedules-item\">\n                <div class=\"item-schedules_items\">\n\n                    <div class=\"item-meta\">\n                        <div class=\"time-schedules\">\n                            <span class=\"time-schedules-icon\"><i class=\"opal-icon-clock2\"><\/i><\/span>\n                            <span>\n                            0 h 00 min - 0 h 00 min                            <\/span>\n                        <\/div>\n                                                    <div class=\"location-schedules\">\n                                <span><i class=\"opal-icon-map-marker-alt\"><\/i><\/span><span>Main room<\/span>\n                            <\/div>\n                                                                            <div class=\"author-schedules\">\n                                <span class=\"author-schedules-icon\"><i class=\"opal-icon-microphone-alt\"><\/i><\/span>\n                                <span class=\"author-schedules-group\">\n                                    <span>By <\/span>                                    <a href=\"https:\/\/www.conferencecannabis.ca\/en\/speakers\/dr-owen-mcmaster\/\">Dr Owen McMaster<\/a><a href=\"https:\/\/www.conferencecannabis.ca\/en\/speakers\/jason-moscovici-provisions-legal-services-inc\/\">Jason Moscovici<\/a><a href=\"https:\/\/www.conferencecannabis.ca\/en\/speakers\/marcus-delatte\/\">Dr Marcus Delatte<\/a>                                <\/span>\n                                                            <\/div>\n                                            <\/div>\n\n                    <div class=\"item-wrapper\">\n                                                <h3 class=\"title-schedules\">4h10 PM - Discussion moderated by Jason Moscovici \u2013 Provisions Legal Services Inc.<\/h3>\n                                                    <div class=\"item-image-wrapper\">\n                                                                    <div class=\"item-image tooltipster-wrap\">\n                                        <a href=\"https:\/\/www.conferencecannabis.ca\/en\/speakers\/dr-owen-mcmaster\/\"><img loading=\"lazy\" decoding=\"async\" width=\"150\" height=\"150\" src=\"https:\/\/www.conferencecannabis.ca\/wp-content\/uploads\/2024\/06\/McMasterHeadshot2024-e1717705149659-150x150.jpg\" class=\"attachment-thumbnail size-thumbnail wp-post-image\" alt=\"\" srcset=\"https:\/\/www.conferencecannabis.ca\/wp-content\/uploads\/2024\/06\/McMasterHeadshot2024-e1717705149659-150x150.jpg 150w, https:\/\/www.conferencecannabis.ca\/wp-content\/uploads\/2024\/06\/McMasterHeadshot2024-e1717705149659-300x300.jpg 300w, https:\/\/www.conferencecannabis.ca\/wp-content\/uploads\/2024\/06\/McMasterHeadshot2024-e1717705149659-400x400.jpg 400w, https:\/\/www.conferencecannabis.ca\/wp-content\/uploads\/2024\/06\/McMasterHeadshot2024-e1717705149659-100x100.jpg 100w, https:\/\/www.conferencecannabis.ca\/wp-content\/uploads\/2024\/06\/McMasterHeadshot2024-e1717705149659.jpg 499w\" sizes=\"(max-width: 150px) 100vw, 150px\" \/><\/a>                                        <div class=\"tooltipster-speaker-content\">\n                                            <div class=\"name\">Dr Owen McMaster<\/div>\n                                            <div class=\"job\">Master Pharmacologist Division of Pharmacology Toxicology for Infectious Diseases Office of New Drugs Center for Drug Evaluation and Research US (FDA)<\/div>\n                                        <\/div>\n                                    <\/div>\n                                                                    <div class=\"item-image tooltipster-wrap\">\n                                        <a href=\"https:\/\/www.conferencecannabis.ca\/en\/speakers\/jason-moscovici-provisions-legal-services-inc\/\"><img loading=\"lazy\" decoding=\"async\" width=\"150\" height=\"150\" src=\"https:\/\/www.conferencecannabis.ca\/wp-content\/uploads\/2024\/04\/jason-moscovici-500-150x150.jpg\" class=\"attachment-thumbnail size-thumbnail wp-post-image\" alt=\"\" srcset=\"https:\/\/www.conferencecannabis.ca\/wp-content\/uploads\/2024\/04\/jason-moscovici-500-150x150.jpg 150w, https:\/\/www.conferencecannabis.ca\/wp-content\/uploads\/2024\/04\/jason-moscovici-500-300x300.jpg 300w, https:\/\/www.conferencecannabis.ca\/wp-content\/uploads\/2024\/04\/jason-moscovici-500-400x400.jpg 400w, https:\/\/www.conferencecannabis.ca\/wp-content\/uploads\/2024\/04\/jason-moscovici-500-100x100.jpg 100w, https:\/\/www.conferencecannabis.ca\/wp-content\/uploads\/2024\/04\/jason-moscovici-500.jpg 500w\" sizes=\"(max-width: 150px) 100vw, 150px\" \/><\/a>                                        <div class=\"tooltipster-speaker-content\">\n                                            <div class=\"name\">Jason Moscovici<\/div>\n                                            <div class=\"job\">President, Intellectual Property and Regulatory Affairs Attorney at Provisions Legal Services Inc.<\/div>\n                                        <\/div>\n                                    <\/div>\n                                                                    <div class=\"item-image tooltipster-wrap\">\n                                        <a href=\"https:\/\/www.conferencecannabis.ca\/en\/speakers\/marcus-delatte\/\"><img loading=\"lazy\" decoding=\"async\" width=\"150\" height=\"150\" src=\"https:\/\/www.conferencecannabis.ca\/wp-content\/uploads\/2024\/04\/Delatte-2021-1a-1-150x150.jpg\" class=\"attachment-thumbnail size-thumbnail wp-post-image\" alt=\"\" srcset=\"https:\/\/www.conferencecannabis.ca\/wp-content\/uploads\/2024\/04\/Delatte-2021-1a-1-150x150.jpg 150w, https:\/\/www.conferencecannabis.ca\/wp-content\/uploads\/2024\/04\/Delatte-2021-1a-1-300x300.jpg 300w, https:\/\/www.conferencecannabis.ca\/wp-content\/uploads\/2024\/04\/Delatte-2021-1a-1-400x400.jpg 400w, https:\/\/www.conferencecannabis.ca\/wp-content\/uploads\/2024\/04\/Delatte-2021-1a-1-100x100.jpg 100w, https:\/\/www.conferencecannabis.ca\/wp-content\/uploads\/2024\/04\/Delatte-2021-1a-1.jpg 500w\" sizes=\"(max-width: 150px) 100vw, 150px\" \/><\/a>                                        <div class=\"tooltipster-speaker-content\">\n                                            <div class=\"name\">Dr Marcus Delatte<\/div>\n                                            <div class=\"job\">VP, Regulatory Strategy at Allucent<\/div>\n                                        <\/div>\n                                    <\/div>\n                                                            <\/div>\n                                                    <div class=\"description-schedules\"><\/div>\n                                                    <div class=\"button-schedules\"><i class=\"opal-icon-times\"><\/i><\/div>\n                                            <\/div>\n                <\/div>\n            <\/div>\n                        <div class=\"schedules-item\">\n                <div class=\"item-schedules_items\">\n\n                    <div class=\"item-meta\">\n                        <div class=\"time-schedules\">\n                            <span class=\"time-schedules-icon\"><i class=\"opal-icon-clock2\"><\/i><\/span>\n                            <span>\n                            0 h 00 min - 0 h 00 min                            <\/span>\n                        <\/div>\n                                                    <div class=\"location-schedules\">\n                                <span><i class=\"opal-icon-map-marker-alt\"><\/i><\/span><span>Main room<\/span>\n                            <\/div>\n                                                                            <div class=\"author-schedules\">\n                                <span class=\"author-schedules-icon\"><i class=\"opal-icon-microphone-alt\"><\/i><\/span>\n                                <span class=\"author-schedules-group\">\n                                    <span>By <\/span>                                    <a href=\"https:\/\/www.conferencecannabis.ca\/en\/speakers\/pierre-leclerc-2\/\">Pierre Leclerc<\/a><a href=\"https:\/\/www.conferencecannabis.ca\/en\/speakers\/paul-mccarthy\/\">Paul McCarthy<\/a><a href=\"https:\/\/www.conferencecannabis.ca\/en\/speakers\/tyler-klimas\/\">Tyler Klimas<\/a><a href=\"https:\/\/www.conferencecannabis.ca\/en\/speakers\/nathan-mison\/\">Nathan Mison<\/a>                                <\/span>\n                                                            <\/div>\n                                            <\/div>\n\n                    <div class=\"item-wrapper\">\n                                                <h3 class=\"title-schedules\">4h30 PM - Panel moderated by Nathan Mison - A Cannabis North American Market - Insights into Canada and The United States as New Regulatory Regimes are Developed<\/h3>\n                                                    <div class=\"item-image-wrapper\">\n                                                                    <div class=\"item-image tooltipster-wrap\">\n                                        <a href=\"https:\/\/www.conferencecannabis.ca\/en\/speakers\/pierre-leclerc-2\/\"><img loading=\"lazy\" decoding=\"async\" width=\"150\" height=\"150\" src=\"https:\/\/www.conferencecannabis.ca\/wp-content\/uploads\/2024\/06\/1702855225881-1-150x150.jpeg\" class=\"attachment-thumbnail size-thumbnail wp-post-image\" alt=\"\" srcset=\"https:\/\/www.conferencecannabis.ca\/wp-content\/uploads\/2024\/06\/1702855225881-1-150x150.jpeg 150w, https:\/\/www.conferencecannabis.ca\/wp-content\/uploads\/2024\/06\/1702855225881-1-300x300.jpeg 300w, https:\/\/www.conferencecannabis.ca\/wp-content\/uploads\/2024\/06\/1702855225881-1-400x400.jpeg 400w, https:\/\/www.conferencecannabis.ca\/wp-content\/uploads\/2024\/06\/1702855225881-1-100x100.jpeg 100w, https:\/\/www.conferencecannabis.ca\/wp-content\/uploads\/2024\/06\/1702855225881-1.jpeg 500w\" sizes=\"(max-width: 150px) 100vw, 150px\" \/><\/a>                                        <div class=\"tooltipster-speaker-content\">\n                                            <div class=\"name\">Pierre Leclerc<\/div>\n                                            <div class=\"job\">CEO of AQIC and former Chief of Staff to Lucie Charlebois, Quebec Minister of Rehabilitation, Youth Protection, Public Health and Healthy Living<\/div>\n                                        <\/div>\n                                    <\/div>\n                                                                    <div class=\"item-image tooltipster-wrap\">\n                                        <a href=\"https:\/\/www.conferencecannabis.ca\/en\/speakers\/paul-mccarthy\/\"><img loading=\"lazy\" decoding=\"async\" width=\"150\" height=\"150\" src=\"https:\/\/www.conferencecannabis.ca\/wp-content\/uploads\/2024\/06\/McCarthy-67-5X7-e1717595195460-150x150.jpg\" class=\"attachment-thumbnail size-thumbnail wp-post-image\" alt=\"\" srcset=\"https:\/\/www.conferencecannabis.ca\/wp-content\/uploads\/2024\/06\/McCarthy-67-5X7-e1717595195460-150x150.jpg 150w, https:\/\/www.conferencecannabis.ca\/wp-content\/uploads\/2024\/06\/McCarthy-67-5X7-e1717595195460-300x300.jpg 300w, https:\/\/www.conferencecannabis.ca\/wp-content\/uploads\/2024\/06\/McCarthy-67-5X7-e1717595195460-400x400.jpg 400w, https:\/\/www.conferencecannabis.ca\/wp-content\/uploads\/2024\/06\/McCarthy-67-5X7-e1717595195460-100x100.jpg 100w, https:\/\/www.conferencecannabis.ca\/wp-content\/uploads\/2024\/06\/McCarthy-67-5X7-e1717595195460.jpg 500w\" sizes=\"(max-width: 150px) 100vw, 150px\" \/><\/a>                                        <div class=\"tooltipster-speaker-content\">\n                                            <div class=\"name\">Paul McCarthy<\/div>\n                                            <div class=\"job\">President of the Cannabis Council of Canada<\/div>\n                                        <\/div>\n                                    <\/div>\n                                                                    <div class=\"item-image tooltipster-wrap\">\n                                        <a href=\"https:\/\/www.conferencecannabis.ca\/en\/speakers\/tyler-klimas\/\"><img loading=\"lazy\" decoding=\"async\" width=\"150\" height=\"150\" src=\"https:\/\/www.conferencecannabis.ca\/wp-content\/uploads\/2024\/05\/Klimas-HeadShot-2-1-1-e1717176105787-150x150.jpg\" class=\"attachment-thumbnail size-thumbnail wp-post-image\" alt=\"\" srcset=\"https:\/\/www.conferencecannabis.ca\/wp-content\/uploads\/2024\/05\/Klimas-HeadShot-2-1-1-e1717176105787-150x150.jpg 150w, https:\/\/www.conferencecannabis.ca\/wp-content\/uploads\/2024\/05\/Klimas-HeadShot-2-1-1-e1717176105787-300x300.jpg 300w, https:\/\/www.conferencecannabis.ca\/wp-content\/uploads\/2024\/05\/Klimas-HeadShot-2-1-1-e1717176105787-400x400.jpg 400w, https:\/\/www.conferencecannabis.ca\/wp-content\/uploads\/2024\/05\/Klimas-HeadShot-2-1-1-e1717176105787-100x100.jpg 100w, https:\/\/www.conferencecannabis.ca\/wp-content\/uploads\/2024\/05\/Klimas-HeadShot-2-1-1-e1717176105787.jpg 500w\" sizes=\"(max-width: 150px) 100vw, 150px\" \/><\/a>                                        <div class=\"tooltipster-speaker-content\">\n                                            <div class=\"name\">Tyler Klimas<\/div>\n                                            <div class=\"job\">Principal\/Founder at Leaf Street Strategies<\/div>\n                                        <\/div>\n                                    <\/div>\n                                                                    <div class=\"item-image tooltipster-wrap\">\n                                        <a href=\"https:\/\/www.conferencecannabis.ca\/en\/speakers\/nathan-mison\/\"><img loading=\"lazy\" decoding=\"async\" width=\"150\" height=\"150\" src=\"https:\/\/www.conferencecannabis.ca\/wp-content\/uploads\/2024\/04\/Nathan-Mison-2-2-2-150x150.jpg\" class=\"attachment-thumbnail size-thumbnail wp-post-image\" alt=\"\" srcset=\"https:\/\/www.conferencecannabis.ca\/wp-content\/uploads\/2024\/04\/Nathan-Mison-2-2-2-150x150.jpg 150w, https:\/\/www.conferencecannabis.ca\/wp-content\/uploads\/2024\/04\/Nathan-Mison-2-2-2-300x300.jpg 300w, https:\/\/www.conferencecannabis.ca\/wp-content\/uploads\/2024\/04\/Nathan-Mison-2-2-2-400x400.jpg 400w, https:\/\/www.conferencecannabis.ca\/wp-content\/uploads\/2024\/04\/Nathan-Mison-2-2-2-100x100.jpg 100w, https:\/\/www.conferencecannabis.ca\/wp-content\/uploads\/2024\/04\/Nathan-Mison-2-2-2.jpg 500w\" sizes=\"(max-width: 150px) 100vw, 150px\" \/><\/a>                                        <div class=\"tooltipster-speaker-content\">\n                                            <div class=\"name\">Nathan Mison<\/div>\n                                            <div class=\"job\">Founding Partner at Diplomat Consulting<\/div>\n                                        <\/div>\n                                    <\/div>\n                                                            <\/div>\n                                                    <div class=\"description-schedules\"><\/div>\n                                                    <div class=\"button-schedules\"><i class=\"opal-icon-times\"><\/i><\/div>\n                                            <\/div>\n                <\/div>\n            <\/div>\n                        <div class=\"schedules-item\">\n                <div class=\"item-schedules_items\">\n\n                    <div class=\"item-meta\">\n                        <div class=\"time-schedules\">\n                            <span class=\"time-schedules-icon\"><i class=\"opal-icon-clock2\"><\/i><\/span>\n                            <span>\n                                                        <\/span>\n                        <\/div>\n                                                    <div class=\"location-schedules\">\n                                <span><i class=\"opal-icon-map-marker-alt\"><\/i><\/span><span>Foyer<\/span>\n                            <\/div>\n                                                                            <div class=\"author-schedules\">\n                                <span class=\"author-schedules-icon\"><i class=\"opal-icon-microphone-alt\"><\/i><\/span>\n                                <span class=\"author-schedules-group\">\n                                    <span>By <\/span>                                    <a href=\"https:\/\/www.conferencecannabis.ca\/en\/speakers\/dunton-rainville\/\">Dunton Rainville<\/a>                                <\/span>\n                                                            <\/div>\n                                            <\/div>\n\n                    <div class=\"item-wrapper\">\n                                                <h3 class=\"title-schedules\">5h15 PM - Conference Cocktail<\/h3>\n                                                    <div class=\"item-image-wrapper\">\n                                                                    <div class=\"item-image tooltipster-wrap\">\n                                        <a href=\"https:\/\/www.conferencecannabis.ca\/en\/speakers\/dunton-rainville\/\"><img loading=\"lazy\" decoding=\"async\" width=\"150\" height=\"150\" src=\"https:\/\/www.conferencecannabis.ca\/wp-content\/uploads\/2024\/06\/default_social-e1717769017962-150x150.jpg\" class=\"attachment-thumbnail size-thumbnail wp-post-image\" alt=\"\" srcset=\"https:\/\/www.conferencecannabis.ca\/wp-content\/uploads\/2024\/06\/default_social-e1717769017962-150x150.jpg 150w, https:\/\/www.conferencecannabis.ca\/wp-content\/uploads\/2024\/06\/default_social-e1717769017962-300x300.jpg 300w, https:\/\/www.conferencecannabis.ca\/wp-content\/uploads\/2024\/06\/default_social-e1717769017962-768x768.jpg 768w, https:\/\/www.conferencecannabis.ca\/wp-content\/uploads\/2024\/06\/default_social-e1717769017962-400x400.jpg 400w, https:\/\/www.conferencecannabis.ca\/wp-content\/uploads\/2024\/06\/default_social-e1717769017962-100x100.jpg 100w, https:\/\/www.conferencecannabis.ca\/wp-content\/uploads\/2024\/06\/default_social-e1717769017962.jpg 946w\" sizes=\"(max-width: 150px) 100vw, 150px\" \/><\/a>                                        <div class=\"tooltipster-speaker-content\">\n                                            <div class=\"name\">Dunton Rainville<\/div>\n                                            <div class=\"job\"><\/div>\n                                        <\/div>\n                                    <\/div>\n                                                            <\/div>\n                                                    <div class=\"description-schedules\"><\/div>\n                                                    <div class=\"button-schedules\"><i class=\"opal-icon-times\"><\/i><\/div>\n                                            <\/div>\n                <\/div>\n            <\/div>\n                                        <\/div>\n                                            <\/div>\n                        <\/div>\n        \t\t\t\t<\/div>\n\t\t\t\t<\/div>\n\t\t\t\t<div class=\"elementor-element elementor-element-c37a30b elementor-widget elementor-widget-opal-schedules\" data-id=\"c37a30b\" data-element_type=\"widget\" data-e-type=\"widget\" data-widget_type=\"opal-schedules.default\">\n\t\t\t\t<div class=\"elementor-widget-container\">\n\t\t\t\t\t        <div class=\"elementor-schedules-wrapper schedules-style-3\">\n                            <div class=\"elementor-schedules-tabs\">\n                                                <div class=\"elementor-schedules-tab elementor-active\" data-tab=\".elementor-schedules-tab-content-0\">\n                                        <div class=\"schedules-day\">\n            <div class=\"schedules-day-name\">Conf\u00e9rence canadienne sur le cannabis 2024 &#8211; Day 2<\/div>\n            <div class=\"schedules-day-time\">13\/06\/2024<\/div>\n        <\/div>\n                                    <\/div>\n                                            <\/div>\n                <div class=\"elementor-schedules-content\">\n                                                <div class=\"elementor-schedules-tab-content elementor-schedules-tab-content-0\">\n                                            <div class=\"schedules-item\">\n                <div class=\"item-schedules_items\">\n\n                    <div class=\"item-meta\">\n                        <div class=\"time-schedules\">\n                            <span class=\"time-schedules-icon\"><i class=\"opal-icon-clock2\"><\/i><\/span>\n                            <span>\n                            0 h 00 min - 0 h 00 min                            <\/span>\n                        <\/div>\n                                                    <div class=\"location-schedules\">\n                                <span><i class=\"opal-icon-map-marker-alt\"><\/i><\/span><span><\/span>\n                            <\/div>\n                                                                            <div class=\"author-schedules\">\n                                <span class=\"author-schedules-icon\"><i class=\"opal-icon-microphone-alt\"><\/i><\/span>\n                                <span class=\"author-schedules-group\">\n                                    <span>By <\/span>                                    <a href=\"https:\/\/www.conferencecannabis.ca\/en\/speakers\/sonia-isabel\/\">Sonia Isabel<\/a>                                <\/span>\n                                                            <\/div>\n                                            <\/div>\n\n                    <div class=\"item-wrapper\">\n                                                <h3 class=\"title-schedules\">Conference hosted by:<\/h3>\n                                                    <div class=\"item-image-wrapper\">\n                                                                    <div class=\"item-image tooltipster-wrap\">\n                                        <a href=\"https:\/\/www.conferencecannabis.ca\/en\/speakers\/sonia-isabel\/\"><img decoding=\"async\" width=\"150\" height=\"150\" src=\"https:\/\/www.conferencecannabis.ca\/wp-content\/uploads\/2023\/11\/sonia-isabel-500-150x150.png\" class=\"attachment-thumbnail size-thumbnail wp-post-image\" alt=\"\" srcset=\"https:\/\/www.conferencecannabis.ca\/wp-content\/uploads\/2023\/11\/sonia-isabel-500-150x150.png 150w, https:\/\/www.conferencecannabis.ca\/wp-content\/uploads\/2023\/11\/sonia-isabel-500-300x300.png 300w, https:\/\/www.conferencecannabis.ca\/wp-content\/uploads\/2023\/11\/sonia-isabel-500-400x400.png 400w, https:\/\/www.conferencecannabis.ca\/wp-content\/uploads\/2023\/11\/sonia-isabel-500-100x100.png 100w, https:\/\/www.conferencecannabis.ca\/wp-content\/uploads\/2023\/11\/sonia-isabel-500.png 500w\" sizes=\"(max-width: 150px) 100vw, 150px\" \/><\/a>                                        <div class=\"tooltipster-speaker-content\">\n                                            <div class=\"name\">Sonia Isabel<\/div>\n                                            <div class=\"job\">Commercial & Operations Leader<\/div>\n                                        <\/div>\n                                    <\/div>\n                                                            <\/div>\n                                                    <div class=\"description-schedules\"><\/div>\n                                                    <div class=\"button-schedules\"><i class=\"opal-icon-times\"><\/i><\/div>\n                                            <\/div>\n                <\/div>\n            <\/div>\n                        <div class=\"schedules-item\">\n                <div class=\"item-schedules_items\">\n\n                    <div class=\"item-meta\">\n                        <div class=\"time-schedules\">\n                            <span class=\"time-schedules-icon\"><i class=\"opal-icon-clock2\"><\/i><\/span>\n                            <span>\n                            0 h 00 min - 0 h 00 min                            <\/span>\n                        <\/div>\n                                                    <div class=\"location-schedules\">\n                                <span><i class=\"opal-icon-map-marker-alt\"><\/i><\/span><span>Foyer<\/span>\n                            <\/div>\n                                                                            <div class=\"author-schedules\">\n                                <span class=\"author-schedules-icon\"><i class=\"opal-icon-microphone-alt\"><\/i><\/span>\n                                <span class=\"author-schedules-group\">\n                                    <span>By <\/span>                                    <a href=\"https:\/\/www.conferencecannabis.ca\/en\/speakers\/nuances-marijuana\/\">Nuances Marijuana<\/a>                                <\/span>\n                                                            <\/div>\n                                            <\/div>\n\n                    <div class=\"item-wrapper\">\n                                                <h3 class=\"title-schedules\">8h00 AM - Networking breakfast and kiosks<\/h3>\n                                                    <div class=\"item-image-wrapper\">\n                                                                    <div class=\"item-image tooltipster-wrap\">\n                                        <a href=\"https:\/\/www.conferencecannabis.ca\/en\/speakers\/nuances-marijuana\/\"><img loading=\"lazy\" decoding=\"async\" width=\"150\" height=\"150\" src=\"https:\/\/www.conferencecannabis.ca\/wp-content\/uploads\/2024\/05\/1664286591398-150x150.jpeg\" class=\"attachment-thumbnail size-thumbnail wp-post-image\" alt=\"\" srcset=\"https:\/\/www.conferencecannabis.ca\/wp-content\/uploads\/2024\/05\/1664286591398-150x150.jpeg 150w, https:\/\/www.conferencecannabis.ca\/wp-content\/uploads\/2024\/05\/1664286591398-100x100.jpeg 100w, https:\/\/www.conferencecannabis.ca\/wp-content\/uploads\/2024\/05\/1664286591398.jpeg 200w\" sizes=\"(max-width: 150px) 100vw, 150px\" \/><\/a>                                        <div class=\"tooltipster-speaker-content\">\n                                            <div class=\"name\">Nuances Marijuana<\/div>\n                                            <div class=\"job\"><\/div>\n                                        <\/div>\n                                    <\/div>\n                                                            <\/div>\n                                                    <div class=\"description-schedules\"><\/div>\n                                                    <div class=\"button-schedules\"><i class=\"opal-icon-times\"><\/i><\/div>\n                                            <\/div>\n                <\/div>\n            <\/div>\n                        <div class=\"schedules-item\">\n                <div class=\"item-schedules_items\">\n\n                    <div class=\"item-meta\">\n                        <div class=\"time-schedules\">\n                            <span class=\"time-schedules-icon\"><i class=\"opal-icon-clock2\"><\/i><\/span>\n                            <span>\n                            0 h 00 min - 0 h 00 min                            <\/span>\n                        <\/div>\n                                                    <div class=\"location-schedules\">\n                                <span><i class=\"opal-icon-map-marker-alt\"><\/i><\/span><span>Main room<\/span>\n                            <\/div>\n                                                                            <div class=\"author-schedules\">\n                                <span class=\"author-schedules-icon\"><i class=\"opal-icon-microphone-alt\"><\/i><\/span>\n                                <span class=\"author-schedules-group\">\n                                    <span>By <\/span>                                    <a href=\"https:\/\/www.conferencecannabis.ca\/en\/speakers\/aqic\/\">AQIC<\/a>                                <\/span>\n                                                            <\/div>\n                                            <\/div>\n\n                    <div class=\"item-wrapper\">\n                                                <h3 class=\"title-schedules\">9h00 AM - AQIC AGM members only<\/h3>\n                                                    <div class=\"item-image-wrapper\">\n                                                                    <div class=\"item-image tooltipster-wrap\">\n                                        <a href=\"https:\/\/www.conferencecannabis.ca\/en\/speakers\/aqic\/\"><img loading=\"lazy\" decoding=\"async\" width=\"150\" height=\"150\" src=\"https:\/\/www.conferencecannabis.ca\/wp-content\/uploads\/2022\/04\/aqic-500-2-150x150.jpg\" class=\"attachment-thumbnail size-thumbnail wp-post-image\" alt=\"\" srcset=\"https:\/\/www.conferencecannabis.ca\/wp-content\/uploads\/2022\/04\/aqic-500-2-150x150.jpg 150w, https:\/\/www.conferencecannabis.ca\/wp-content\/uploads\/2022\/04\/aqic-500-2-300x300.jpg 300w, https:\/\/www.conferencecannabis.ca\/wp-content\/uploads\/2022\/04\/aqic-500-2-400x400.jpg 400w, https:\/\/www.conferencecannabis.ca\/wp-content\/uploads\/2022\/04\/aqic-500-2-100x100.jpg 100w, https:\/\/www.conferencecannabis.ca\/wp-content\/uploads\/2022\/04\/aqic-500-2.jpg 500w\" sizes=\"(max-width: 150px) 100vw, 150px\" \/><\/a>                                        <div class=\"tooltipster-speaker-content\">\n                                            <div class=\"name\">AQIC<\/div>\n                                            <div class=\"job\">Quebec Cannabis Industry Association (AQIC)<\/div>\n                                        <\/div>\n                                    <\/div>\n                                                            <\/div>\n                                                    <div class=\"description-schedules\"><p>- Financial statements<br \/>\n- Achievements<br \/>\n- 2025 \u2013 2027 Strategic Plan<\/p>\n<\/div>\n                                                    <div class=\"button-schedules\"><i class=\"opal-icon-times\"><\/i><\/div>\n                                            <\/div>\n                <\/div>\n            <\/div>\n                        <div class=\"schedules-item\">\n                <div class=\"item-schedules_items\">\n\n                    <div class=\"item-meta\">\n                        <div class=\"time-schedules\">\n                            <span class=\"time-schedules-icon\"><i class=\"opal-icon-clock2\"><\/i><\/span>\n                            <span>\n                            0 h 00 min - 0 h 00 min                            <\/span>\n                        <\/div>\n                                                    <div class=\"location-schedules\">\n                                <span><i class=\"opal-icon-map-marker-alt\"><\/i><\/span><span>Main room<\/span>\n                            <\/div>\n                                                                            <div class=\"author-schedules\">\n                                <span class=\"author-schedules-icon\"><i class=\"opal-icon-microphone-alt\"><\/i><\/span>\n                                <span class=\"author-schedules-group\">\n                                    <span>By <\/span>                                    <a href=\"https:\/\/www.conferencecannabis.ca\/en\/speakers\/aqic\/\">AQIC<\/a>                                <\/span>\n                                                            <\/div>\n                                            <\/div>\n\n                    <div class=\"item-wrapper\">\n                                                <h3 class=\"title-schedules\">10h00 AM - AQIC AGM members and CCC participants<\/h3>\n                                                    <div class=\"item-image-wrapper\">\n                                                                    <div class=\"item-image tooltipster-wrap\">\n                                        <a href=\"https:\/\/www.conferencecannabis.ca\/en\/speakers\/aqic\/\"><img loading=\"lazy\" decoding=\"async\" width=\"150\" height=\"150\" src=\"https:\/\/www.conferencecannabis.ca\/wp-content\/uploads\/2022\/04\/aqic-500-2-150x150.jpg\" class=\"attachment-thumbnail size-thumbnail wp-post-image\" alt=\"\" srcset=\"https:\/\/www.conferencecannabis.ca\/wp-content\/uploads\/2022\/04\/aqic-500-2-150x150.jpg 150w, https:\/\/www.conferencecannabis.ca\/wp-content\/uploads\/2022\/04\/aqic-500-2-300x300.jpg 300w, https:\/\/www.conferencecannabis.ca\/wp-content\/uploads\/2022\/04\/aqic-500-2-400x400.jpg 400w, https:\/\/www.conferencecannabis.ca\/wp-content\/uploads\/2022\/04\/aqic-500-2-100x100.jpg 100w, https:\/\/www.conferencecannabis.ca\/wp-content\/uploads\/2022\/04\/aqic-500-2.jpg 500w\" sizes=\"(max-width: 150px) 100vw, 150px\" \/><\/a>                                        <div class=\"tooltipster-speaker-content\">\n                                            <div class=\"name\">AQIC<\/div>\n                                            <div class=\"job\">Quebec Cannabis Industry Association (AQIC)<\/div>\n                                        <\/div>\n                                    <\/div>\n                                                            <\/div>\n                                                    <div class=\"description-schedules\"><p>Presentation of the Canadian cannabis catalog and of the training tool for Canadian producers and retailers on AQIC web site secured section<\/p>\n<\/div>\n                                                    <div class=\"button-schedules\"><i class=\"opal-icon-times\"><\/i><\/div>\n                                            <\/div>\n                <\/div>\n            <\/div>\n                        <div class=\"schedules-item\">\n                <div class=\"item-schedules_items\">\n\n                    <div class=\"item-meta\">\n                        <div class=\"time-schedules\">\n                            <span class=\"time-schedules-icon\"><i class=\"opal-icon-clock2\"><\/i><\/span>\n                            <span>\n                            0 h 00 min - 0 h 00 min                            <\/span>\n                        <\/div>\n                                                    <div class=\"location-schedules\">\n                                <span><i class=\"opal-icon-map-marker-alt\"><\/i><\/span><span>Foyer<\/span>\n                            <\/div>\n                                                                            <div class=\"author-schedules\">\n                                <span class=\"author-schedules-icon\"><i class=\"opal-icon-microphone-alt\"><\/i><\/span>\n                                <span class=\"author-schedules-group\">\n                                    <span>By <\/span>                                    <a href=\"https:\/\/www.conferencecannabis.ca\/en\/speakers\/laurentide-injection\/\">Laurentide Injection<\/a>                                <\/span>\n                                                            <\/div>\n                                            <\/div>\n\n                    <div class=\"item-wrapper\">\n                                                <h3 class=\"title-schedules\">10h45 AM - Coffee break, networking and kiosks<\/h3>\n                                                    <div class=\"item-image-wrapper\">\n                                                                    <div class=\"item-image tooltipster-wrap\">\n                                        <a href=\"https:\/\/www.conferencecannabis.ca\/en\/speakers\/laurentide-injection\/\"><img loading=\"lazy\" decoding=\"async\" width=\"150\" height=\"150\" src=\"https:\/\/www.conferencecannabis.ca\/wp-content\/uploads\/2024\/04\/37693cfc748049e45d87b8c7d8b9aacd-150x150.png\" class=\"attachment-thumbnail size-thumbnail wp-post-image\" alt=\"\" srcset=\"https:\/\/www.conferencecannabis.ca\/wp-content\/uploads\/2024\/04\/37693cfc748049e45d87b8c7d8b9aacd-150x150.png 150w, https:\/\/www.conferencecannabis.ca\/wp-content\/uploads\/2024\/04\/37693cfc748049e45d87b8c7d8b9aacd-300x300.png 300w, https:\/\/www.conferencecannabis.ca\/wp-content\/uploads\/2024\/04\/37693cfc748049e45d87b8c7d8b9aacd-400x400.png 400w, https:\/\/www.conferencecannabis.ca\/wp-content\/uploads\/2024\/04\/37693cfc748049e45d87b8c7d8b9aacd-100x100.png 100w, https:\/\/www.conferencecannabis.ca\/wp-content\/uploads\/2024\/04\/37693cfc748049e45d87b8c7d8b9aacd.png 512w\" sizes=\"(max-width: 150px) 100vw, 150px\" \/><\/a>                                        <div class=\"tooltipster-speaker-content\">\n                                            <div class=\"name\">Laurentide Injection<\/div>\n                                            <div class=\"job\"><\/div>\n                                        <\/div>\n                                    <\/div>\n                                                            <\/div>\n                                                    <div class=\"description-schedules\"><p>Presented by:<\/p>\n<\/div>\n                                                    <div class=\"button-schedules\"><i class=\"opal-icon-times\"><\/i><\/div>\n                                            <\/div>\n                <\/div>\n            <\/div>\n                        <div class=\"schedules-item\">\n                <div class=\"item-schedules_items\">\n\n                    <div class=\"item-meta\">\n                        <div class=\"time-schedules\">\n                            <span class=\"time-schedules-icon\"><i class=\"opal-icon-clock2\"><\/i><\/span>\n                            <span>\n                            0 h 00 min - 0 h 00 min                            <\/span>\n                        <\/div>\n                                                    <div class=\"location-schedules\">\n                                <span><i class=\"opal-icon-map-marker-alt\"><\/i><\/span><span>Main room<\/span>\n                            <\/div>\n                                                                            <div class=\"author-schedules\">\n                                <span class=\"author-schedules-icon\"><i class=\"opal-icon-microphone-alt\"><\/i><\/span>\n                                <span class=\"author-schedules-group\">\n                                    <span>By <\/span>                                    <a href=\"https:\/\/www.conferencecannabis.ca\/en\/speakers\/gordon-dobrindt\/\">Gordon Dobrindt<\/a><a href=\"https:\/\/www.conferencecannabis.ca\/en\/speakers\/dave-terranova\/\">Dave Terranova<\/a><a href=\"https:\/\/www.conferencecannabis.ca\/en\/speakers\/sandra-mcallister\/\">Sandra McAllister<\/a><a href=\"https:\/\/www.conferencecannabis.ca\/en\/speakers\/don-haney\/\">Don Haney<\/a><a href=\"https:\/\/www.conferencecannabis.ca\/en\/speakers\/richard-lapsley\/\">Richard Lapsley<\/a><a href=\"https:\/\/www.conferencecannabis.ca\/en\/speakers\/steris\/\">Steris AST<\/a>                                <\/span>\n                                                            <\/div>\n                                            <\/div>\n\n                    <div class=\"item-wrapper\">\n                                                <h3 class=\"title-schedules\">11h15 AM - An Overview of Irradiation Effects on Cannabis Processing<\/h3>\n                                                    <div class=\"item-image-wrapper\">\n                                                                    <div class=\"item-image tooltipster-wrap\">\n                                        <a href=\"https:\/\/www.conferencecannabis.ca\/en\/speakers\/gordon-dobrindt\/\"><img loading=\"lazy\" decoding=\"async\" width=\"150\" height=\"150\" src=\"https:\/\/www.conferencecannabis.ca\/wp-content\/uploads\/2024\/05\/1709156099840-150x150.jpeg\" class=\"attachment-thumbnail size-thumbnail wp-post-image\" alt=\"\" srcset=\"https:\/\/www.conferencecannabis.ca\/wp-content\/uploads\/2024\/05\/1709156099840-150x150.jpeg 150w, https:\/\/www.conferencecannabis.ca\/wp-content\/uploads\/2024\/05\/1709156099840-300x300.jpeg 300w, https:\/\/www.conferencecannabis.ca\/wp-content\/uploads\/2024\/05\/1709156099840-400x400.jpeg 400w, https:\/\/www.conferencecannabis.ca\/wp-content\/uploads\/2024\/05\/1709156099840-100x100.jpeg 100w, https:\/\/www.conferencecannabis.ca\/wp-content\/uploads\/2024\/05\/1709156099840.jpeg 500w\" sizes=\"(max-width: 150px) 100vw, 150px\" \/><\/a>                                        <div class=\"tooltipster-speaker-content\">\n                                            <div class=\"name\">Gordon Dobrindt<\/div>\n                                            <div class=\"job\">Director Quality Systems at Steris<\/div>\n                                        <\/div>\n                                    <\/div>\n                                                                    <div class=\"item-image tooltipster-wrap\">\n                                        <a href=\"https:\/\/www.conferencecannabis.ca\/en\/speakers\/dave-terranova\/\"><img loading=\"lazy\" decoding=\"async\" width=\"150\" height=\"150\" src=\"https:\/\/www.conferencecannabis.ca\/wp-content\/uploads\/2024\/05\/Dave-Terranova-150x150.jpg\" class=\"attachment-thumbnail size-thumbnail wp-post-image\" alt=\"\" srcset=\"https:\/\/www.conferencecannabis.ca\/wp-content\/uploads\/2024\/05\/Dave-Terranova-150x150.jpg 150w, https:\/\/www.conferencecannabis.ca\/wp-content\/uploads\/2024\/05\/Dave-Terranova-400x400.jpg 400w, https:\/\/www.conferencecannabis.ca\/wp-content\/uploads\/2024\/05\/Dave-Terranova-100x100.jpg 100w\" sizes=\"(max-width: 150px) 100vw, 150px\" \/><\/a>                                        <div class=\"tooltipster-speaker-content\">\n                                            <div class=\"name\">Dave Terranova<\/div>\n                                            <div class=\"job\">Senior Director, Plant Operations at Steris<\/div>\n                                        <\/div>\n                                    <\/div>\n                                                                    <div class=\"item-image tooltipster-wrap\">\n                                        <a href=\"https:\/\/www.conferencecannabis.ca\/en\/speakers\/sandra-mcallister\/\"><img loading=\"lazy\" decoding=\"async\" width=\"150\" height=\"150\" src=\"https:\/\/www.conferencecannabis.ca\/wp-content\/uploads\/2024\/05\/1675606835384-150x150.jpeg\" class=\"attachment-thumbnail size-thumbnail wp-post-image\" alt=\"\" srcset=\"https:\/\/www.conferencecannabis.ca\/wp-content\/uploads\/2024\/05\/1675606835384-150x150.jpeg 150w, https:\/\/www.conferencecannabis.ca\/wp-content\/uploads\/2024\/05\/1675606835384-300x300.jpeg 300w, https:\/\/www.conferencecannabis.ca\/wp-content\/uploads\/2024\/05\/1675606835384-400x400.jpeg 400w, https:\/\/www.conferencecannabis.ca\/wp-content\/uploads\/2024\/05\/1675606835384-100x100.jpeg 100w, https:\/\/www.conferencecannabis.ca\/wp-content\/uploads\/2024\/05\/1675606835384.jpeg 500w\" sizes=\"(max-width: 150px) 100vw, 150px\" \/><\/a>                                        <div class=\"tooltipster-speaker-content\">\n                                            <div class=\"name\">Sandra McAllister<\/div>\n                                            <div class=\"job\">Manager, Operations II at Steris<\/div>\n                                        <\/div>\n                                    <\/div>\n                                                                    <div class=\"item-image tooltipster-wrap\">\n                                        <a href=\"https:\/\/www.conferencecannabis.ca\/en\/speakers\/don-haney\/\"><img loading=\"lazy\" decoding=\"async\" width=\"150\" height=\"150\" src=\"https:\/\/www.conferencecannabis.ca\/wp-content\/uploads\/2024\/05\/1542240861098-150x150.jpeg\" class=\"attachment-thumbnail size-thumbnail wp-post-image\" alt=\"\" srcset=\"https:\/\/www.conferencecannabis.ca\/wp-content\/uploads\/2024\/05\/1542240861098-150x150.jpeg 150w, https:\/\/www.conferencecannabis.ca\/wp-content\/uploads\/2024\/05\/1542240861098-300x300.jpeg 300w, https:\/\/www.conferencecannabis.ca\/wp-content\/uploads\/2024\/05\/1542240861098-400x400.jpeg 400w, https:\/\/www.conferencecannabis.ca\/wp-content\/uploads\/2024\/05\/1542240861098-100x100.jpeg 100w, https:\/\/www.conferencecannabis.ca\/wp-content\/uploads\/2024\/05\/1542240861098.jpeg 500w\" sizes=\"(max-width: 150px) 100vw, 150px\" \/><\/a>                                        <div class=\"tooltipster-speaker-content\">\n                                            <div class=\"name\">Don Haney<\/div>\n                                            <div class=\"job\">Plant Manager II at Steris<\/div>\n                                        <\/div>\n                                    <\/div>\n                                                                    <div class=\"item-image tooltipster-wrap\">\n                                        <a href=\"https:\/\/www.conferencecannabis.ca\/en\/speakers\/richard-lapsley\/\"><img loading=\"lazy\" decoding=\"async\" width=\"150\" height=\"150\" src=\"https:\/\/www.conferencecannabis.ca\/wp-content\/uploads\/2024\/05\/1676384656537-1-150x150.jpeg\" class=\"attachment-thumbnail size-thumbnail wp-post-image\" alt=\"\" srcset=\"https:\/\/www.conferencecannabis.ca\/wp-content\/uploads\/2024\/05\/1676384656537-1-150x150.jpeg 150w, https:\/\/www.conferencecannabis.ca\/wp-content\/uploads\/2024\/05\/1676384656537-1-300x300.jpeg 300w, https:\/\/www.conferencecannabis.ca\/wp-content\/uploads\/2024\/05\/1676384656537-1-400x400.jpeg 400w, https:\/\/www.conferencecannabis.ca\/wp-content\/uploads\/2024\/05\/1676384656537-1-100x100.jpeg 100w, https:\/\/www.conferencecannabis.ca\/wp-content\/uploads\/2024\/05\/1676384656537-1.jpeg 500w\" sizes=\"(max-width: 150px) 100vw, 150px\" \/><\/a>                                        <div class=\"tooltipster-speaker-content\">\n                                            <div class=\"name\">Richard Lapsley<\/div>\n                                            <div class=\"job\">Territory Account Manager at Steris<\/div>\n                                        <\/div>\n                                    <\/div>\n                                                                    <div class=\"item-image tooltipster-wrap\">\n                                        <a href=\"https:\/\/www.conferencecannabis.ca\/en\/speakers\/steris\/\"><img loading=\"lazy\" decoding=\"async\" width=\"150\" height=\"150\" src=\"https:\/\/www.conferencecannabis.ca\/wp-content\/uploads\/2024\/04\/steris_corporation_logo-150x150.jpeg\" class=\"attachment-thumbnail size-thumbnail wp-post-image\" alt=\"\" srcset=\"https:\/\/www.conferencecannabis.ca\/wp-content\/uploads\/2024\/04\/steris_corporation_logo-150x150.jpeg 150w, https:\/\/www.conferencecannabis.ca\/wp-content\/uploads\/2024\/04\/steris_corporation_logo-100x100.jpeg 100w, https:\/\/www.conferencecannabis.ca\/wp-content\/uploads\/2024\/04\/steris_corporation_logo.jpeg 200w\" sizes=\"(max-width: 150px) 100vw, 150px\" \/><\/a>                                        <div class=\"tooltipster-speaker-content\">\n                                            <div class=\"name\">Steris AST<\/div>\n                                            <div class=\"job\"><\/div>\n                                        <\/div>\n                                    <\/div>\n                                                            <\/div>\n                                                    <div class=\"description-schedules\"><p>As an agricultural product, cannabis, including its seeds, can be exposed to contamination with pathogenic fungi, bacteria, yeast, and mold during growing, drying, packaging, and delivery, which poses health risks for consumers. Radiation technologies such as gamma and electron beam (E-beam) irradiation are commonly used treatment methods to address many of the safety concerns with cannabis. In this presentation, we will discuss irradiation effects on cannabis including the benefits and risks of not irradiating cannabis products, the similarities and differences of E-beam and gamma processing, exporting product and requirements to the EU, and a brief summary of new irradiation facilities in Canada.<\/p>\n<\/div>\n                                                    <div class=\"button-schedules\"><i class=\"opal-icon-times\"><\/i><\/div>\n                                            <\/div>\n                <\/div>\n            <\/div>\n                        <div class=\"schedules-item\">\n                <div class=\"item-schedules_items\">\n\n                    <div class=\"item-meta\">\n                        <div class=\"time-schedules\">\n                            <span class=\"time-schedules-icon\"><i class=\"opal-icon-clock2\"><\/i><\/span>\n                            <span>\n                            0 h 00 min - 0 h 00 min                            <\/span>\n                        <\/div>\n                                                    <div class=\"location-schedules\">\n                                <span><i class=\"opal-icon-map-marker-alt\"><\/i><\/span><span>Main room<\/span>\n                            <\/div>\n                                                                            <div class=\"author-schedules\">\n                                <span class=\"author-schedules-icon\"><i class=\"opal-icon-microphone-alt\"><\/i><\/span>\n                                <span class=\"author-schedules-group\">\n                                    <span>By <\/span>                                    <a href=\"https:\/\/www.conferencecannabis.ca\/en\/speakers\/karine-thibault\/\">Karine Thibault (SQDPI)<\/a>                                <\/span>\n                                                            <\/div>\n                                            <\/div>\n\n                    <div class=\"item-wrapper\">\n                                                <h3 class=\"title-schedules\">11h30 AM - Supplying Quebec&#039;s industrial plant sector: from agriculture to industry<\/h3>\n                                                    <div class=\"item-image-wrapper\">\n                                                                    <div class=\"item-image tooltipster-wrap\">\n                                        <a href=\"https:\/\/www.conferencecannabis.ca\/en\/speakers\/karine-thibault\/\"><img loading=\"lazy\" decoding=\"async\" width=\"150\" height=\"150\" src=\"https:\/\/www.conferencecannabis.ca\/wp-content\/uploads\/2024\/06\/Karine-Thibault-haute-resolution-2021-150x150.jpg\" class=\"attachment-thumbnail size-thumbnail wp-post-image\" alt=\"\" srcset=\"https:\/\/www.conferencecannabis.ca\/wp-content\/uploads\/2024\/06\/Karine-Thibault-haute-resolution-2021-150x150.jpg 150w, https:\/\/www.conferencecannabis.ca\/wp-content\/uploads\/2024\/06\/Karine-Thibault-haute-resolution-2021-400x400.jpg 400w, https:\/\/www.conferencecannabis.ca\/wp-content\/uploads\/2024\/06\/Karine-Thibault-haute-resolution-2021-100x100.jpg 100w\" sizes=\"(max-width: 150px) 100vw, 150px\" \/><\/a>                                        <div class=\"tooltipster-speaker-content\">\n                                            <div class=\"name\">Karine Thibault (SQDPI)<\/div>\n                                            <div class=\"job\">General Manager, Interplantes Strategic Advisor - Ecomaterials Sector, MRC des Sources Collaborator, Soci\u00e9t\u00e9 qu\u00e9b\u00e9coise de d\u00e9veloppement des plantes industrielles<\/div>\n                                        <\/div>\n                                    <\/div>\n                                                            <\/div>\n                                                    <div class=\"description-schedules\"><p>Let's explore the many potentials of the industrial plant value chain, mainly through cannabis' colleague, industrial hemp. We'll take a look at this ecosystem of innovation and entrepreneurial research and development that has been developing over the last ten years in Quebec with biobased materials. What are the challenges and advances, from the field to 1st and 2nd transformation?<\/p>\n<p>Industrial plants are plants that are primarily intended for manufacturing processing. They have non-food applications in fields such as construction materials, polymer processing (plastics incorporating biobased fibers), technical textiles, packaging, cosmetics, biofuels, etc.<\/p>\n<p>Converging interests are emerging, both among manufacturers who want to source eco-responsible, renewable, local and low-carbon materials, and among agricultural producers who want to increase crop rotation potential and diversify their income.<\/p>\n<p>Our objectives are to increase the sector's economic value by increasing the number of products marketed using bio-sourced materials, to strengthen the supply of industrial plants, and to ensure better consultation and collaboration between the various stakeholders in this value chain in order to rally the strengths and complementarity of networks.<\/p>\n<\/div>\n                                                    <div class=\"button-schedules\"><i class=\"opal-icon-times\"><\/i><\/div>\n                                            <\/div>\n                <\/div>\n            <\/div>\n                        <div class=\"schedules-item\">\n                <div class=\"item-schedules_items\">\n\n                    <div class=\"item-meta\">\n                        <div class=\"time-schedules\">\n                            <span class=\"time-schedules-icon\"><i class=\"opal-icon-clock2\"><\/i><\/span>\n                            <span>\n                            0 h 00 min - 0 h 00 min                            <\/span>\n                        <\/div>\n                                                    <div class=\"location-schedules\">\n                                <span><i class=\"opal-icon-map-marker-alt\"><\/i><\/span><span>Foyer<\/span>\n                            <\/div>\n                                                                            <div class=\"author-schedules\">\n                                <span class=\"author-schedules-icon\"><i class=\"opal-icon-microphone-alt\"><\/i><\/span>\n                                <span class=\"author-schedules-group\">\n                                    <span>By <\/span>                                    <a href=\"https:\/\/www.conferencecannabis.ca\/en\/speakers\/origine-nature\/\">Origine Nature<\/a>                                <\/span>\n                                                            <\/div>\n                                            <\/div>\n\n                    <div class=\"item-wrapper\">\n                                                <h3 class=\"title-schedules\">12h00 PM - Networking Lunch<\/h3>\n                                                    <div class=\"item-image-wrapper\">\n                                                                    <div class=\"item-image tooltipster-wrap\">\n                                        <a href=\"https:\/\/www.conferencecannabis.ca\/en\/speakers\/origine-nature\/\"><img loading=\"lazy\" decoding=\"async\" width=\"150\" height=\"150\" src=\"https:\/\/www.conferencecannabis.ca\/wp-content\/uploads\/2024\/04\/images-3-150x150.jpeg\" class=\"attachment-thumbnail size-thumbnail wp-post-image\" alt=\"\" srcset=\"https:\/\/www.conferencecannabis.ca\/wp-content\/uploads\/2024\/04\/images-3-150x150.jpeg 150w, https:\/\/www.conferencecannabis.ca\/wp-content\/uploads\/2024\/04\/images-3-100x100.jpeg 100w\" sizes=\"(max-width: 150px) 100vw, 150px\" \/><\/a>                                        <div class=\"tooltipster-speaker-content\">\n                                            <div class=\"name\">Origine Nature<\/div>\n                                            <div class=\"job\"><\/div>\n                                        <\/div>\n                                    <\/div>\n                                                            <\/div>\n                                                    <div class=\"description-schedules\"><p>Presented by:<\/p>\n<\/div>\n                                                    <div class=\"button-schedules\"><i class=\"opal-icon-times\"><\/i><\/div>\n                                            <\/div>\n                <\/div>\n            <\/div>\n                        <div class=\"schedules-item\">\n                <div class=\"item-schedules_items\">\n\n                    <div class=\"item-meta\">\n                        <div class=\"time-schedules\">\n                            <span class=\"time-schedules-icon\"><i class=\"opal-icon-clock2\"><\/i><\/span>\n                            <span>\n                            0 h 00 min - 0 h 00 min                            <\/span>\n                        <\/div>\n                                                    <div class=\"location-schedules\">\n                                <span><i class=\"opal-icon-map-marker-alt\"><\/i><\/span><span>Main room<\/span>\n                            <\/div>\n                                                                            <div class=\"author-schedules\">\n                                <span class=\"author-schedules-icon\"><i class=\"opal-icon-microphone-alt\"><\/i><\/span>\n                                <span class=\"author-schedules-group\">\n                                    <span>By <\/span>                                    <a href=\"https:\/\/www.conferencecannabis.ca\/en\/speakers\/michel-boucher\/\">Michel Boucher<\/a>                                <\/span>\n                                                            <\/div>\n                                            <\/div>\n\n                    <div class=\"item-wrapper\">\n                                                <h3 class=\"title-schedules\">1h20 PM - GS1&#039;s role in the cannabis industry<\/h3>\n                                                    <div class=\"item-image-wrapper\">\n                                                                    <div class=\"item-image tooltipster-wrap\">\n                                        <a href=\"https:\/\/www.conferencecannabis.ca\/en\/speakers\/michel-boucher\/\"><img loading=\"lazy\" decoding=\"async\" width=\"150\" height=\"150\" src=\"https:\/\/www.conferencecannabis.ca\/wp-content\/uploads\/2024\/05\/1650655420143-2-150x150.jpeg\" class=\"attachment-thumbnail size-thumbnail wp-post-image\" alt=\"\" srcset=\"https:\/\/www.conferencecannabis.ca\/wp-content\/uploads\/2024\/05\/1650655420143-2-150x150.jpeg 150w, https:\/\/www.conferencecannabis.ca\/wp-content\/uploads\/2024\/05\/1650655420143-2-300x300.jpeg 300w, https:\/\/www.conferencecannabis.ca\/wp-content\/uploads\/2024\/05\/1650655420143-2-400x398.jpeg 400w, https:\/\/www.conferencecannabis.ca\/wp-content\/uploads\/2024\/05\/1650655420143-2-100x100.jpeg 100w, https:\/\/www.conferencecannabis.ca\/wp-content\/uploads\/2024\/05\/1650655420143-2.jpeg 500w\" sizes=\"(max-width: 150px) 100vw, 150px\" \/><\/a>                                        <div class=\"tooltipster-speaker-content\">\n                                            <div class=\"name\">Michel Boucher<\/div>\n                                            <div class=\"job\">Vice President Community Engagement & Strategic Partnership at GS1 Canada<\/div>\n                                        <\/div>\n                                    <\/div>\n                                                            <\/div>\n                                                    <div class=\"description-schedules\"><p>Review GS1 Canada's role in the various industries and review what we've accomplished based on the demands of the cannabis industry.<\/p>\n<\/div>\n                                                    <div class=\"button-schedules\"><i class=\"opal-icon-times\"><\/i><\/div>\n                                            <\/div>\n                <\/div>\n            <\/div>\n                        <div class=\"schedules-item\">\n                <div class=\"item-schedules_items\">\n\n                    <div class=\"item-meta\">\n                        <div class=\"time-schedules\">\n                            <span class=\"time-schedules-icon\"><i class=\"opal-icon-clock2\"><\/i><\/span>\n                            <span>\n                            0 h 00 min - 0 h 00 min                            <\/span>\n                        <\/div>\n                                                    <div class=\"location-schedules\">\n                                <span><i class=\"opal-icon-map-marker-alt\"><\/i><\/span><span>Main room<\/span>\n                            <\/div>\n                                                                            <div class=\"author-schedules\">\n                                <span class=\"author-schedules-icon\"><i class=\"opal-icon-microphone-alt\"><\/i><\/span>\n                                <span class=\"author-schedules-group\">\n                                    <span>By <\/span>                                    <a href=\"https:\/\/www.conferencecannabis.ca\/en\/speakers\/annabelle-st-pierre-m-sc\/\">Annabelle St-Pierre, M.Sc.<\/a><a href=\"https:\/\/www.conferencecannabis.ca\/en\/speakers\/nathalie-dube\/\">Nathalie Dub\u00e9<\/a><a href=\"https:\/\/www.conferencecannabis.ca\/en\/speakers\/alexandre-gauthier-2\/\">Alexandre Gauthier<\/a>                                <\/span>\n                                                            <\/div>\n                                            <\/div>\n\n                    <div class=\"item-wrapper\">\n                                                <h3 class=\"title-schedules\">1h50 PM - Exploring the possibilities of a circular economy for a sustainable, environmentally-friendly cannabis industry<\/h3>\n                                                    <div class=\"item-image-wrapper\">\n                                                                    <div class=\"item-image tooltipster-wrap\">\n                                        <a href=\"https:\/\/www.conferencecannabis.ca\/en\/speakers\/annabelle-st-pierre-m-sc\/\"><img loading=\"lazy\" decoding=\"async\" width=\"150\" height=\"150\" src=\"https:\/\/www.conferencecannabis.ca\/wp-content\/uploads\/2024\/05\/Portraits-3-Copie-1-1-150x150.jpg\" class=\"attachment-thumbnail size-thumbnail wp-post-image\" alt=\"\" srcset=\"https:\/\/www.conferencecannabis.ca\/wp-content\/uploads\/2024\/05\/Portraits-3-Copie-1-1-150x150.jpg 150w, https:\/\/www.conferencecannabis.ca\/wp-content\/uploads\/2024\/05\/Portraits-3-Copie-1-1-400x400.jpg 400w, https:\/\/www.conferencecannabis.ca\/wp-content\/uploads\/2024\/05\/Portraits-3-Copie-1-1-100x100.jpg 100w\" sizes=\"(max-width: 150px) 100vw, 150px\" \/><\/a>                                        <div class=\"tooltipster-speaker-content\">\n                                            <div class=\"name\">Annabelle St-Pierre, M.Sc.<\/div>\n                                            <div class=\"job\">Researcher at Innofibre<\/div>\n                                        <\/div>\n                                    <\/div>\n                                                                    <div class=\"item-image tooltipster-wrap\">\n                                        <a href=\"https:\/\/www.conferencecannabis.ca\/en\/speakers\/nathalie-dube\/\"><img loading=\"lazy\" decoding=\"async\" width=\"150\" height=\"150\" src=\"https:\/\/www.conferencecannabis.ca\/wp-content\/uploads\/2024\/05\/Image-150x150.jpeg\" class=\"attachment-thumbnail size-thumbnail wp-post-image\" alt=\"\" srcset=\"https:\/\/www.conferencecannabis.ca\/wp-content\/uploads\/2024\/05\/Image-150x150.jpeg 150w, https:\/\/www.conferencecannabis.ca\/wp-content\/uploads\/2024\/05\/Image-298x300.jpeg 298w, https:\/\/www.conferencecannabis.ca\/wp-content\/uploads\/2024\/05\/Image-400x403.jpeg 400w, https:\/\/www.conferencecannabis.ca\/wp-content\/uploads\/2024\/05\/Image-100x100.jpeg 100w, https:\/\/www.conferencecannabis.ca\/wp-content\/uploads\/2024\/05\/Image.jpeg 496w\" sizes=\"(max-width: 150px) 100vw, 150px\" \/><\/a>                                        <div class=\"tooltipster-speaker-content\">\n                                            <div class=\"name\">Nathalie Dub\u00e9<\/div>\n                                            <div class=\"job\">QA Specialist \/ R&D Specialist at Origine Nature<\/div>\n                                        <\/div>\n                                    <\/div>\n                                                                    <div class=\"item-image tooltipster-wrap\">\n                                        <a href=\"https:\/\/www.conferencecannabis.ca\/en\/speakers\/alexandre-gauthier-2\/\"><img loading=\"lazy\" decoding=\"async\" width=\"150\" height=\"150\" src=\"https:\/\/www.conferencecannabis.ca\/wp-content\/uploads\/2024\/05\/ORIGINE-NATURE_12-02-21_0188-Edit-1-150x150.jpg\" class=\"attachment-thumbnail size-thumbnail wp-post-image\" alt=\"\" srcset=\"https:\/\/www.conferencecannabis.ca\/wp-content\/uploads\/2024\/05\/ORIGINE-NATURE_12-02-21_0188-Edit-1-150x150.jpg 150w, https:\/\/www.conferencecannabis.ca\/wp-content\/uploads\/2024\/05\/ORIGINE-NATURE_12-02-21_0188-Edit-1-300x300.jpg 300w, https:\/\/www.conferencecannabis.ca\/wp-content\/uploads\/2024\/05\/ORIGINE-NATURE_12-02-21_0188-Edit-1-400x400.jpg 400w, https:\/\/www.conferencecannabis.ca\/wp-content\/uploads\/2024\/05\/ORIGINE-NATURE_12-02-21_0188-Edit-1-100x100.jpg 100w, https:\/\/www.conferencecannabis.ca\/wp-content\/uploads\/2024\/05\/ORIGINE-NATURE_12-02-21_0188-Edit-1.jpg 500w\" sizes=\"(max-width: 150px) 100vw, 150px\" \/><\/a>                                        <div class=\"tooltipster-speaker-content\">\n                                            <div class=\"name\">Alexandre Gauthier<\/div>\n                                            <div class=\"job\">VP R&D - Director of Cultivation at Origine Nature<\/div>\n                                        <\/div>\n                                    <\/div>\n                                                            <\/div>\n                                                    <div class=\"description-schedules\"><\/div>\n                                                    <div class=\"button-schedules\"><i class=\"opal-icon-times\"><\/i><\/div>\n                                            <\/div>\n                <\/div>\n            <\/div>\n                        <div class=\"schedules-item\">\n                <div class=\"item-schedules_items\">\n\n                    <div class=\"item-meta\">\n                        <div class=\"time-schedules\">\n                            <span class=\"time-schedules-icon\"><i class=\"opal-icon-clock2\"><\/i><\/span>\n                            <span>\n                            0 h 00 min - 0 h 00 min                            <\/span>\n                        <\/div>\n                                                    <div class=\"location-schedules\">\n                                <span><i class=\"opal-icon-map-marker-alt\"><\/i><\/span><span>Foyer<\/span>\n                            <\/div>\n                                                                            <div class=\"author-schedules\">\n                                <span class=\"author-schedules-icon\"><i class=\"opal-icon-microphone-alt\"><\/i><\/span>\n                                <span class=\"author-schedules-group\">\n                                    <span>By <\/span>                                    <a href=\"https:\/\/www.conferencecannabis.ca\/en\/speakers\/cielo-verde\/\">Cielo Verde<\/a>                                <\/span>\n                                                            <\/div>\n                                            <\/div>\n\n                    <div class=\"item-wrapper\">\n                                                <h3 class=\"title-schedules\">2h30 PM - Coffee break, networking and kiosks<\/h3>\n                                                    <div class=\"item-image-wrapper\">\n                                                                    <div class=\"item-image tooltipster-wrap\">\n                                        <a href=\"https:\/\/www.conferencecannabis.ca\/en\/speakers\/cielo-verde\/\"><img loading=\"lazy\" decoding=\"async\" width=\"150\" height=\"150\" src=\"https:\/\/www.conferencecannabis.ca\/wp-content\/uploads\/2024\/04\/1638901868417-150x150.jpeg\" class=\"attachment-thumbnail size-thumbnail wp-post-image\" alt=\"\" srcset=\"https:\/\/www.conferencecannabis.ca\/wp-content\/uploads\/2024\/04\/1638901868417-150x150.jpeg 150w, https:\/\/www.conferencecannabis.ca\/wp-content\/uploads\/2024\/04\/1638901868417-100x100.jpeg 100w, https:\/\/www.conferencecannabis.ca\/wp-content\/uploads\/2024\/04\/1638901868417.jpeg 200w\" sizes=\"(max-width: 150px) 100vw, 150px\" \/><\/a>                                        <div class=\"tooltipster-speaker-content\">\n                                            <div class=\"name\">Cielo Verde<\/div>\n                                            <div class=\"job\"><\/div>\n                                        <\/div>\n                                    <\/div>\n                                                            <\/div>\n                                                    <div class=\"description-schedules\"><p>Presented by:<\/p>\n<\/div>\n                                                    <div class=\"button-schedules\"><i class=\"opal-icon-times\"><\/i><\/div>\n                                            <\/div>\n                <\/div>\n            <\/div>\n                        <div class=\"schedules-item\">\n                <div class=\"item-schedules_items\">\n\n                    <div class=\"item-meta\">\n                        <div class=\"time-schedules\">\n                            <span class=\"time-schedules-icon\"><i class=\"opal-icon-clock2\"><\/i><\/span>\n                            <span>\n                            0 h 00 min - 0 h 00 min                            <\/span>\n                        <\/div>\n                                                    <div class=\"location-schedules\">\n                                <span><i class=\"opal-icon-map-marker-alt\"><\/i><\/span><span>Main room<\/span>\n                            <\/div>\n                                                                            <div class=\"author-schedules\">\n                                <span class=\"author-schedules-icon\"><i class=\"opal-icon-microphone-alt\"><\/i><\/span>\n                                <span class=\"author-schedules-group\">\n                                    <span>By <\/span>                                    <a href=\"https:\/\/www.conferencecannabis.ca\/en\/speakers\/eliane-brunet-perron\/\">\u00c9liane Brunet-Perron<\/a><a href=\"https:\/\/www.conferencecannabis.ca\/en\/speakers\/alexandre-ouellet\/\">Alexandre Ouellet<\/a>                                <\/span>\n                                                            <\/div>\n                                            <\/div>\n\n                    <div class=\"item-wrapper\">\n                                                <h3 class=\"title-schedules\">3h00 PM - How to do business with the SQDC<\/h3>\n                                                    <div class=\"item-image-wrapper\">\n                                                                    <div class=\"item-image tooltipster-wrap\">\n                                        <a href=\"https:\/\/www.conferencecannabis.ca\/en\/speakers\/eliane-brunet-perron\/\"><img loading=\"lazy\" decoding=\"async\" width=\"150\" height=\"150\" src=\"https:\/\/www.conferencecannabis.ca\/wp-content\/uploads\/2024\/05\/Image-1-150x150.jpg\" class=\"attachment-thumbnail size-thumbnail wp-post-image\" alt=\"\" srcset=\"https:\/\/www.conferencecannabis.ca\/wp-content\/uploads\/2024\/05\/Image-1-150x150.jpg 150w, https:\/\/www.conferencecannabis.ca\/wp-content\/uploads\/2024\/05\/Image-1-300x300.jpg 300w, https:\/\/www.conferencecannabis.ca\/wp-content\/uploads\/2024\/05\/Image-1-400x400.jpg 400w, https:\/\/www.conferencecannabis.ca\/wp-content\/uploads\/2024\/05\/Image-1-100x100.jpg 100w, https:\/\/www.conferencecannabis.ca\/wp-content\/uploads\/2024\/05\/Image-1.jpg 500w\" sizes=\"(max-width: 150px) 100vw, 150px\" \/><\/a>                                        <div class=\"tooltipster-speaker-content\">\n                                            <div class=\"name\">\u00c9liane Brunet-Perron<\/div>\n                                            <div class=\"job\">Analyst go to market at the SQDC<\/div>\n                                        <\/div>\n                                    <\/div>\n                                                                    <div class=\"item-image tooltipster-wrap\">\n                                        <a href=\"https:\/\/www.conferencecannabis.ca\/en\/speakers\/alexandre-ouellet\/\"><img loading=\"lazy\" decoding=\"async\" width=\"150\" height=\"150\" src=\"https:\/\/www.conferencecannabis.ca\/wp-content\/uploads\/2024\/05\/68A9278-150x150.jpg\" class=\"attachment-thumbnail size-thumbnail wp-post-image\" alt=\"\" srcset=\"https:\/\/www.conferencecannabis.ca\/wp-content\/uploads\/2024\/05\/68A9278-150x150.jpg 150w, https:\/\/www.conferencecannabis.ca\/wp-content\/uploads\/2024\/05\/68A9278-400x400.jpg 400w, https:\/\/www.conferencecannabis.ca\/wp-content\/uploads\/2024\/05\/68A9278-100x100.jpg 100w\" sizes=\"(max-width: 150px) 100vw, 150px\" \/><\/a>                                        <div class=\"tooltipster-speaker-content\">\n                                            <div class=\"name\">Alexandre Ouellet<\/div>\n                                            <div class=\"job\">Director Supply Chain at the SQDC<\/div>\n                                        <\/div>\n                                    <\/div>\n                                                            <\/div>\n                                                    <div class=\"description-schedules\"><\/div>\n                                                    <div class=\"button-schedules\"><i class=\"opal-icon-times\"><\/i><\/div>\n                                            <\/div>\n                <\/div>\n            <\/div>\n                        <div class=\"schedules-item\">\n                <div class=\"item-schedules_items\">\n\n                    <div class=\"item-meta\">\n                        <div class=\"time-schedules\">\n                            <span class=\"time-schedules-icon\"><i class=\"opal-icon-clock2\"><\/i><\/span>\n                            <span>\n                            0 h 00 min - 0 h 00 min                            <\/span>\n                        <\/div>\n                                                    <div class=\"location-schedules\">\n                                <span><i class=\"opal-icon-map-marker-alt\"><\/i><\/span><span>Main room<\/span>\n                            <\/div>\n                                                                            <div class=\"author-schedules\">\n                                <span class=\"author-schedules-icon\"><i class=\"opal-icon-microphone-alt\"><\/i><\/span>\n                                <span class=\"author-schedules-group\">\n                                    <span>By <\/span>                                    <a href=\"https:\/\/www.conferencecannabis.ca\/en\/speakers\/keven-rousseau\/\">Keven Rousseau<\/a>                                <\/span>\n                                                            <\/div>\n                                            <\/div>\n\n                    <div class=\"item-wrapper\">\n                                                <h3 class=\"title-schedules\">3h30 PM - Be an agent of change: how to choose eco-friendly cannabis packaging<\/h3>\n                                                    <div class=\"item-image-wrapper\">\n                                                                    <div class=\"item-image tooltipster-wrap\">\n                                        <a href=\"https:\/\/www.conferencecannabis.ca\/en\/speakers\/keven-rousseau\/\"><img loading=\"lazy\" decoding=\"async\" width=\"150\" height=\"150\" src=\"https:\/\/www.conferencecannabis.ca\/wp-content\/uploads\/2024\/05\/1575069889136-1-150x150.jpg\" class=\"attachment-thumbnail size-thumbnail wp-post-image\" alt=\"\" srcset=\"https:\/\/www.conferencecannabis.ca\/wp-content\/uploads\/2024\/05\/1575069889136-1-150x150.jpg 150w, https:\/\/www.conferencecannabis.ca\/wp-content\/uploads\/2024\/05\/1575069889136-1-300x300.jpg 300w, https:\/\/www.conferencecannabis.ca\/wp-content\/uploads\/2024\/05\/1575069889136-1-400x400.jpg 400w, https:\/\/www.conferencecannabis.ca\/wp-content\/uploads\/2024\/05\/1575069889136-1-100x100.jpg 100w, https:\/\/www.conferencecannabis.ca\/wp-content\/uploads\/2024\/05\/1575069889136-1.jpg 500w\" sizes=\"(max-width: 150px) 100vw, 150px\" \/><\/a>                                        <div class=\"tooltipster-speaker-content\">\n                                            <div class=\"name\">Keven Rousseau<\/div>\n                                            <div class=\"job\">Social Responsibility Advisor at the SQDC<\/div>\n                                        <\/div>\n                                    <\/div>\n                                                            <\/div>\n                                                    <div class=\"description-schedules\"><\/div>\n                                                    <div class=\"button-schedules\"><i class=\"opal-icon-times\"><\/i><\/div>\n                                            <\/div>\n                <\/div>\n            <\/div>\n                        <div class=\"schedules-item\">\n                <div class=\"item-schedules_items\">\n\n                    <div class=\"item-meta\">\n                        <div class=\"time-schedules\">\n                            <span class=\"time-schedules-icon\"><i class=\"opal-icon-clock2\"><\/i><\/span>\n                            <span>\n                            0 h 00 min - 0 h 00 min                            <\/span>\n                        <\/div>\n                                                    <div class=\"location-schedules\">\n                                <span><i class=\"opal-icon-map-marker-alt\"><\/i><\/span><span>Main room<\/span>\n                            <\/div>\n                                                                            <div class=\"author-schedules\">\n                                <span class=\"author-schedules-icon\"><i class=\"opal-icon-microphone-alt\"><\/i><\/span>\n                                <span class=\"author-schedules-group\">\n                                    <span>By <\/span>                                    <a href=\"https:\/\/www.conferencecannabis.ca\/en\/speakers\/suzanne-bergeron\/\">Suzanne Bergeron<\/a><a href=\"https:\/\/www.conferencecannabis.ca\/en\/speakers\/genevieve-giroux\/\">Genevi\u00e8ve Giroux<\/a>                                <\/span>\n                                                            <\/div>\n                                            <\/div>\n\n                    <div class=\"item-wrapper\">\n                                                <h3 class=\"title-schedules\">4h PM - Supplier meeting with the SQDC<\/h3>\n                                                    <div class=\"item-image-wrapper\">\n                                                                    <div class=\"item-image tooltipster-wrap\">\n                                        <a href=\"https:\/\/www.conferencecannabis.ca\/en\/speakers\/suzanne-bergeron\/\"><img loading=\"lazy\" decoding=\"async\" width=\"150\" height=\"150\" src=\"https:\/\/www.conferencecannabis.ca\/wp-content\/uploads\/2024\/05\/SQDC_RapportAnnuel24_1548-e1715959780695-150x150.jpg\" class=\"attachment-thumbnail size-thumbnail wp-post-image\" alt=\"\" srcset=\"https:\/\/www.conferencecannabis.ca\/wp-content\/uploads\/2024\/05\/SQDC_RapportAnnuel24_1548-e1715959780695-150x150.jpg 150w, https:\/\/www.conferencecannabis.ca\/wp-content\/uploads\/2024\/05\/SQDC_RapportAnnuel24_1548-e1715959780695-300x300.jpg 300w, https:\/\/www.conferencecannabis.ca\/wp-content\/uploads\/2024\/05\/SQDC_RapportAnnuel24_1548-e1715959780695-400x400.jpg 400w, https:\/\/www.conferencecannabis.ca\/wp-content\/uploads\/2024\/05\/SQDC_RapportAnnuel24_1548-e1715959780695-100x100.jpg 100w, https:\/\/www.conferencecannabis.ca\/wp-content\/uploads\/2024\/05\/SQDC_RapportAnnuel24_1548-e1715959780695.jpg 500w\" sizes=\"(max-width: 150px) 100vw, 150px\" \/><\/a>                                        <div class=\"tooltipster-speaker-content\">\n                                            <div class=\"name\">Suzanne Bergeron<\/div>\n                                            <div class=\"job\">President and CEO at the SQDC<\/div>\n                                        <\/div>\n                                    <\/div>\n                                                                    <div class=\"item-image tooltipster-wrap\">\n                                        <a href=\"https:\/\/www.conferencecannabis.ca\/en\/speakers\/genevieve-giroux\/\"><img loading=\"lazy\" decoding=\"async\" width=\"150\" height=\"150\" src=\"https:\/\/www.conferencecannabis.ca\/wp-content\/uploads\/2024\/05\/SQDC_PortraitGenevieveGiroux_0101-2-150x150.jpg\" class=\"attachment-thumbnail size-thumbnail wp-post-image\" alt=\"\" srcset=\"https:\/\/www.conferencecannabis.ca\/wp-content\/uploads\/2024\/05\/SQDC_PortraitGenevieveGiroux_0101-2-150x150.jpg 150w, https:\/\/www.conferencecannabis.ca\/wp-content\/uploads\/2024\/05\/SQDC_PortraitGenevieveGiroux_0101-2-400x400.jpg 400w, https:\/\/www.conferencecannabis.ca\/wp-content\/uploads\/2024\/05\/SQDC_PortraitGenevieveGiroux_0101-2-100x100.jpg 100w\" sizes=\"(max-width: 150px) 100vw, 150px\" \/><\/a>                                        <div class=\"tooltipster-speaker-content\">\n                                            <div class=\"name\">Genevi\u00e8ve Giroux<\/div>\n                                            <div class=\"job\">Vice-President Supply Chain and Go to Market<\/div>\n                                        <\/div>\n                                    <\/div>\n                                                            <\/div>\n                                                    <div class=\"description-schedules\"><\/div>\n                                                    <div class=\"button-schedules\"><i class=\"opal-icon-times\"><\/i><\/div>\n                                            <\/div>\n                <\/div>\n            <\/div>\n                        <div class=\"schedules-item\">\n                <div class=\"item-schedules_items\">\n\n                    <div class=\"item-meta\">\n                        <div class=\"time-schedules\">\n                            <span class=\"time-schedules-icon\"><i class=\"opal-icon-clock2\"><\/i><\/span>\n                            <span>\n                                                        <\/span>\n                        <\/div>\n                                                    <div class=\"location-schedules\">\n                                <span><i class=\"opal-icon-map-marker-alt\"><\/i><\/span><span>Foyer<\/span>\n                            <\/div>\n                                                                            <div class=\"author-schedules\">\n                                <span class=\"author-schedules-icon\"><i class=\"opal-icon-microphone-alt\"><\/i><\/span>\n                                <span class=\"author-schedules-group\">\n                                    <span>By <\/span>                                    <a href=\"https:\/\/www.conferencecannabis.ca\/en\/speakers\/steris\/\">Steris AST<\/a>                                <\/span>\n                                                            <\/div>\n                                            <\/div>\n\n                    <div class=\"item-wrapper\">\n                                                <h3 class=\"title-schedules\">5h15 PM - Conference closing cocktail<\/h3>\n                                                    <div class=\"item-image-wrapper\">\n                                                                    <div class=\"item-image tooltipster-wrap\">\n                                        <a href=\"https:\/\/www.conferencecannabis.ca\/en\/speakers\/steris\/\"><img loading=\"lazy\" decoding=\"async\" width=\"150\" height=\"150\" src=\"https:\/\/www.conferencecannabis.ca\/wp-content\/uploads\/2024\/04\/steris_corporation_logo-150x150.jpeg\" class=\"attachment-thumbnail size-thumbnail wp-post-image\" alt=\"\" srcset=\"https:\/\/www.conferencecannabis.ca\/wp-content\/uploads\/2024\/04\/steris_corporation_logo-150x150.jpeg 150w, https:\/\/www.conferencecannabis.ca\/wp-content\/uploads\/2024\/04\/steris_corporation_logo-100x100.jpeg 100w, https:\/\/www.conferencecannabis.ca\/wp-content\/uploads\/2024\/04\/steris_corporation_logo.jpeg 200w\" sizes=\"(max-width: 150px) 100vw, 150px\" \/><\/a>                                        <div class=\"tooltipster-speaker-content\">\n                                            <div class=\"name\">Steris AST<\/div>\n                                            <div class=\"job\"><\/div>\n                                        <\/div>\n                                    <\/div>\n                                                            <\/div>\n                                                    <div class=\"description-schedules\"><p>Presented by:<\/p>\n<\/div>\n                                                    <div class=\"button-schedules\"><i class=\"opal-icon-times\"><\/i><\/div>\n                                            <\/div>\n                <\/div>\n            <\/div>\n                                        <\/div>\n                                            <\/div>\n                        <\/div>\n        \t\t\t\t<\/div>\n\t\t\t\t<\/div>\n\t\t\t\t\t<\/div>\n\t\t<\/div>\n\t\t\t\t\t<\/div>\n\t\t<\/section>\n\t\t\t\t<section class=\"elementor-section elementor-top-section elementor-element elementor-element-055cf8d elementor-section-boxed elementor-section-height-default elementor-section-height-default\" data-id=\"055cf8d\" data-element_type=\"section\" data-e-type=\"section\">\n\t\t\t\t\t\t<div class=\"elementor-container elementor-column-gap-default\">\n\t\t\t\t\t<div class=\"elementor-column elementor-col-100 elementor-top-column elementor-element elementor-element-aa267ca\" data-id=\"aa267ca\" data-element_type=\"column\" data-e-type=\"column\">\n\t\t\t<div class=\"elementor-widget-wrap elementor-element-populated\">\n\t\t\t\t\t\t<div class=\"elementor-element elementor-element-ac585a8 elementor-button-primary elementor-align-center elementor-widget elementor-widget-button\" data-id=\"ac585a8\" data-element_type=\"widget\" data-e-type=\"widget\" data-widget_type=\"button.default\">\n\t\t\t\t<div class=\"elementor-widget-container\">\n\t\t\t\t\t        <div class=\"elementor-button-wrapper\">\n            <a href=\"https:\/\/www.conferencecannabis.ca\/en\/who-we-are\/\" class=\"elementor-button-link elementor-button elementor-size-lg\" role=\"button\">\n                \t\t<span class=\"elementor-button-content-wrapper\">\n\t\t\t\t\t\t<span class=\"elementor-button-icon\">\n\t\t\t\t\t\t\t\t\t<i class=\"opal-icon-money-check\" aria-hidden=\"true\"><\/i>\n\t\t\t\t\t\t\t<\/span>\n\t\t\t\t\t\t\t\t\t<span class=\"elementor-button-text\">TICKETS<\/span>\n\t\t\t\t\t<\/span>\n\t\t            <\/a>\n        <\/div>\n        \t\t\t\t<\/div>\n\t\t\t\t<\/div>\n\t\t\t\t<div class=\"elementor-element elementor-element-46c0833 elementor-widget elementor-widget-text-editor\" data-id=\"46c0833\" data-element_type=\"widget\" data-e-type=\"widget\" data-widget_type=\"text-editor.default\">\n\t\t\t\t<div class=\"elementor-widget-container\">\n\t\t\t\t\t        <div class=\"elementor-text-editor elementor-clearfix\"><h5 style=\"font-weight: 400;\"><strong><u>***This program is preliminary and subject to change according to participants&#8217; confirmations.***<\/u><\/strong><\/h5><p style=\"font-weight: 400;\">This event is poised to not only facilitate communications between provincial oversight bodies and wholesale distributors but also to enrich professional networks with cannabis decision makers and licensed producers. The location also provides an unforgettable experience in one of Canada&#8217;s most picturesque cities.<\/p><p style=\"font-weight: 400;\">We eagerly anticipate your presence in Quebec City, where industry synergy and cultural exploration await!<\/p><p style=\"font-weight: 400;\">\u00a0<\/p><\/div>\n        \t\t\t\t<\/div>\n\t\t\t\t<\/div>\n\t\t\t\t\t<\/div>\n\t\t<\/div>\n\t\t\t\t\t<\/div>\n\t\t<\/section>\n\t\t\t\t<\/div>\n\t\t","protected":false},"excerpt":{"rendered":"<p>The conference will be held in French and English. Simultaneous translation services will be available on site. June 12 &amp; 13 PROGRAM Presented by: Canadian Cannabis Conference 2024 &#8211; Day 1 12\/06\/2024 0 h 00 min &#8211; 0 h 00 min By Sonia Isabel Conference hosted by Sonia Isabel Commercial &#038; Operations Leader 0 h &hellip; <span class=\"more-link-wrap\"><a href=\"https:\/\/www.conferencecannabis.ca\/en\/event\/day-1\/\" class=\"more-link\">Read More <span class=\"screen-reader-text\"> &#8220;AM  conference&#8221;<\/span><\/a><\/span><\/p>\n","protected":false},"author":11,"featured_media":4920,"parent":0,"menu_order":0,"comment_status":"closed","ping_status":"closed","template":"","meta":{"inline_featured_image":false,"footnotes":""},"class_list":["post-7666","page","type-page","status-publish","has-post-thumbnail","hentry"],"yoast_head":"<!-- This site is optimized with the Yoast SEO plugin v27.1.1 - https:\/\/yoast.com\/product\/yoast-seo-wordpress\/ -->\n<title>5th Canadian Cannabis Conference in Quebec - May 16th, 2024<\/title>\n<meta name=\"description\" content=\"The cannabis industry 5 years after: What&#039;s next? International? \u2013 May 16th 2024 at Hotel Plaza Quebec\" \/>\n<meta name=\"robots\" content=\"index, follow, max-snippet:-1, max-image-preview:large, max-video-preview:-1\" \/>\n<link rel=\"canonical\" href=\"https:\/\/www.conferencecannabis.ca\/en\/program\/\" \/>\n<meta property=\"og:locale\" content=\"en_US\" \/>\n<meta property=\"og:type\" content=\"article\" \/>\n<meta property=\"og:title\" content=\"2023 Canadian Cannabis Conference in Quebec\" \/>\n<meta property=\"og:description\" content=\"Demystifying cannabinoids: the view of industry experts. May 18th 2023 Conference at Hotel Plaza Quebec\" \/>\n<meta property=\"og:url\" content=\"https:\/\/www.conferencecannabis.ca\/en\/program\/\" \/>\n<meta property=\"og:site_name\" content=\"Conf\u00e9rence canadienne sur le cannabis\" \/>\n<meta property=\"article:publisher\" content=\"https:\/\/www.facebook.com\/Conf%c3%a9rence-canadienne-sur-le-cannabis-103896734329729\/\" \/>\n<meta property=\"og:image\" content=\"https:\/\/www.conferencecannabis.ca\/wp-content\/uploads\/2023\/08\/conference-canadienne-sur-le-cannabis-2023-1200x630-1.png\" \/>\n\t<meta property=\"og:image:width\" content=\"1200\" \/>\n\t<meta property=\"og:image:height\" content=\"630\" \/>\n\t<meta property=\"og:image:type\" content=\"image\/png\" \/>\n<meta name=\"twitter:card\" content=\"summary_large_image\" \/>\n<meta name=\"twitter:title\" content=\"2023 Canadian Cannabis Conference in Quebec\" \/>\n<meta name=\"twitter:description\" content=\"Demystifying cannabinoids: the view of industry experts. May 18th 2023 Conference at Hotel Plaza Quebec\" \/>\n<meta name=\"twitter:image\" content=\"https:\/\/www.conferencecannabis.ca\/wp-content\/uploads\/2023\/08\/conference-canadienne-sur-le-cannabis-2023-1200x630-1.png\" \/>\n<meta name=\"twitter:label1\" content=\"Est. reading time\" \/>\n\t<meta name=\"twitter:data1\" content=\"16 minutes\" \/>\n<script type=\"application\/ld+json\" class=\"yoast-schema-graph\">{\"@context\":\"https:\/\/schema.org\",\"@graph\":[{\"@type\":\"WebPage\",\"@id\":\"https:\/\/www.conferencecannabis.ca\/en\/program\/\",\"url\":\"https:\/\/www.conferencecannabis.ca\/en\/program\/\",\"name\":\"5th Canadian Cannabis Conference in Quebec - May 16th, 2024\",\"isPartOf\":{\"@id\":\"https:\/\/www.conferencecannabis.ca\/en\/#website\"},\"primaryImageOfPage\":{\"@id\":\"https:\/\/www.conferencecannabis.ca\/en\/program\/#primaryimage\"},\"image\":{\"@id\":\"https:\/\/www.conferencecannabis.ca\/en\/program\/#primaryimage\"},\"thumbnailUrl\":\"https:\/\/www.conferencecannabis.ca\/wp-content\/uploads\/2023\/02\/vignette-conference-2023-500.jpg\",\"datePublished\":\"2024-05-28T19:52:41+00:00\",\"description\":\"The cannabis industry 5 years after: What's next? International? \u2013 May 16th 2024 at Hotel Plaza Quebec\",\"breadcrumb\":{\"@id\":\"https:\/\/www.conferencecannabis.ca\/en\/program\/#breadcrumb\"},\"inLanguage\":\"en-US\",\"potentialAction\":[{\"@type\":\"ReadAction\",\"target\":[\"https:\/\/www.conferencecannabis.ca\/en\/program\/\"]}]},{\"@type\":\"ImageObject\",\"inLanguage\":\"en-US\",\"@id\":\"https:\/\/www.conferencecannabis.ca\/en\/program\/#primaryimage\",\"url\":\"https:\/\/www.conferencecannabis.ca\/wp-content\/uploads\/2023\/02\/vignette-conference-2023-500.jpg\",\"contentUrl\":\"https:\/\/www.conferencecannabis.ca\/wp-content\/uploads\/2023\/02\/vignette-conference-2023-500.jpg\",\"width\":500,\"height\":500,\"caption\":\"Le 18 mai 2023 \u00e0 l'Hotel Plaza Qu\u00e9bec, le rendez-vous annuel incontournable de l'industrie du cannabis\"},{\"@type\":\"BreadcrumbList\",\"@id\":\"https:\/\/www.conferencecannabis.ca\/en\/program\/#breadcrumb\",\"itemListElement\":[{\"@type\":\"ListItem\",\"position\":1,\"name\":\"Accueil\",\"item\":\"https:\/\/www.conferencecannabis.ca\/en\/\"},{\"@type\":\"ListItem\",\"position\":2,\"name\":\"Program\"}]},{\"@type\":\"WebSite\",\"@id\":\"https:\/\/www.conferencecannabis.ca\/en\/#website\",\"url\":\"https:\/\/www.conferencecannabis.ca\/en\/\",\"name\":\"Conf\u00e9rence canadienne sur le cannabis\",\"description\":\"Un \u00e9v\u00e8nement phare sur les derni\u00e8res avanc\u00e9es scientifique en mati\u00e8re de cannabis\",\"publisher\":{\"@id\":\"https:\/\/www.conferencecannabis.ca\/en\/#organization\"},\"potentialAction\":[{\"@type\":\"SearchAction\",\"target\":{\"@type\":\"EntryPoint\",\"urlTemplate\":\"https:\/\/www.conferencecannabis.ca\/en\/?s={search_term_string}\"},\"query-input\":{\"@type\":\"PropertyValueSpecification\",\"valueRequired\":true,\"valueName\":\"search_term_string\"}}],\"inLanguage\":\"en-US\"},{\"@type\":\"Organization\",\"@id\":\"https:\/\/www.conferencecannabis.ca\/en\/#organization\",\"name\":\"Conf\u00e9rence canadienne sur le cannabis\",\"url\":\"https:\/\/www.conferencecannabis.ca\/en\/\",\"logo\":{\"@type\":\"ImageObject\",\"inLanguage\":\"en-US\",\"@id\":\"https:\/\/www.conferencecannabis.ca\/en\/#\/schema\/logo\/image\/\",\"url\":\"https:\/\/www.conferencecannabis.ca\/wp-content\/uploads\/2019\/07\/logo-cannabis-couleur-2.svg\",\"contentUrl\":\"https:\/\/www.conferencecannabis.ca\/wp-content\/uploads\/2019\/07\/logo-cannabis-couleur-2.svg\",\"width\":1,\"height\":1,\"caption\":\"Conf\u00e9rence canadienne sur le cannabis\"},\"image\":{\"@id\":\"https:\/\/www.conferencecannabis.ca\/en\/#\/schema\/logo\/image\/\"},\"sameAs\":[\"https:\/\/www.facebook.com\/Conf\u00e9rence-canadienne-sur-le-cannabis-103896734329729\/\"]}]}<\/script>\n<!-- \/ Yoast SEO plugin. -->","yoast_head_json":{"title":"5th Canadian Cannabis Conference in Quebec - May 16th, 2024","description":"The cannabis industry 5 years after: What's next? International? \u2013 May 16th 2024 at Hotel Plaza Quebec","robots":{"index":"index","follow":"follow","max-snippet":"max-snippet:-1","max-image-preview":"max-image-preview:large","max-video-preview":"max-video-preview:-1"},"canonical":"https:\/\/www.conferencecannabis.ca\/en\/program\/","og_locale":"en_US","og_type":"article","og_title":"2023 Canadian Cannabis Conference in Quebec","og_description":"Demystifying cannabinoids: the view of industry experts. May 18th 2023 Conference at Hotel Plaza Quebec","og_url":"https:\/\/www.conferencecannabis.ca\/en\/program\/","og_site_name":"Conf\u00e9rence canadienne sur le cannabis","article_publisher":"https:\/\/www.facebook.com\/Conf%c3%a9rence-canadienne-sur-le-cannabis-103896734329729\/","og_image":[{"width":1200,"height":630,"url":"https:\/\/www.conferencecannabis.ca\/wp-content\/uploads\/2023\/08\/conference-canadienne-sur-le-cannabis-2023-1200x630-1.png","type":"image\/png"}],"twitter_card":"summary_large_image","twitter_title":"2023 Canadian Cannabis Conference in Quebec","twitter_description":"Demystifying cannabinoids: the view of industry experts. May 18th 2023 Conference at Hotel Plaza Quebec","twitter_image":"https:\/\/www.conferencecannabis.ca\/wp-content\/uploads\/2023\/08\/conference-canadienne-sur-le-cannabis-2023-1200x630-1.png","twitter_misc":{"Est. reading time":"16 minutes"},"schema":{"@context":"https:\/\/schema.org","@graph":[{"@type":"WebPage","@id":"https:\/\/www.conferencecannabis.ca\/en\/program\/","url":"https:\/\/www.conferencecannabis.ca\/en\/program\/","name":"5th Canadian Cannabis Conference in Quebec - May 16th, 2024","isPartOf":{"@id":"https:\/\/www.conferencecannabis.ca\/en\/#website"},"primaryImageOfPage":{"@id":"https:\/\/www.conferencecannabis.ca\/en\/program\/#primaryimage"},"image":{"@id":"https:\/\/www.conferencecannabis.ca\/en\/program\/#primaryimage"},"thumbnailUrl":"https:\/\/www.conferencecannabis.ca\/wp-content\/uploads\/2023\/02\/vignette-conference-2023-500.jpg","datePublished":"2024-05-28T19:52:41+00:00","description":"The cannabis industry 5 years after: What's next? International? \u2013 May 16th 2024 at Hotel Plaza Quebec","breadcrumb":{"@id":"https:\/\/www.conferencecannabis.ca\/en\/program\/#breadcrumb"},"inLanguage":"en-US","potentialAction":[{"@type":"ReadAction","target":["https:\/\/www.conferencecannabis.ca\/en\/program\/"]}]},{"@type":"ImageObject","inLanguage":"en-US","@id":"https:\/\/www.conferencecannabis.ca\/en\/program\/#primaryimage","url":"https:\/\/www.conferencecannabis.ca\/wp-content\/uploads\/2023\/02\/vignette-conference-2023-500.jpg","contentUrl":"https:\/\/www.conferencecannabis.ca\/wp-content\/uploads\/2023\/02\/vignette-conference-2023-500.jpg","width":500,"height":500,"caption":"Le 18 mai 2023 \u00e0 l'Hotel Plaza Qu\u00e9bec, le rendez-vous annuel incontournable de l'industrie du cannabis"},{"@type":"BreadcrumbList","@id":"https:\/\/www.conferencecannabis.ca\/en\/program\/#breadcrumb","itemListElement":[{"@type":"ListItem","position":1,"name":"Accueil","item":"https:\/\/www.conferencecannabis.ca\/en\/"},{"@type":"ListItem","position":2,"name":"Program"}]},{"@type":"WebSite","@id":"https:\/\/www.conferencecannabis.ca\/en\/#website","url":"https:\/\/www.conferencecannabis.ca\/en\/","name":"Conf\u00e9rence canadienne sur le cannabis","description":"Un \u00e9v\u00e8nement phare sur les derni\u00e8res avanc\u00e9es scientifique en mati\u00e8re de cannabis","publisher":{"@id":"https:\/\/www.conferencecannabis.ca\/en\/#organization"},"potentialAction":[{"@type":"SearchAction","target":{"@type":"EntryPoint","urlTemplate":"https:\/\/www.conferencecannabis.ca\/en\/?s={search_term_string}"},"query-input":{"@type":"PropertyValueSpecification","valueRequired":true,"valueName":"search_term_string"}}],"inLanguage":"en-US"},{"@type":"Organization","@id":"https:\/\/www.conferencecannabis.ca\/en\/#organization","name":"Conf\u00e9rence canadienne sur le cannabis","url":"https:\/\/www.conferencecannabis.ca\/en\/","logo":{"@type":"ImageObject","inLanguage":"en-US","@id":"https:\/\/www.conferencecannabis.ca\/en\/#\/schema\/logo\/image\/","url":"https:\/\/www.conferencecannabis.ca\/wp-content\/uploads\/2019\/07\/logo-cannabis-couleur-2.svg","contentUrl":"https:\/\/www.conferencecannabis.ca\/wp-content\/uploads\/2019\/07\/logo-cannabis-couleur-2.svg","width":1,"height":1,"caption":"Conf\u00e9rence canadienne sur le cannabis"},"image":{"@id":"https:\/\/www.conferencecannabis.ca\/en\/#\/schema\/logo\/image\/"},"sameAs":["https:\/\/www.facebook.com\/Conf\u00e9rence-canadienne-sur-le-cannabis-103896734329729\/"]}]}},"_links":{"self":[{"href":"https:\/\/www.conferencecannabis.ca\/en\/wp-json\/wp\/v2\/pages\/7666","targetHints":{"allow":["GET"]}}],"collection":[{"href":"https:\/\/www.conferencecannabis.ca\/en\/wp-json\/wp\/v2\/pages"}],"about":[{"href":"https:\/\/www.conferencecannabis.ca\/en\/wp-json\/wp\/v2\/types\/page"}],"author":[{"embeddable":true,"href":"https:\/\/www.conferencecannabis.ca\/en\/wp-json\/wp\/v2\/users\/11"}],"replies":[{"embeddable":true,"href":"https:\/\/www.conferencecannabis.ca\/en\/wp-json\/wp\/v2\/comments?post=7666"}],"version-history":[{"count":1,"href":"https:\/\/www.conferencecannabis.ca\/en\/wp-json\/wp\/v2\/pages\/7666\/revisions"}],"predecessor-version":[{"id":7668,"href":"https:\/\/www.conferencecannabis.ca\/en\/wp-json\/wp\/v2\/pages\/7666\/revisions\/7668"}],"wp:featuredmedia":[{"embeddable":true,"href":"https:\/\/www.conferencecannabis.ca\/en\/wp-json\/wp\/v2\/media\/4920"}],"wp:attachment":[{"href":"https:\/\/www.conferencecannabis.ca\/en\/wp-json\/wp\/v2\/media?parent=7666"}],"curies":[{"name":"wp","href":"https:\/\/api.w.org\/{rel}","templated":true}]}}